{"id":69933,"date":"2025-09-22T12:13:59","date_gmt":"2025-09-22T12:13:59","guid":{"rendered":"https:\/\/beta.oando.pt\/property\/exclusivo-virado-a-sul-com-vista-para-o-mar-res-do-chao-apartamento-t2-no-res-do-chao-com-jardim\/"},"modified":"2026-05-01T12:58:47","modified_gmt":"2026-05-01T12:58:47","slug":"exclusivo-virado-a-sul-com-vista-para-o-mar-res-do-chao-apartamento-t2-no-res-do-chao-com-jardim","status":"publish","type":"property","link":"https:\/\/oando.pt\/pt-pt\/property\/exclusivo-virado-a-sul-com-vista-para-o-mar-res-do-chao-apartamento-t2-no-res-do-chao-com-jardim\/","title":{"rendered":"Exclusivo &#8211; Virado a sul com vista para o mar, r\u00e9s-do-ch\u00e3o, apartamento T2 no r\u00e9s-do-ch\u00e3o com jardim"},"content":{"rendered":"<p>Excelente apartamento geminado virado a sul, com 2 quartos, 2 casas de banho, situado num dos dois quarteir\u00f5es com vista para as piscinas e campos de padel dos Waterside Gardens, situado no centro da Praia da Luz, a apenas 5 minutos a p\u00e9 da excelente praia e passeio pedonal.<\/p>\n<p>A entrada para a propriedade \u00e9 atrav\u00e9s de um port\u00e3o privado seguro para a porta principal, a acomoda\u00e7\u00e3o em um andar consiste em: cozinha totalmente equipada com arco \/ bar de caf\u00e9 da manh\u00e3, sala de estar \/ jantar com janelas duplas deslizantes francesas para o terra\u00e7o coberto voltado para o sul e degraus que levam ao jardim e \u00e1rea de churrasco. Quarto principal virado a sul com roupeiros embutidos, casa de banho privativa e janelas francesas deslizantes para o terra\u00e7o privado com vista para o mar sobre o Oceano Atl\u00e2ntico. quarto traseiro com roupeiros embutidos e casa de banho separada. A propriedade tamb\u00e9m beneficia de persianas de seguran\u00e7a, \u00e1gua da rede\/esgotos\/g\u00e1s, liga\u00e7\u00e3o \u00e0 internet. O condom\u00ednio do quarteir\u00e3o \u00e9 bem administrado e razo\u00e1vel.<\/p>\n<p>Este apartamento espa\u00e7oso, luminoso e arejado pode oferecer um excelente potencial de arrendamento, pode ser ideal para uma casa de f\u00e9rias (como \u00e9 atualmente) ou igualmente adequado para uma vida permanente, tamb\u00e9m \u00e9 ideal para quem n\u00e3o deseja dirigir, pois tudo dentro da aldeia \u00e9 facilmente acess\u00edvel a p\u00e9.  A visualiza\u00e7\u00e3o deste apartamento \u00e9 altamente recomendada e mediante marca\u00e7\u00e3o atrav\u00e9s do nosso escrit\u00f3rio na Praia da Luz.<\/p>\n<p>A Praia da Luz \u00e9 uma vila popular, situada no extremo oeste do Algarve e fica perto de Lagos (6km), a antiga capital do Algarve, com a sua Marina internacional e ruas de paralelep\u00edpedos. Tem f\u00e1cil acesso ao aeroporto internacional de Faro a aproximadamente 1 hora de dist\u00e2ncia na principal autoestrada A22 algarve no cruzamento 1.<\/p>\n","protected":false},"excerpt":{"rendered":"<p>Exclusivo para O e O &#8211; Excelente virado a sul, 2 quartos 2 casas de banho t\u00e9rreo, apartamento geminado com vista para o mar, situado num dos dois blocos com vista para as piscinas e campos de padel dos Jardins \u00e0 Beira-Mar situados no centro da Praia da Luz. A propriedade tamb\u00e9m tem o benef\u00edcio adicional de seu pr\u00f3prio jardim gramado artificial espa\u00e7oso, privativo e com \u00e1rea coberta para churrasco.<\/p>\n","protected":false},"author":1,"featured_media":69900,"parent":0,"menu_order":0,"template":"","property_type":[3724],"property_status":[],"property_feature":[2517,2738,2739,2593,2592,2521,2512,2491,2662,2496,2661,2515,2519,2631,2645,2497,2675,2674,2511,2671,2672,2595],"property_label":[3948],"property_country":[194],"property_state":[88],"property_city":[86],"property_area":[111],"class_list":["post-69933","property","type-property","status-publish","has-post-thumbnail","hentry","property_type-apartamento","property_feature-agua-da-rede","property_feature-ano-construcao-1991","property_feature-certificacao-energetica-d","property_feature-com-bom-rendimento","property_feature-condominio-fechado","property_feature-cozinha-equipada","property_feature-elevador","property_feature-equipped-kitchen","property_feature-grelhador-exterior","property_feature-internet-ready","property_feature-jardim","property_feature-porta-de-seguranca","property_feature-roupeiros","property_feature-sea-view-yes","property_feature-storage","property_feature-terrace-balcony","property_feature-totalmente-vedada","property_feature-vista-vista-jardim","property_feature-vista-vista-mar","property_feature-vista-vista-piscina","property_feature-vista-vista-urbanizacao","property_feature-vista-vista-vila","property_label-exclusive","property_country-portugal","property_state-faro","property_city-lagos","property_area-praia-da-luz"],"aioseo_notices":[],"property_meta":{"_imported_ref_1759743462":["4213"],"_property_import_data":["{\n    \"id\": 4213,\n    \"businessType\": \"Sale\",\n    \"businessTypeLocale\": \"For sale\",\n    \"type\": \"Apartment\",\n    \"typeLocale\": \"Apartment\",\n    \"condition_type\": \"Used\",\n    \"conditionTypeLocale\": \"Used\",\n    \"features_list\": [\n        \"Built year: 1991\",\n        \"Private condominium\",\n        \"Views: Sea views\",\n        \"Good rental income\",\n        \"Elevator\",\n        \"Security door\",\n        \"Views: Pool view\",\n        \"Views: Village view\",\n        \"Views: Urbanization view\",\n        \"Energetic certification: D\",\n        \"Mains water\",\n        \"Views: Garden view\",\n        \"Fully fenced\",\n        \"Parking\",\n        \"Storage\",\n        \"Equipped Kitchen\",\n        \"Garden\",\n        \"BBQ\",\n        \"Terrace\/Balcony\",\n        \"Sea View: yes\",\n        \"Fitted wardrobes\",\n        \"Equipped kitchen\",\n        \"Internet  Ready\"\n    ],\n    \"currency\": \"u20ac\",\n    \"status\": \"Active\",\n    \"energy_rating\": \"D\",\n    \"locale\": [\n        {\n            \"language\": \"en\",\n            \"labels\": [\n                {\n                    \"id\": 5,\n                    \"text\": \"Exclusive\",\n                    \"backgroundColor\": \"#ffffff\",\n                    \"foregroundColor\": \"#000000\"\n                }\n            ],\n            \"title\": \"Exclusive - South facing with sea views , ground floor, 2 bed ground floor apartment with garden\",\n            \"description\": \"Excellent south facing, 2 bedroom, 2 bathroom  ground floor, semi-detached apartment set within one of the two blocks overlooking the pools and paddle  courts of Waterside  Gardens situated in the very centre of Praia da Luz, with just a 5 minute walk  to the excellent beach and pedestrianised promenade.rnrnEntrance to the property  is through a secure private gate to the principal door, the accommodation over one floor consists of: fully fitted kitchen with archway\/breakfast bar , Sitting\/Dining room with french sliding double  windows to covered  south facing   terrace and steps  leading down to the  Large artificially lawned garden and BBQ area. South facing master bedroom with fitted wardrobes, ensuite shower room and sliding french windows to the  private terrace with sea views  over the Atlantic Ocean.Rear bedroom with fitted wardrobes, and  separate bathroom.The property also benefits from security shutters, mains water\/sewage\/gas, internet connection.The condominium of the block is well run and is reasonable.rnrnThis spacious light and airy apartment could offer superb rental potential, can be ideal for a lock up and leave holiday home (as it is at present) or equally suitable for permanent living, it is also Ideal for anyone not wishing to drive as everything within the village  is easily accessible by foot.  The viewing of this apartment is highly recommended and through appointment through our office in Praia da Luz.rnrnPraia da Luz (beach of light)is a popular village , situated on the western edge of Algarve and is close to Lagos(6km) the old capital of Algarve with its international Marina and cobbled streets. It has easy access to Faro international airport  approximately 1 hour away  on the main A22 algarve highway at junction 1.rnrnRSA100-639rn\",\n            \"short\": \"Exclusive to O and O - Excellent south facing , 2 bed 2 bath ground floor, semi detached apartment with sea views, set within one of the two blocks overlooking the pools and paddle courts  of  Waterside Gardens situated  in the very centre of Praia da Luz. The property also has the added benefit of its own spacious , private, artificial lawned  garden  with covered BBQ area.\",\n            \"seokeywords\": \"Praia da Luz, Lagos, OandO , Ocean-Country,RSA100-639,Village Centre,Algarve Portugal,Paddle Club Praia da Luz Lagos,Apartment with sea views,ground floor property with garden\"\n        }\n    ],\n    \"location\": {\n        \"Country\": \"Portugal\",\n        \"Region\": \"Faro\",\n        \"City\": \"Lagos\",\n        \"Locality\": \"Luz\",\n        \"InnerLocation\": {\n            \"RegionId\": 66,\n            \"CityId\": 724,\n            \"LocalityId\": 10135,\n            \"Zonename\": \"Praia da Luz\"\n        },\n        \"coordinates\": {\n            \"latitude\": \"37.088397\",\n            \"longitude\": \"-8.731416\"\n        },\n        \"zone\": \"Praia da Luz\",\n        \"address\": \"4 F WATERSIDE GARDENS OCEAN CLUB RUA RAMALHETE PRAIA DA LUZ\",\n        \"zipcode\": \"8600-160\"\n    },\n    \"listing_agent\": [\n        {\n            \"id\": 19,\n            \"Name\": \"Jacqui Holt\",\n            \"Email\": \"jacqui@oando.pt\",\n            \"Phone\": \"+351282768703\",\n            \"Cellphone\": \"+351282768703\",\n            \"Photo\": \"https:\/\/cdn.proppy.app\/propertyphotos\/common\/api\/placeholder.jpg\",\n            \"Locale\": [\n                {\n                    \"language\": \"en\"\n                }\n            ],\n            \"Active\": true,\n            \"IsPrimaryAgent\": true\n        }\n    ],\n    \"priceprefixhelper\": \"EUR\",\n    \"typology\": \"T2\",\n    \"features_list_enum\": [\n        \"PrivateCondominium\",\n        \"FittedWardrobes\",\n        \"SeaViews\",\n        \"Lift\",\n        \"EquippedKitchen\",\n        \"SecurityDoor\",\n        \"MainsWater\"\n    ],\n    \"reference\": \"RSA100-639\",\n    \"visibleOnWebsite\": true,\n    \"bathrooms\": 2,\n    \"bedrooms\": 2,\n    \"construction_year\": 1991,\n    \"price\": 440000,\n    \"second_price\": 0,\n    \"price_visible\": true,\n    \"plot_area\": 187,\n    \"living_area\": 95,\n    \"photos\": [\n        {\n            \"Url\": \"https:\/\/cdn.proppy.app\/propertyphotos\/165\/379864de-4d20-4a75-82e3-004e71c46006\/4213\/a5c609ac-fddf-40e5-b1a1-b4dc57366103.jpg\",\n            \"Category\": \"None\"\n        },\n        {\n            \"Url\": \"https:\/\/cdn.proppy.app\/propertyphotos\/165\/379864de-4d20-4a75-82e3-004e71c46006\/4213\/e60970d9-39f3-4849-8372-35a627307c72.jpg\",\n            \"Category\": \"None\",\n            \"SortOrder\": 1\n        },\n        {\n            \"Url\": \"https:\/\/cdn.proppy.app\/propertyphotos\/165\/379864de-4d20-4a75-82e3-004e71c46006\/4213\/11baad2e-2ff5-4c94-b861-a0efd7dac1e5.jpg\",\n            \"Category\": \"None\",\n            \"SortOrder\": 2\n        },\n        {\n            \"Url\": \"https:\/\/cdn.proppy.app\/propertyphotos\/165\/379864de-4d20-4a75-82e3-004e71c46006\/4213\/4a69d7f4-fce9-4969-89d5-f9f2ed7f6334.jpg\",\n            \"Category\": \"None\",\n            \"SortOrder\": 3\n        },\n        {\n            \"Url\": \"https:\/\/cdn.proppy.app\/propertyphotos\/165\/379864de-4d20-4a75-82e3-004e71c46006\/4213\/b9070ade-a362-466e-aab8-e3d878ad1da9.jpg\",\n            \"Category\": \"None\",\n            \"SortOrder\": 4\n        },\n        {\n            \"Url\": \"https:\/\/cdn.proppy.app\/propertyphotos\/165\/379864de-4d20-4a75-82e3-004e71c46006\/4213\/9da437fb-2022-4dee-a381-995b4b01e124.jpg\",\n            \"Category\": \"None\",\n            \"SortOrder\": 5\n        },\n        {\n            \"Url\": \"https:\/\/cdn.proppy.app\/propertyphotos\/165\/379864de-4d20-4a75-82e3-004e71c46006\/4213\/28bf5405-5a31-4905-9e7b-cfa8bfc7fb70.jpg\",\n            \"Category\": \"None\",\n            \"SortOrder\": 6\n        },\n        {\n            \"Url\": \"https:\/\/cdn.proppy.app\/propertyphotos\/165\/379864de-4d20-4a75-82e3-004e71c46006\/4213\/22a5cfdc-2df9-4af6-a0cb-178104ec6ff4.jpg\",\n            \"Category\": \"None\",\n            \"SortOrder\": 7\n        },\n        {\n            \"Url\": \"https:\/\/cdn.proppy.app\/propertyphotos\/165\/379864de-4d20-4a75-82e3-004e71c46006\/4213\/ccdae30e-08f6-4634-8970-997895573f5e.jpg\",\n            \"Category\": \"None\",\n            \"SortOrder\": 8\n        },\n        {\n            \"Url\": \"https:\/\/cdn.proppy.app\/propertyphotos\/165\/379864de-4d20-4a75-82e3-004e71c46006\/4213\/198cad79-49e3-40dc-99b7-3529881c3a22.jpg\",\n            \"Category\": \"None\",\n            \"SortOrder\": 9\n        },\n        {\n            \"Url\": \"https:\/\/cdn.proppy.app\/propertyphotos\/165\/379864de-4d20-4a75-82e3-004e71c46006\/4213\/3e9a662d-ec1c-4326-ba99-a905a236d9a8.jpg\",\n            \"Category\": \"None\",\n            \"SortOrder\": 10\n        },\n        {\n            \"Url\": \"https:\/\/cdn.proppy.app\/propertyphotos\/165\/379864de-4d20-4a75-82e3-004e71c46006\/4213\/2b232ef2-6257-46d0-9327-937f2b0b45cc.jpg\",\n            \"Category\": \"None\",\n            \"SortOrder\": 11\n        },\n        {\n            \"Url\": \"https:\/\/cdn.proppy.app\/propertyphotos\/165\/379864de-4d20-4a75-82e3-004e71c46006\/4213\/d349e8c8-804c-4e41-a5c1-acb4935b4925.jpg\",\n            \"Category\": \"None\",\n            \"SortOrder\": 12\n        },\n        {\n            \"Url\": \"https:\/\/cdn.proppy.app\/propertyphotos\/165\/379864de-4d20-4a75-82e3-004e71c46006\/4213\/749450d2-1235-4007-b511-ba16c184516c.jpg\",\n            \"Category\": \"None\",\n            \"SortOrder\": 13\n        },\n        {\n            \"Url\": \"https:\/\/cdn.proppy.app\/propertyphotos\/165\/379864de-4d20-4a75-82e3-004e71c46006\/4213\/1a0d010a-2388-45c6-87b4-350d29753503.jpg\",\n            \"Category\": \"None\",\n            \"SortOrder\": 14\n        },\n        {\n            \"Url\": \"https:\/\/cdn.proppy.app\/propertyphotos\/165\/379864de-4d20-4a75-82e3-004e71c46006\/4213\/8d7589e8-7cb8-456f-88fe-7812d703e3fe.png\",\n            \"Category\": \"None\",\n            \"SortOrder\": 15\n        }\n    ],\n    \"widepanorama\": \"https:\/\/tour.giraffe360.com\/d6198534269148babcab9db9272443b2\",\n    \"exclusive\": true,\n    \"createDate\": \"2025-09-22T12:13:59.5\",\n    \"lastChangeDate\": \"2025-10-14T16:02:35.4\",\n    \"preOffMarket\": false,\n    \"_multilingual_data\": {\n        \"base_property\": {\n            \"id\": 4213,\n            \"businessType\": \"Sale\",\n            \"businessTypeLocale\": \"For sale\",\n            \"type\": \"Apartment\",\n            \"typeLocale\": \"Apartment\",\n            \"condition_type\": \"Used\",\n            \"conditionTypeLocale\": \"Used\",\n            \"features_list\": [\n                \"Built year: 1991\",\n                \"Private condominium\",\n                \"Views: Sea views\",\n                \"Good rental income\",\n                \"Elevator\",\n                \"Security door\",\n                \"Views: Pool view\",\n                \"Views: Village view\",\n                \"Views: Urbanization view\",\n                \"Energetic certification: D\",\n                \"Mains water\",\n                \"Views: Garden view\",\n                \"Fully fenced\",\n                \"Parking\",\n                \"Storage\",\n                \"Equipped Kitchen\",\n                \"Garden\",\n                \"BBQ\",\n                \"Terrace\/Balcony\",\n                \"Sea View: yes\",\n                \"Fitted wardrobes\",\n                \"Equipped kitchen\",\n                \"Internet  Ready\"\n            ],\n            \"currency\": \"u20ac\",\n            \"status\": \"Active\",\n            \"energy_rating\": \"D\",\n            \"locale\": [\n                {\n                    \"language\": \"en\",\n                    \"labels\": [\n                        {\n                            \"id\": 5,\n                            \"text\": \"Exclusive\",\n                            \"backgroundColor\": \"#ffffff\",\n                            \"foregroundColor\": \"#000000\"\n                        }\n                    ],\n                    \"title\": \"Exclusive - South facing with sea views , ground floor, 2 bed ground floor apartment with garden\",\n                    \"description\": \"Excellent south facing, 2 bedroom, 2 bathroom  ground floor, semi-detached apartment set within one of the two blocks overlooking the pools and paddle  courts of Waterside  Gardens situated in the very centre of Praia da Luz, with just a 5 minute walk  to the excellent beach and pedestrianised promenade.rnrnEntrance to the property  is through a secure private gate to the principal door, the accommodation over one floor consists of: fully fitted kitchen with archway\/breakfast bar , Sitting\/Dining room with french sliding double  windows to covered  south facing   terrace and steps  leading down to the  Large artificially lawned garden and BBQ area. South facing master bedroom with fitted wardrobes, ensuite shower room and sliding french windows to the  private terrace with sea views  over the Atlantic Ocean.Rear bedroom with fitted wardrobes, and  separate bathroom.The property also benefits from security shutters, mains water\/sewage\/gas, internet connection.The condominium of the block is well run and is reasonable.rnrnThis spacious light and airy apartment could offer superb rental potential, can be ideal for a lock up and leave holiday home (as it is at present) or equally suitable for permanent living, it is also Ideal for anyone not wishing to drive as everything within the village  is easily accessible by foot.  The viewing of this apartment is highly recommended and through appointment through our office in Praia da Luz.rnrnPraia da Luz (beach of light)is a popular village , situated on the western edge of Algarve and is close to Lagos(6km) the old capital of Algarve with its international Marina and cobbled streets. It has easy access to Faro international airport  approximately 1 hour away  on the main A22 algarve highway at junction 1.rnrnRSA100-639rn\",\n                    \"short\": \"Exclusive to O and O - Excellent south facing , 2 bed 2 bath ground floor, semi detached apartment with sea views, set within one of the two blocks overlooking the pools and paddle courts  of  Waterside Gardens situated  in the very centre of Praia da Luz. The property also has the added benefit of its own spacious , private, artificial lawned  garden  with covered BBQ area.\",\n                    \"seokeywords\": \"Praia da Luz, Lagos, OandO , Ocean-Country,RSA100-639,Village Centre,Algarve Portugal,Paddle Club Praia da Luz Lagos,Apartment with sea views,ground floor property with garden\"\n                }\n            ],\n            \"location\": {\n                \"Country\": \"Portugal\",\n                \"Region\": \"Faro\",\n                \"City\": \"Lagos\",\n                \"Locality\": \"Luz\",\n                \"InnerLocation\": {\n                    \"RegionId\": 66,\n                    \"CityId\": 724,\n                    \"LocalityId\": 10135,\n                    \"Zonename\": \"Praia da Luz\"\n                },\n                \"coordinates\": {\n                    \"latitude\": \"37.088397\",\n                    \"longitude\": \"-8.731416\"\n                },\n                \"zone\": \"Praia da Luz\",\n                \"address\": \"4 F WATERSIDE GARDENS OCEAN CLUB RUA RAMALHETE PRAIA DA LUZ\",\n                \"zipcode\": \"8600-160\"\n            },\n            \"listing_agent\": [\n                {\n                    \"id\": 19,\n                    \"Name\": \"Jacqui Holt\",\n                    \"Email\": \"jacqui@oando.pt\",\n                    \"Phone\": \"+351282768703\",\n                    \"Cellphone\": \"+351282768703\",\n                    \"Photo\": \"https:\/\/cdn.proppy.app\/propertyphotos\/common\/api\/placeholder.jpg\",\n                    \"Locale\": [\n                        {\n                            \"language\": \"en\"\n                        }\n                    ],\n                    \"Active\": true,\n                    \"IsPrimaryAgent\": true\n                }\n            ],\n            \"priceprefixhelper\": \"EUR\",\n            \"typology\": \"T2\",\n            \"features_list_enum\": [\n                \"PrivateCondominium\",\n                \"FittedWardrobes\",\n                \"SeaViews\",\n                \"Lift\",\n                \"EquippedKitchen\",\n                \"SecurityDoor\",\n                \"MainsWater\"\n            ],\n            \"reference\": \"RSA100-639\",\n            \"visibleOnWebsite\": true,\n            \"bathrooms\": 2,\n            \"bedrooms\": 2,\n            \"construction_year\": 1991,\n            \"price\": 440000,\n            \"second_price\": 0,\n            \"price_visible\": true,\n            \"plot_area\": 187,\n            \"living_area\": 95,\n            \"photos\": [\n                {\n                    \"Url\": \"https:\/\/cdn.proppy.app\/propertyphotos\/165\/379864de-4d20-4a75-82e3-004e71c46006\/4213\/a5c609ac-fddf-40e5-b1a1-b4dc57366103.jpg\",\n                    \"Category\": \"None\"\n                },\n                {\n                    \"Url\": \"https:\/\/cdn.proppy.app\/propertyphotos\/165\/379864de-4d20-4a75-82e3-004e71c46006\/4213\/e60970d9-39f3-4849-8372-35a627307c72.jpg\",\n                    \"Category\": \"None\",\n                    \"SortOrder\": 1\n                },\n                {\n                    \"Url\": \"https:\/\/cdn.proppy.app\/propertyphotos\/165\/379864de-4d20-4a75-82e3-004e71c46006\/4213\/11baad2e-2ff5-4c94-b861-a0efd7dac1e5.jpg\",\n                    \"Category\": \"None\",\n                    \"SortOrder\": 2\n                },\n                {\n                    \"Url\": \"https:\/\/cdn.proppy.app\/propertyphotos\/165\/379864de-4d20-4a75-82e3-004e71c46006\/4213\/4a69d7f4-fce9-4969-89d5-f9f2ed7f6334.jpg\",\n                    \"Category\": \"None\",\n                    \"SortOrder\": 3\n                },\n                {\n                    \"Url\": \"https:\/\/cdn.proppy.app\/propertyphotos\/165\/379864de-4d20-4a75-82e3-004e71c46006\/4213\/b9070ade-a362-466e-aab8-e3d878ad1da9.jpg\",\n                    \"Category\": \"None\",\n                    \"SortOrder\": 4\n                },\n                {\n                    \"Url\": \"https:\/\/cdn.proppy.app\/propertyphotos\/165\/379864de-4d20-4a75-82e3-004e71c46006\/4213\/9da437fb-2022-4dee-a381-995b4b01e124.jpg\",\n                    \"Category\": \"None\",\n                    \"SortOrder\": 5\n                },\n                {\n                    \"Url\": \"https:\/\/cdn.proppy.app\/propertyphotos\/165\/379864de-4d20-4a75-82e3-004e71c46006\/4213\/28bf5405-5a31-4905-9e7b-cfa8bfc7fb70.jpg\",\n                    \"Category\": \"None\",\n                    \"SortOrder\": 6\n                },\n                {\n                    \"Url\": \"https:\/\/cdn.proppy.app\/propertyphotos\/165\/379864de-4d20-4a75-82e3-004e71c46006\/4213\/22a5cfdc-2df9-4af6-a0cb-178104ec6ff4.jpg\",\n                    \"Category\": \"None\",\n                    \"SortOrder\": 7\n                },\n                {\n                    \"Url\": \"https:\/\/cdn.proppy.app\/propertyphotos\/165\/379864de-4d20-4a75-82e3-004e71c46006\/4213\/ccdae30e-08f6-4634-8970-997895573f5e.jpg\",\n                    \"Category\": \"None\",\n                    \"SortOrder\": 8\n                },\n                {\n                    \"Url\": \"https:\/\/cdn.proppy.app\/propertyphotos\/165\/379864de-4d20-4a75-82e3-004e71c46006\/4213\/198cad79-49e3-40dc-99b7-3529881c3a22.jpg\",\n                    \"Category\": \"None\",\n                    \"SortOrder\": 9\n                },\n                {\n                    \"Url\": \"https:\/\/cdn.proppy.app\/propertyphotos\/165\/379864de-4d20-4a75-82e3-004e71c46006\/4213\/3e9a662d-ec1c-4326-ba99-a905a236d9a8.jpg\",\n                    \"Category\": \"None\",\n                    \"SortOrder\": 10\n                },\n                {\n                    \"Url\": \"https:\/\/cdn.proppy.app\/propertyphotos\/165\/379864de-4d20-4a75-82e3-004e71c46006\/4213\/2b232ef2-6257-46d0-9327-937f2b0b45cc.jpg\",\n                    \"Category\": \"None\",\n                    \"SortOrder\": 11\n                },\n                {\n                    \"Url\": \"https:\/\/cdn.proppy.app\/propertyphotos\/165\/379864de-4d20-4a75-82e3-004e71c46006\/4213\/d349e8c8-804c-4e41-a5c1-acb4935b4925.jpg\",\n                    \"Category\": \"None\",\n                    \"SortOrder\": 12\n                },\n                {\n                    \"Url\": \"https:\/\/cdn.proppy.app\/propertyphotos\/165\/379864de-4d20-4a75-82e3-004e71c46006\/4213\/749450d2-1235-4007-b511-ba16c184516c.jpg\",\n                    \"Category\": \"None\",\n                    \"SortOrder\": 13\n                },\n                {\n                    \"Url\": \"https:\/\/cdn.proppy.app\/propertyphotos\/165\/379864de-4d20-4a75-82e3-004e71c46006\/4213\/1a0d010a-2388-45c6-87b4-350d29753503.jpg\",\n                    \"Category\": \"None\",\n                    \"SortOrder\": 14\n                },\n                {\n                    \"Url\": \"https:\/\/cdn.proppy.app\/propertyphotos\/165\/379864de-4d20-4a75-82e3-004e71c46006\/4213\/8d7589e8-7cb8-456f-88fe-7812d703e3fe.png\",\n                    \"Category\": \"None\",\n                    \"SortOrder\": 15\n                }\n            ],\n            \"widepanorama\": \"https:\/\/tour.giraffe360.com\/d6198534269148babcab9db9272443b2\",\n            \"exclusive\": true,\n            \"createDate\": \"2025-09-22T12:13:59.5\",\n            \"lastChangeDate\": \"2025-10-14T16:02:35.4\",\n            \"preOffMarket\": false\n        },\n        \"translations\": {\n            \"en\": {\n                \"title\": \"Exclusive - South facing with sea views , ground floor, 2 bed ground floor apartment with garden\",\n                \"excerpt\": \"Exclusive to O and O - Excellent south facing , 2 bed 2 bath ground floor, semi detached apartment with sea views, set within one of the two blocks overlooking the pools and paddle courts  of  Waterside Gardens situated  in the very centre of Praia da Luz. The property also has the added benefit of its own spacious , private, artificial lawned  garden  with covered BBQ area.\",\n                \"content\": \"Excellent south facing, 2 bedroom, 2 bathroom  ground floor, semi-detached apartment set within one of the two blocks overlooking the pools and paddle  courts of Waterside  Gardens situated in the very centre of Praia da Luz, with just a 5 minute walk  to the excellent beach and pedestrianised promenade.rnrnEntrance to the property  is through a secure private gate to the principal door, the accommodation over one floor consists of: fully fitted kitchen with archway\/breakfast bar , Sitting\/Dining room with french sliding double  windows to covered  south facing   terrace and steps  leading down to the  Large artificially lawned garden and BBQ area. South facing master bedroom with fitted wardrobes, ensuite shower room and sliding french windows to the  private terrace with sea views  over the Atlantic Ocean.Rear bedroom with fitted wardrobes, and  separate bathroom.The property also benefits from security shutters, mains water\/sewage\/gas, internet connection.The condominium of the block is well run and is reasonable.rnrnThis spacious light and airy apartment could offer superb rental potential, can be ideal for a lock up and leave holiday home (as it is at present) or equally suitable for permanent living, it is also Ideal for anyone not wishing to drive as everything within the village  is easily accessible by foot.  The viewing of this apartment is highly recommended and through appointment through our office in Praia da Luz.rnrnPraia da Luz (beach of light)is a popular village , situated on the western edge of Algarve and is close to Lagos(6km) the old capital of Algarve with its international Marina and cobbled streets. It has easy access to Faro international airport  approximately 1 hour away  on the main A22 algarve highway at junction 1.rnrnRSA100-639rn\",\n                \"api_data\": {\n                    \"id\": 4213,\n                    \"businessType\": \"Sale\",\n                    \"businessTypeLocale\": \"For sale\",\n                    \"type\": \"Apartment\",\n                    \"typeLocale\": \"Apartment\",\n                    \"condition_type\": \"Used\",\n                    \"conditionTypeLocale\": \"Used\",\n                    \"features_list\": [\n                        \"Built year: 1991\",\n                        \"Private condominium\",\n                        \"Views: Sea views\",\n                        \"Good rental income\",\n                        \"Elevator\",\n                        \"Security door\",\n                        \"Views: Pool view\",\n                        \"Views: Village view\",\n                        \"Views: Urbanization view\",\n                        \"Energetic certification: D\",\n                        \"Mains water\",\n                        \"Views: Garden view\",\n                        \"Fully fenced\",\n                        \"Parking\",\n                        \"Storage\",\n                        \"Equipped Kitchen\",\n                        \"Garden\",\n                        \"BBQ\",\n                        \"Terrace\/Balcony\",\n                        \"Sea View: yes\",\n                        \"Fitted wardrobes\",\n                        \"Equipped kitchen\",\n                        \"Internet  Ready\"\n                    ],\n                    \"currency\": \"u20ac\",\n                    \"status\": \"Active\",\n                    \"energy_rating\": \"D\",\n                    \"locale\": [\n                        {\n                            \"language\": \"en\",\n                            \"labels\": [\n                                {\n                                    \"id\": 5,\n                                    \"text\": \"Exclusive\",\n                                    \"backgroundColor\": \"#ffffff\",\n                                    \"foregroundColor\": \"#000000\"\n                                }\n                            ],\n                            \"title\": \"Exclusive - South facing with sea views , ground floor, 2 bed ground floor apartment with garden\",\n                            \"description\": \"Excellent south facing, 2 bedroom, 2 bathroom  ground floor, semi-detached apartment set within one of the two blocks overlooking the pools and paddle  courts of Waterside  Gardens situated in the very centre of Praia da Luz, with just a 5 minute walk  to the excellent beach and pedestrianised promenade.rnrnEntrance to the property  is through a secure private gate to the principal door, the accommodation over one floor consists of: fully fitted kitchen with archway\/breakfast bar , Sitting\/Dining room with french sliding double  windows to covered  south facing   terrace and steps  leading down to the  Large artificially lawned garden and BBQ area. South facing master bedroom with fitted wardrobes, ensuite shower room and sliding french windows to the  private terrace with sea views  over the Atlantic Ocean.Rear bedroom with fitted wardrobes, and  separate bathroom.The property also benefits from security shutters, mains water\/sewage\/gas, internet connection.The condominium of the block is well run and is reasonable.rnrnThis spacious light and airy apartment could offer superb rental potential, can be ideal for a lock up and leave holiday home (as it is at present) or equally suitable for permanent living, it is also Ideal for anyone not wishing to drive as everything within the village  is easily accessible by foot.  The viewing of this apartment is highly recommended and through appointment through our office in Praia da Luz.rnrnPraia da Luz (beach of light)is a popular village , situated on the western edge of Algarve and is close to Lagos(6km) the old capital of Algarve with its international Marina and cobbled streets. It has easy access to Faro international airport  approximately 1 hour away  on the main A22 algarve highway at junction 1.rnrnRSA100-639rn\",\n                            \"short\": \"Exclusive to O and O - Excellent south facing , 2 bed 2 bath ground floor, semi detached apartment with sea views, set within one of the two blocks overlooking the pools and paddle courts  of  Waterside Gardens situated  in the very centre of Praia da Luz. The property also has the added benefit of its own spacious , private, artificial lawned  garden  with covered BBQ area.\",\n                            \"seokeywords\": \"Praia da Luz, Lagos, OandO , Ocean-Country,RSA100-639,Village Centre,Algarve Portugal,Paddle Club Praia da Luz Lagos,Apartment with sea views,ground floor property with garden\"\n                        }\n                    ],\n                    \"location\": {\n                        \"Country\": \"Portugal\",\n                        \"Region\": \"Faro\",\n                        \"City\": \"Lagos\",\n                        \"Locality\": \"Luz\",\n                        \"InnerLocation\": {\n                            \"RegionId\": 66,\n                            \"CityId\": 724,\n                            \"LocalityId\": 10135,\n                            \"Zonename\": \"Praia da Luz\"\n                        },\n                        \"coordinates\": {\n                            \"latitude\": \"37.088397\",\n                            \"longitude\": \"-8.731416\"\n                        },\n                        \"zone\": \"Praia da Luz\",\n                        \"address\": \"4 F WATERSIDE GARDENS OCEAN CLUB RUA RAMALHETE PRAIA DA LUZ\",\n                        \"zipcode\": \"8600-160\"\n                    },\n                    \"listing_agent\": [\n                        {\n                            \"id\": 19,\n                            \"Name\": \"Jacqui Holt\",\n                            \"Email\": \"jacqui@oando.pt\",\n                            \"Phone\": \"+351282768703\",\n                            \"Cellphone\": \"+351282768703\",\n                            \"Photo\": \"https:\/\/cdn.proppy.app\/propertyphotos\/common\/api\/placeholder.jpg\",\n                            \"Locale\": [\n                                {\n                                    \"language\": \"en\"\n                                }\n                            ],\n                            \"Active\": true,\n                            \"IsPrimaryAgent\": true\n                        }\n                    ],\n                    \"priceprefixhelper\": \"EUR\",\n                    \"typology\": \"T2\",\n                    \"features_list_enum\": [\n                        \"PrivateCondominium\",\n                        \"FittedWardrobes\",\n                        \"SeaViews\",\n                        \"Lift\",\n                        \"EquippedKitchen\",\n                        \"SecurityDoor\",\n                        \"MainsWater\"\n                    ],\n                    \"reference\": \"RSA100-639\",\n                    \"visibleOnWebsite\": true,\n                    \"bathrooms\": 2,\n                    \"bedrooms\": 2,\n                    \"construction_year\": 1991,\n                    \"price\": 440000,\n                    \"second_price\": 0,\n                    \"price_visible\": true,\n                    \"plot_area\": 187,\n                    \"living_area\": 95,\n                    \"photos\": [\n                        {\n                            \"Url\": \"https:\/\/cdn.proppy.app\/propertyphotos\/165\/379864de-4d20-4a75-82e3-004e71c46006\/4213\/a5c609ac-fddf-40e5-b1a1-b4dc57366103.jpg\",\n                            \"Category\": \"None\"\n                        },\n                        {\n                            \"Url\": \"https:\/\/cdn.proppy.app\/propertyphotos\/165\/379864de-4d20-4a75-82e3-004e71c46006\/4213\/e60970d9-39f3-4849-8372-35a627307c72.jpg\",\n                            \"Category\": \"None\",\n                            \"SortOrder\": 1\n                        },\n                        {\n                            \"Url\": \"https:\/\/cdn.proppy.app\/propertyphotos\/165\/379864de-4d20-4a75-82e3-004e71c46006\/4213\/11baad2e-2ff5-4c94-b861-a0efd7dac1e5.jpg\",\n                            \"Category\": \"None\",\n                            \"SortOrder\": 2\n                        },\n                        {\n                            \"Url\": \"https:\/\/cdn.proppy.app\/propertyphotos\/165\/379864de-4d20-4a75-82e3-004e71c46006\/4213\/4a69d7f4-fce9-4969-89d5-f9f2ed7f6334.jpg\",\n                            \"Category\": \"None\",\n                            \"SortOrder\": 3\n                        },\n                        {\n                            \"Url\": \"https:\/\/cdn.proppy.app\/propertyphotos\/165\/379864de-4d20-4a75-82e3-004e71c46006\/4213\/b9070ade-a362-466e-aab8-e3d878ad1da9.jpg\",\n                            \"Category\": \"None\",\n                            \"SortOrder\": 4\n                        },\n                        {\n                            \"Url\": \"https:\/\/cdn.proppy.app\/propertyphotos\/165\/379864de-4d20-4a75-82e3-004e71c46006\/4213\/9da437fb-2022-4dee-a381-995b4b01e124.jpg\",\n                            \"Category\": \"None\",\n                            \"SortOrder\": 5\n                        },\n                        {\n                            \"Url\": \"https:\/\/cdn.proppy.app\/propertyphotos\/165\/379864de-4d20-4a75-82e3-004e71c46006\/4213\/28bf5405-5a31-4905-9e7b-cfa8bfc7fb70.jpg\",\n                            \"Category\": \"None\",\n                            \"SortOrder\": 6\n                        },\n                        {\n                            \"Url\": \"https:\/\/cdn.proppy.app\/propertyphotos\/165\/379864de-4d20-4a75-82e3-004e71c46006\/4213\/22a5cfdc-2df9-4af6-a0cb-178104ec6ff4.jpg\",\n                            \"Category\": \"None\",\n                            \"SortOrder\": 7\n                        },\n                        {\n                            \"Url\": \"https:\/\/cdn.proppy.app\/propertyphotos\/165\/379864de-4d20-4a75-82e3-004e71c46006\/4213\/ccdae30e-08f6-4634-8970-997895573f5e.jpg\",\n                            \"Category\": \"None\",\n                            \"SortOrder\": 8\n                        },\n                        {\n                            \"Url\": \"https:\/\/cdn.proppy.app\/propertyphotos\/165\/379864de-4d20-4a75-82e3-004e71c46006\/4213\/198cad79-49e3-40dc-99b7-3529881c3a22.jpg\",\n                            \"Category\": \"None\",\n                            \"SortOrder\": 9\n                        },\n                        {\n                            \"Url\": \"https:\/\/cdn.proppy.app\/propertyphotos\/165\/379864de-4d20-4a75-82e3-004e71c46006\/4213\/3e9a662d-ec1c-4326-ba99-a905a236d9a8.jpg\",\n                            \"Category\": \"None\",\n                            \"SortOrder\": 10\n                        },\n                        {\n                            \"Url\": \"https:\/\/cdn.proppy.app\/propertyphotos\/165\/379864de-4d20-4a75-82e3-004e71c46006\/4213\/2b232ef2-6257-46d0-9327-937f2b0b45cc.jpg\",\n                            \"Category\": \"None\",\n                            \"SortOrder\": 11\n                        },\n                        {\n                            \"Url\": \"https:\/\/cdn.proppy.app\/propertyphotos\/165\/379864de-4d20-4a75-82e3-004e71c46006\/4213\/d349e8c8-804c-4e41-a5c1-acb4935b4925.jpg\",\n                            \"Category\": \"None\",\n                            \"SortOrder\": 12\n                        },\n                        {\n                            \"Url\": \"https:\/\/cdn.proppy.app\/propertyphotos\/165\/379864de-4d20-4a75-82e3-004e71c46006\/4213\/749450d2-1235-4007-b511-ba16c184516c.jpg\",\n                            \"Category\": \"None\",\n                            \"SortOrder\": 13\n                        },\n                        {\n                            \"Url\": \"https:\/\/cdn.proppy.app\/propertyphotos\/165\/379864de-4d20-4a75-82e3-004e71c46006\/4213\/1a0d010a-2388-45c6-87b4-350d29753503.jpg\",\n                            \"Category\": \"None\",\n                            \"SortOrder\": 14\n                        },\n                        {\n                            \"Url\": \"https:\/\/cdn.proppy.app\/propertyphotos\/165\/379864de-4d20-4a75-82e3-004e71c46006\/4213\/8d7589e8-7cb8-456f-88fe-7812d703e3fe.png\",\n                            \"Category\": \"None\",\n                            \"SortOrder\": 15\n                        }\n                    ],\n                    \"widepanorama\": \"https:\/\/tour.giraffe360.com\/d6198534269148babcab9db9272443b2\",\n                    \"exclusive\": true,\n                    \"createDate\": \"2025-09-22T12:13:59.5\",\n                    \"lastChangeDate\": \"2025-10-14T16:02:35.4\",\n                    \"preOffMarket\": false\n                }\n            },\n            \"es\": {\n                \"title\": \"Exclusivo - Orientaciu00f3n sur con vistas al mar, planta baja, apartamento en planta baja de 2 dormitorios con jardu00edn\",\n                \"excerpt\": \"Exclusivo de O and O - Excelente apartamento adosado en planta baja de 2 dormitorios y 2 bau00f1os con orientaciu00f3n sur y vistas al mar, ubicado dentro de uno de los dos bloques con vistas a las piscinas y canchas de pu00e1del de Waterside Gardens, situado en el centro de Praia da Luz. La propiedad tambiu00e9n tiene el beneficio adicional de su propio jardu00edn de cu00e9sped artificial espacioso y privado con u00e1rea de barbacoa cubierta.\",\n                \"content\": \"Excelente apartamento adosado en planta baja de 2 dormitorios y 2 bau00f1os con orientaciu00f3n sur ubicado dentro de uno de los dos bloques con vistas a las piscinas y canchas de pu00e1del de Waterside Gardens, situado en el centro de Praia da Luz, a solo 5 minutos a pie de la excelente playa y del paseo peatonal.rnrnLa entrada a la propiedad es a travu00e9s de una puerta privada segura a la puerta principal, el alojamiento en una sola planta consta de: cocina totalmente equipada con arco \/ barra de desayuno, sala de estar \/ comedor con ventanas dobles correderas francesas a la terraza cubierta orientada al sur y escalones que conducen al jardu00edn y la zona de barbacoa. Dormitorio principal orientado al sur con armarios empotrados, bau00f1o privado con ducha y ventanas francesas correderas a la terraza privada con vistas al mar sobre el Ocu00e9ano Atlu00e1ntico. dormitorio trasero con armarios empotrados y bau00f1o independiente. La propiedad tambiu00e9n se beneficia de persianas de seguridad, red de agua \/ alcantarillado \/ gas, conexiu00f3n a Internet. El condominio de la cuadra estu00e1 bien administrado y es razonable.rnrnEste espacioso apartamento amplio y luminoso podru00eda ofrecer un excelente potencial de alquiler, puede ser ideal para una casa de vacaciones (como lo es en la actualidad) o igualmente adecuado para una vida permanente, tambiu00e9n es ideal para cualquiera que no desee conducir, ya que todo dentro del pueblo es fu00e1cilmente accesible a pie.  La visita a este apartamento es muy recomendable y con cita previa a travu00e9s de nuestra oficina en Praia da Luz.rnrnPraia da Luz (playa de la luz) es un pueblo popular, situado en el extremo occidental del Algarve y estu00e1 cerca de Lagos (6 km), la antigua capital del Algarve con su puerto deportivo internacional y calles empedradas. Tiene fu00e1cil acceso al aeropuerto internacional de Faro, aproximadamente a 1 hora de distancia en la autopista principal A22 del Algarve en la salida 1.rn\",\n                \"api_data\": {\n                    \"id\": 4213,\n                    \"businessType\": \"Sale\",\n                    \"businessTypeLocale\": \"Venta\",\n                    \"type\": \"Apartment\",\n                    \"typeLocale\": \"Piso\",\n                    \"condition_type\": \"Used\",\n                    \"conditionTypeLocale\": \"Segunda mano \",\n                    \"features_list\": [\n                        \"Au00f1o Construcciu00f3n: 1991\",\n                        \"Complejo privado\",\n                        \"Vistas: Vistas al mar\",\n                        \"Buena rentabilidad por alquiler\",\n                        \"Ascensor\",\n                        \"Puerta de seguridad\",\n                        \"Vistas: Vistas a la piscina\",\n                        \"Vistas: Vistas al pueblo\",\n                        \"Vistas: Vistas a la Urbanizaciu00f3n\",\n                        \"Certificaciu00f3n energu00e9tica: D\",\n                        \"Agua corriente\",\n                        \"Vistas: Vistas al jardu00edn\",\n                        \"Totalmente vallada\",\n                        \"Jardu00edn\",\n                        \"BBQ\",\n                        \"Sea View: yes\",\n                        \"Armarios empotrados\",\n                        \"Cocina equipada\"\n                    ],\n                    \"currency\": \"u20ac\",\n                    \"status\": \"Active\",\n                    \"energy_rating\": \"D\",\n                    \"locale\": [\n                        {\n                            \"language\": \"es\",\n                            \"labels\": [\n                                {\n                                    \"id\": 5,\n                                    \"text\": \"Exclusivo\",\n                                    \"backgroundColor\": \"#ffffff\",\n                                    \"foregroundColor\": \"#000000\"\n                                }\n                            ],\n                            \"title\": \"Exclusivo - Orientaciu00f3n sur con vistas al mar, planta baja, apartamento en planta baja de 2 dormitorios con jardu00edn\",\n                            \"description\": \"Excelente apartamento adosado en planta baja de 2 dormitorios y 2 bau00f1os con orientaciu00f3n sur ubicado dentro de uno de los dos bloques con vistas a las piscinas y canchas de pu00e1del de Waterside Gardens, situado en el centro de Praia da Luz, a solo 5 minutos a pie de la excelente playa y del paseo peatonal.rnrnLa entrada a la propiedad es a travu00e9s de una puerta privada segura a la puerta principal, el alojamiento en una sola planta consta de: cocina totalmente equipada con arco \/ barra de desayuno, sala de estar \/ comedor con ventanas dobles correderas francesas a la terraza cubierta orientada al sur y escalones que conducen al jardu00edn y la zona de barbacoa. Dormitorio principal orientado al sur con armarios empotrados, bau00f1o privado con ducha y ventanas francesas correderas a la terraza privada con vistas al mar sobre el Ocu00e9ano Atlu00e1ntico. dormitorio trasero con armarios empotrados y bau00f1o independiente. La propiedad tambiu00e9n se beneficia de persianas de seguridad, red de agua \/ alcantarillado \/ gas, conexiu00f3n a Internet. El condominio de la cuadra estu00e1 bien administrado y es razonable.rnrnEste espacioso apartamento amplio y luminoso podru00eda ofrecer un excelente potencial de alquiler, puede ser ideal para una casa de vacaciones (como lo es en la actualidad) o igualmente adecuado para una vida permanente, tambiu00e9n es ideal para cualquiera que no desee conducir, ya que todo dentro del pueblo es fu00e1cilmente accesible a pie.  La visita a este apartamento es muy recomendable y con cita previa a travu00e9s de nuestra oficina en Praia da Luz.rnrnPraia da Luz (playa de la luz) es un pueblo popular, situado en el extremo occidental del Algarve y estu00e1 cerca de Lagos (6 km), la antigua capital del Algarve con su puerto deportivo internacional y calles empedradas. Tiene fu00e1cil acceso al aeropuerto internacional de Faro, aproximadamente a 1 hora de distancia en la autopista principal A22 del Algarve en la salida 1.rn\",\n                            \"short\": \"Exclusivo de O and O - Excelente apartamento adosado en planta baja de 2 dormitorios y 2 bau00f1os con orientaciu00f3n sur y vistas al mar, ubicado dentro de uno de los dos bloques con vistas a las piscinas y canchas de pu00e1del de Waterside Gardens, situado en el centro de Praia da Luz. La propiedad tambiu00e9n tiene el beneficio adicional de su propio jardu00edn de cu00e9sped artificial espacioso y privado con u00e1rea de barbacoa cubierta.\",\n                            \"seokeywords\": \"Praia da Luz, Lagos, OandO , Ocean-Country,RSA100-639,Centro del pueblo,Algarve Portugal,Club de pu00e1del Praia da Luz Lagos,Apartamento con vistas al mar,propiedad en planta baja con jardu00edn\"\n                        }\n                    ],\n                    \"location\": {\n                        \"Country\": \"Portugal\",\n                        \"Region\": \"Faro\",\n                        \"City\": \"Lagos\",\n                        \"Locality\": \"Luz\",\n                        \"InnerLocation\": {\n                            \"RegionId\": 66,\n                            \"CityId\": 724,\n                            \"LocalityId\": 10135,\n                            \"Zonename\": \"Praia da Luz\"\n                        },\n                        \"coordinates\": {\n                            \"latitude\": \"37.088397\",\n                            \"longitude\": \"-8.731416\"\n                        },\n                        \"zone\": \"Praia da Luz\",\n                        \"address\": \"4 F WATERSIDE GARDENS OCEAN CLUB RUA RAMALHETE PRAIA DA LUZ\",\n                        \"zipcode\": \"8600-160\"\n                    },\n                    \"listing_agent\": [\n                        {\n                            \"id\": 19,\n                            \"Name\": \"Jacqui Holt\",\n                            \"Email\": \"jacqui@oando.pt\",\n                            \"Phone\": \"+351282768703\",\n                            \"Cellphone\": \"+351282768703\",\n                            \"Photo\": \"https:\/\/cdn.proppy.app\/propertyphotos\/common\/api\/placeholder.jpg\",\n                            \"Locale\": [\n                                {\n                                    \"language\": \"es\"\n                                }\n                            ],\n                            \"Active\": true,\n                            \"IsPrimaryAgent\": true\n                        }\n                    ],\n                    \"priceprefixhelper\": \"EUR\",\n                    \"typology\": \"T2\",\n                    \"features_list_enum\": [\n                        \"PrivateCondominium\",\n                        \"FittedWardrobes\",\n                        \"SeaViews\",\n                        \"Lift\",\n                        \"EquippedKitchen\",\n                        \"SecurityDoor\",\n                        \"MainsWater\"\n                    ],\n                    \"reference\": \"RSA100-639\",\n                    \"visibleOnWebsite\": true,\n                    \"bathrooms\": 2,\n                    \"bedrooms\": 2,\n                    \"construction_year\": 1991,\n                    \"price\": 440000,\n                    \"second_price\": 0,\n                    \"price_visible\": true,\n                    \"plot_area\": 187,\n                    \"living_area\": 95,\n                    \"photos\": [\n                        {\n                            \"Url\": \"https:\/\/cdn.proppy.app\/propertyphotos\/165\/379864de-4d20-4a75-82e3-004e71c46006\/4213\/a5c609ac-fddf-40e5-b1a1-b4dc57366103.jpg\",\n                            \"Category\": \"None\"\n                        },\n                        {\n                            \"Url\": \"https:\/\/cdn.proppy.app\/propertyphotos\/165\/379864de-4d20-4a75-82e3-004e71c46006\/4213\/e60970d9-39f3-4849-8372-35a627307c72.jpg\",\n                            \"Category\": \"None\",\n                            \"SortOrder\": 1\n                        },\n                        {\n                            \"Url\": \"https:\/\/cdn.proppy.app\/propertyphotos\/165\/379864de-4d20-4a75-82e3-004e71c46006\/4213\/11baad2e-2ff5-4c94-b861-a0efd7dac1e5.jpg\",\n                            \"Category\": \"None\",\n                            \"SortOrder\": 2\n                        },\n                        {\n                            \"Url\": \"https:\/\/cdn.proppy.app\/propertyphotos\/165\/379864de-4d20-4a75-82e3-004e71c46006\/4213\/4a69d7f4-fce9-4969-89d5-f9f2ed7f6334.jpg\",\n                            \"Category\": \"None\",\n                            \"SortOrder\": 3\n                        },\n                        {\n                            \"Url\": \"https:\/\/cdn.proppy.app\/propertyphotos\/165\/379864de-4d20-4a75-82e3-004e71c46006\/4213\/b9070ade-a362-466e-aab8-e3d878ad1da9.jpg\",\n                            \"Category\": \"None\",\n                            \"SortOrder\": 4\n                        },\n                        {\n                            \"Url\": \"https:\/\/cdn.proppy.app\/propertyphotos\/165\/379864de-4d20-4a75-82e3-004e71c46006\/4213\/9da437fb-2022-4dee-a381-995b4b01e124.jpg\",\n                            \"Category\": \"None\",\n                            \"SortOrder\": 5\n                        },\n                        {\n                            \"Url\": \"https:\/\/cdn.proppy.app\/propertyphotos\/165\/379864de-4d20-4a75-82e3-004e71c46006\/4213\/28bf5405-5a31-4905-9e7b-cfa8bfc7fb70.jpg\",\n                            \"Category\": \"None\",\n                            \"SortOrder\": 6\n                        },\n                        {\n                            \"Url\": \"https:\/\/cdn.proppy.app\/propertyphotos\/165\/379864de-4d20-4a75-82e3-004e71c46006\/4213\/22a5cfdc-2df9-4af6-a0cb-178104ec6ff4.jpg\",\n                            \"Category\": \"None\",\n                            \"SortOrder\": 7\n                        },\n                        {\n                            \"Url\": \"https:\/\/cdn.proppy.app\/propertyphotos\/165\/379864de-4d20-4a75-82e3-004e71c46006\/4213\/ccdae30e-08f6-4634-8970-997895573f5e.jpg\",\n                            \"Category\": \"None\",\n                            \"SortOrder\": 8\n                        },\n                        {\n                            \"Url\": \"https:\/\/cdn.proppy.app\/propertyphotos\/165\/379864de-4d20-4a75-82e3-004e71c46006\/4213\/198cad79-49e3-40dc-99b7-3529881c3a22.jpg\",\n                            \"Category\": \"None\",\n                            \"SortOrder\": 9\n                        },\n                        {\n                            \"Url\": \"https:\/\/cdn.proppy.app\/propertyphotos\/165\/379864de-4d20-4a75-82e3-004e71c46006\/4213\/3e9a662d-ec1c-4326-ba99-a905a236d9a8.jpg\",\n                            \"Category\": \"None\",\n                            \"SortOrder\": 10\n                        },\n                        {\n                            \"Url\": \"https:\/\/cdn.proppy.app\/propertyphotos\/165\/379864de-4d20-4a75-82e3-004e71c46006\/4213\/2b232ef2-6257-46d0-9327-937f2b0b45cc.jpg\",\n                            \"Category\": \"None\",\n                            \"SortOrder\": 11\n                        },\n                        {\n                            \"Url\": \"https:\/\/cdn.proppy.app\/propertyphotos\/165\/379864de-4d20-4a75-82e3-004e71c46006\/4213\/d349e8c8-804c-4e41-a5c1-acb4935b4925.jpg\",\n                            \"Category\": \"None\",\n                            \"SortOrder\": 12\n                        },\n                        {\n                            \"Url\": \"https:\/\/cdn.proppy.app\/propertyphotos\/165\/379864de-4d20-4a75-82e3-004e71c46006\/4213\/749450d2-1235-4007-b511-ba16c184516c.jpg\",\n                            \"Category\": \"None\",\n                            \"SortOrder\": 13\n                        },\n                        {\n                            \"Url\": \"https:\/\/cdn.proppy.app\/propertyphotos\/165\/379864de-4d20-4a75-82e3-004e71c46006\/4213\/1a0d010a-2388-45c6-87b4-350d29753503.jpg\",\n                            \"Category\": \"None\",\n                            \"SortOrder\": 14\n                        },\n                        {\n                            \"Url\": \"https:\/\/cdn.proppy.app\/propertyphotos\/165\/379864de-4d20-4a75-82e3-004e71c46006\/4213\/8d7589e8-7cb8-456f-88fe-7812d703e3fe.png\",\n                            \"Category\": \"None\",\n                            \"SortOrder\": 15\n                        }\n                    ],\n                    \"widepanorama\": \"https:\/\/tour.giraffe360.com\/d6198534269148babcab9db9272443b2\",\n                    \"exclusive\": true,\n                    \"createDate\": \"2025-09-22T12:13:59.5\",\n                    \"lastChangeDate\": \"2025-10-14T16:02:35.4\",\n                    \"preOffMarket\": false\n                }\n            },\n            \"pt-pt\": {\n                \"title\": \"Exclusivo - Virado a sul com vista para o mar, ru00e9s-do-chu00e3o, apartamento T2 no ru00e9s-do-chu00e3o com jardim\",\n                \"excerpt\": \"Exclusivo para O e O - Excelente virado a sul, 2 quartos 2 casas de banho tu00e9rreo, apartamento geminado com vista para o mar, situado num dos dois blocos com vista para as piscinas e campos de padel dos Jardins u00e0 Beira-Mar situados no centro da Praia da Luz. A propriedade tambu00e9m tem o benefu00edcio adicional de seu pru00f3prio jardim gramado artificial espau00e7oso, privativo e com u00e1rea coberta para churrasco.\",\n                \"content\": \"Excelente apartamento geminado virado a sul, com 2 quartos, 2 casas de banho, situado num dos dois quarteiru00f5es com vista para as piscinas e campos de padel dos Waterside Gardens, situado no centro da Praia da Luz, a apenas 5 minutos a pu00e9 da excelente praia e passeio pedonal.rnrnA entrada para a propriedade u00e9 atravu00e9s de um portu00e3o privado seguro para a porta principal, a acomodau00e7u00e3o em um andar consiste em: cozinha totalmente equipada com arco \/ bar de cafu00e9 da manhu00e3, sala de estar \/ jantar com janelas duplas deslizantes francesas para o terrau00e7o coberto voltado para o sul e degraus que levam ao jardim e u00e1rea de churrasco. Quarto principal virado a sul com roupeiros embutidos, casa de banho privativa e janelas francesas deslizantes para o terrau00e7o privado com vista para o mar sobre o Oceano Atlu00e2ntico. quarto traseiro com roupeiros embutidos e casa de banho separada. A propriedade tambu00e9m beneficia de persianas de seguranu00e7a, u00e1gua da rede\/esgotos\/gu00e1s, ligau00e7u00e3o u00e0 internet. O condomu00ednio do quarteiru00e3o u00e9 bem administrado e razou00e1vel.rnrnEste apartamento espau00e7oso, luminoso e arejado pode oferecer um excelente potencial de arrendamento, pode ser ideal para uma casa de fu00e9rias (como u00e9 atualmente) ou igualmente adequado para uma vida permanente, tambu00e9m u00e9 ideal para quem nu00e3o deseja dirigir, pois tudo dentro da aldeia u00e9 facilmente acessu00edvel a pu00e9.  A visualizau00e7u00e3o deste apartamento u00e9 altamente recomendada e mediante marcau00e7u00e3o atravu00e9s do nosso escritu00f3rio na Praia da Luz.rnrnA Praia da Luz u00e9 uma vila popular, situada no extremo oeste do Algarve e fica perto de Lagos (6km), a antiga capital do Algarve, com a sua Marina internacional e ruas de paralelepu00edpedos. Tem fu00e1cil acesso ao aeroporto internacional de Faro a aproximadamente 1 hora de distu00e2ncia na principal autoestrada A22 algarve no cruzamento 1.rn\",\n                \"api_data\": {\n                    \"id\": 4213,\n                    \"businessType\": \"Sale\",\n                    \"businessTypeLocale\": \"Venda\",\n                    \"type\": \"Apartment\",\n                    \"typeLocale\": \"Apartamento\",\n                    \"condition_type\": \"Used\",\n                    \"conditionTypeLocale\": \"Usado\",\n                    \"features_list\": [\n                        \"Ano construu00e7u00e3o: 1991\",\n                        \"Condomu00ednio fechado\",\n                        \"Vista: Vista mar\",\n                        \"Com bom rendimento\",\n                        \"Elevador\",\n                        \"Porta de seguranu00e7a\",\n                        \"Vista: Vista piscina\",\n                        \"Vista: Vista vila\",\n                        \"Vista: Vista urbanizau00e7u00e3o\",\n                        \"Certificau00e7u00e3o energu00e9tica: D\",\n                        \"u00c1gua da rede\",\n                        \"Vista: Vista jardim\",\n                        \"Totalmente vedada\",\n                        \"Storage\",\n                        \"Equipped Kitchen\",\n                        \"Jardim\",\n                        \"Grelhador exterior\",\n                        \"Terrace\/Balcony\",\n                        \"Sea View: yes\",\n                        \"Roupeiros\",\n                        \"Cozinha equipada\",\n                        \"Internet Ready\"\n                    ],\n                    \"currency\": \"u20ac\",\n                    \"status\": \"Active\",\n                    \"energy_rating\": \"D\",\n                    \"locale\": [\n                        {\n                            \"language\": \"pt\",\n                            \"labels\": [\n                                {\n                                    \"id\": 5,\n                                    \"text\": \"Exclusivo\",\n                                    \"backgroundColor\": \"#ffffff\",\n                                    \"foregroundColor\": \"#000000\"\n                                }\n                            ],\n                            \"title\": \"Exclusivo - Virado a sul com vista para o mar, ru00e9s-do-chu00e3o, apartamento T2 no ru00e9s-do-chu00e3o com jardim\",\n                            \"description\": \"Excelente apartamento geminado virado a sul, com 2 quartos, 2 casas de banho, situado num dos dois quarteiru00f5es com vista para as piscinas e campos de padel dos Waterside Gardens, situado no centro da Praia da Luz, a apenas 5 minutos a pu00e9 da excelente praia e passeio pedonal.rnrnA entrada para a propriedade u00e9 atravu00e9s de um portu00e3o privado seguro para a porta principal, a acomodau00e7u00e3o em um andar consiste em: cozinha totalmente equipada com arco \/ bar de cafu00e9 da manhu00e3, sala de estar \/ jantar com janelas duplas deslizantes francesas para o terrau00e7o coberto voltado para o sul e degraus que levam ao jardim e u00e1rea de churrasco. Quarto principal virado a sul com roupeiros embutidos, casa de banho privativa e janelas francesas deslizantes para o terrau00e7o privado com vista para o mar sobre o Oceano Atlu00e2ntico. quarto traseiro com roupeiros embutidos e casa de banho separada. A propriedade tambu00e9m beneficia de persianas de seguranu00e7a, u00e1gua da rede\/esgotos\/gu00e1s, ligau00e7u00e3o u00e0 internet. O condomu00ednio do quarteiru00e3o u00e9 bem administrado e razou00e1vel.rnrnEste apartamento espau00e7oso, luminoso e arejado pode oferecer um excelente potencial de arrendamento, pode ser ideal para uma casa de fu00e9rias (como u00e9 atualmente) ou igualmente adequado para uma vida permanente, tambu00e9m u00e9 ideal para quem nu00e3o deseja dirigir, pois tudo dentro da aldeia u00e9 facilmente acessu00edvel a pu00e9.  A visualizau00e7u00e3o deste apartamento u00e9 altamente recomendada e mediante marcau00e7u00e3o atravu00e9s do nosso escritu00f3rio na Praia da Luz.rnrnA Praia da Luz u00e9 uma vila popular, situada no extremo oeste do Algarve e fica perto de Lagos (6km), a antiga capital do Algarve, com a sua Marina internacional e ruas de paralelepu00edpedos. Tem fu00e1cil acesso ao aeroporto internacional de Faro a aproximadamente 1 hora de distu00e2ncia na principal autoestrada A22 algarve no cruzamento 1.rn\",\n                            \"short\": \"Exclusivo para O e O - Excelente virado a sul, 2 quartos 2 casas de banho tu00e9rreo, apartamento geminado com vista para o mar, situado num dos dois blocos com vista para as piscinas e campos de padel dos Jardins u00e0 Beira-Mar situados no centro da Praia da Luz. A propriedade tambu00e9m tem o benefu00edcio adicional de seu pru00f3prio jardim gramado artificial espau00e7oso, privativo e com u00e1rea coberta para churrasco.\",\n                            \"seokeywords\": \"Praia da Luz, Lagos, OandO , Ocean-Country,RSA100-639,Centro da Aldeia,Algarve Portugal,Paddle Club Praia da Luz Lagos,Apartamento com vista mar,terreno com jardim\"\n                        }\n                    ],\n                    \"location\": {\n                        \"Country\": \"Portugal\",\n                        \"Region\": \"Faro\",\n                        \"City\": \"Lagos\",\n                        \"Locality\": \"Luz\",\n                        \"InnerLocation\": {\n                            \"RegionId\": 66,\n                            \"CityId\": 724,\n                            \"LocalityId\": 10135,\n                            \"Zonename\": \"Praia da Luz\"\n                        },\n                        \"coordinates\": {\n                            \"latitude\": \"37.088397\",\n                            \"longitude\": \"-8.731416\"\n                        },\n                        \"zone\": \"Praia da Luz\",\n                        \"address\": \"4 F WATERSIDE GARDENS OCEAN CLUB RUA RAMALHETE PRAIA DA LUZ\",\n                        \"zipcode\": \"8600-160\"\n                    },\n                    \"listing_agent\": [\n                        {\n                            \"id\": 19,\n                            \"Name\": \"Jacqui Holt\",\n                            \"Email\": \"jacqui@oando.pt\",\n                            \"Phone\": \"+351282768703\",\n                            \"Cellphone\": \"+351282768703\",\n                            \"Photo\": \"https:\/\/cdn.proppy.app\/propertyphotos\/common\/api\/placeholder.jpg\",\n                            \"Locale\": [\n                                {\n                                    \"language\": \"pt\"\n                                }\n                            ],\n                            \"Active\": true,\n                            \"IsPrimaryAgent\": true\n                        }\n                    ],\n                    \"priceprefixhelper\": \"EUR\",\n                    \"typology\": \"T2\",\n                    \"features_list_enum\": [\n                        \"PrivateCondominium\",\n                        \"FittedWardrobes\",\n                        \"SeaViews\",\n                        \"Lift\",\n                        \"EquippedKitchen\",\n                        \"SecurityDoor\",\n                        \"MainsWater\"\n                    ],\n                    \"reference\": \"RSA100-639\",\n                    \"visibleOnWebsite\": true,\n                    \"bathrooms\": 2,\n                    \"bedrooms\": 2,\n                    \"construction_year\": 1991,\n                    \"price\": 440000,\n                    \"second_price\": 0,\n                    \"price_visible\": true,\n                    \"plot_area\": 187,\n                    \"living_area\": 95,\n                    \"photos\": [\n                        {\n                            \"Url\": \"https:\/\/cdn.proppy.app\/propertyphotos\/165\/379864de-4d20-4a75-82e3-004e71c46006\/4213\/a5c609ac-fddf-40e5-b1a1-b4dc57366103.jpg\",\n                            \"Category\": \"None\"\n                        },\n                        {\n                            \"Url\": \"https:\/\/cdn.proppy.app\/propertyphotos\/165\/379864de-4d20-4a75-82e3-004e71c46006\/4213\/e60970d9-39f3-4849-8372-35a627307c72.jpg\",\n                            \"Category\": \"None\",\n                            \"SortOrder\": 1\n                        },\n                        {\n                            \"Url\": \"https:\/\/cdn.proppy.app\/propertyphotos\/165\/379864de-4d20-4a75-82e3-004e71c46006\/4213\/11baad2e-2ff5-4c94-b861-a0efd7dac1e5.jpg\",\n                            \"Category\": \"None\",\n                            \"SortOrder\": 2\n                        },\n                        {\n                            \"Url\": \"https:\/\/cdn.proppy.app\/propertyphotos\/165\/379864de-4d20-4a75-82e3-004e71c46006\/4213\/4a69d7f4-fce9-4969-89d5-f9f2ed7f6334.jpg\",\n                            \"Category\": \"None\",\n                            \"SortOrder\": 3\n                        },\n                        {\n                            \"Url\": \"https:\/\/cdn.proppy.app\/propertyphotos\/165\/379864de-4d20-4a75-82e3-004e71c46006\/4213\/b9070ade-a362-466e-aab8-e3d878ad1da9.jpg\",\n                            \"Category\": \"None\",\n                            \"SortOrder\": 4\n                        },\n                        {\n                            \"Url\": \"https:\/\/cdn.proppy.app\/propertyphotos\/165\/379864de-4d20-4a75-82e3-004e71c46006\/4213\/9da437fb-2022-4dee-a381-995b4b01e124.jpg\",\n                            \"Category\": \"None\",\n                            \"SortOrder\": 5\n                        },\n                        {\n                            \"Url\": \"https:\/\/cdn.proppy.app\/propertyphotos\/165\/379864de-4d20-4a75-82e3-004e71c46006\/4213\/28bf5405-5a31-4905-9e7b-cfa8bfc7fb70.jpg\",\n                            \"Category\": \"None\",\n                            \"SortOrder\": 6\n                        },\n                        {\n                            \"Url\": \"https:\/\/cdn.proppy.app\/propertyphotos\/165\/379864de-4d20-4a75-82e3-004e71c46006\/4213\/22a5cfdc-2df9-4af6-a0cb-178104ec6ff4.jpg\",\n                            \"Category\": \"None\",\n                            \"SortOrder\": 7\n                        },\n                        {\n                            \"Url\": \"https:\/\/cdn.proppy.app\/propertyphotos\/165\/379864de-4d20-4a75-82e3-004e71c46006\/4213\/ccdae30e-08f6-4634-8970-997895573f5e.jpg\",\n                            \"Category\": \"None\",\n                            \"SortOrder\": 8\n                        },\n                        {\n                            \"Url\": \"https:\/\/cdn.proppy.app\/propertyphotos\/165\/379864de-4d20-4a75-82e3-004e71c46006\/4213\/198cad79-49e3-40dc-99b7-3529881c3a22.jpg\",\n                            \"Category\": \"None\",\n                            \"SortOrder\": 9\n                        },\n                        {\n                            \"Url\": \"https:\/\/cdn.proppy.app\/propertyphotos\/165\/379864de-4d20-4a75-82e3-004e71c46006\/4213\/3e9a662d-ec1c-4326-ba99-a905a236d9a8.jpg\",\n                            \"Category\": \"None\",\n                            \"SortOrder\": 10\n                        },\n                        {\n                            \"Url\": \"https:\/\/cdn.proppy.app\/propertyphotos\/165\/379864de-4d20-4a75-82e3-004e71c46006\/4213\/2b232ef2-6257-46d0-9327-937f2b0b45cc.jpg\",\n                            \"Category\": \"None\",\n                            \"SortOrder\": 11\n                        },\n                        {\n                            \"Url\": \"https:\/\/cdn.proppy.app\/propertyphotos\/165\/379864de-4d20-4a75-82e3-004e71c46006\/4213\/d349e8c8-804c-4e41-a5c1-acb4935b4925.jpg\",\n                            \"Category\": \"None\",\n                            \"SortOrder\": 12\n                        },\n                        {\n                            \"Url\": \"https:\/\/cdn.proppy.app\/propertyphotos\/165\/379864de-4d20-4a75-82e3-004e71c46006\/4213\/749450d2-1235-4007-b511-ba16c184516c.jpg\",\n                            \"Category\": \"None\",\n                            \"SortOrder\": 13\n                        },\n                        {\n                            \"Url\": \"https:\/\/cdn.proppy.app\/propertyphotos\/165\/379864de-4d20-4a75-82e3-004e71c46006\/4213\/1a0d010a-2388-45c6-87b4-350d29753503.jpg\",\n                            \"Category\": \"None\",\n                            \"SortOrder\": 14\n                        },\n                        {\n                            \"Url\": \"https:\/\/cdn.proppy.app\/propertyphotos\/165\/379864de-4d20-4a75-82e3-004e71c46006\/4213\/8d7589e8-7cb8-456f-88fe-7812d703e3fe.png\",\n                            \"Category\": \"None\",\n                            \"SortOrder\": 15\n                        }\n                    ],\n                    \"widepanorama\": \"https:\/\/tour.giraffe360.com\/d6198534269148babcab9db9272443b2\",\n                    \"exclusive\": true,\n                    \"createDate\": \"2025-09-22T12:13:59.5\",\n                    \"lastChangeDate\": \"2025-10-14T16:02:35.4\",\n                    \"preOffMarket\": false\n                }\n            },\n            \"fr\": {\n                \"title\": \"Exclusif - Orientu00e9 plein sud avec vue sur la mer, rez-de-chaussu00e9e, appartement de 2 lits au rez-de-chaussu00e9e avec jardin\",\n                \"excerpt\": \"Exclusif u00e0 O et O - Excellent appartement jumelu00e9 orientu00e9 sud, 2 chambres et 2 salles de bain au rez-de-chaussu00e9e avec vue sur la mer, situu00e9 dans lu2019un des deux blocs donnant sur les piscines et les courts de paddle des jardins au bord de lu2019eau situu00e9s en plein centre de Praia da Luz. La propriu00e9tu00e9 a u00e9galement lu2019avantage supplu00e9mentaire de son propre jardin spacieux, privu00e9 et avec pelouse artificielle avec un espace barbecue couvert.\",\n                \"content\": \"Excellent appartement jumelu00e9 orientu00e9 sud, 2 chambres, 2 salles de bains au rez-de-chaussu00e9e situu00e9 dans lu2019un des deux blocs donnant sur les piscines et les courts de paddle des jardins au bord de lu2019eau situu00e9s en plein centre de Praia da Luz, u00e0 seulement 5 minutes u00e0 pied de lu2019excellente plage et de la promenade piu00e9tonne.rnrnLu2019entru00e9e de la propriu00e9tu00e9 se fait par un portail privu00e9 su00e9curisu00e9 vers la porte principale, le logement sur un u00e9tage se compose deu00a0: cuisine entiu00e8rement u00e9quipu00e9e avec arche \/ bar pour le petit-du00e9jeuner, salon \/ salle u00e0 manger avec doubles fenu00eatres coulissantes u00e0 la franu00e7aise vers la terrasse couverte orientu00e9e au sud et des marches menant au jardin et u00e0 lu2019espace barbecue. Chambre principale orientu00e9e sud avec placards, salle de douche attenante et portes-fenu00eatres coulissantes donnant sur la terrasse privu00e9e avec vue sur la mer et lu2019ocu00e9an Atlantique. chambre arriu00e8re avec placards et salle de bain su00e9paru00e9e. La propriu00e9tu00e9 bu00e9nu00e9ficie u00e9galement de volets de su00e9curitu00e9, du2019eau de ville\/eaux usu00e9es\/gaz, du2019une connexion internet. La copropriu00e9tu00e9 de lu2019immeuble est bien gu00e9ru00e9e et raisonnable.rnrnCet appartement spacieux, lumineux et au00e9ru00e9 pourrait offrir un superbe potentiel de location, peut u00eatre idu00e9al pour une maison de vacances (comme cu2019est le cas actuellement) ou tout aussi adaptu00e9 pour une vie permanente, il est u00e9galement idu00e9al pour ceux qui ne souhaitent pas conduire car tout dans le village est facilement accessible u00e0 pied.  La visite de cet appartement est fortement recommandu00e9e et sur rendez-vous par lu2019intermu00e9diaire de notre bureau u00e0 Praia da Luz.rnrnPraia da Luz (plage de lumiu00e8re) est un village populaire, situu00e9 u00e0 lu2019extru00e9mitu00e9 ouest de lu2019Algarve et est proche de Lagos (6 km), lu2019ancienne capitale de lu2019Algarve avec sa marina internationale et ses rues pavu00e9es. Il a un accu00e8s facile u00e0 lu2019au00e9roport international de Faro u00e0 environ 1 heure sur lu2019autoroute principale A22 de lu2019Algarve u00e0 la sortie 1.rn\",\n                \"api_data\": {\n                    \"id\": 4213,\n                    \"businessType\": \"Sale\",\n                    \"businessTypeLocale\": \"u00c0 vendre\",\n                    \"type\": \"Apartment\",\n                    \"typeLocale\": \"Appartement\",\n                    \"condition_type\": \"Used\",\n                    \"conditionTypeLocale\": \"Occasion\",\n                    \"features_list\": [\n                        \"Annu00e9e de construction: 1991\",\n                        \"Condominium privu00e9\",\n                        \"Vue: Vue sur mer\",\n                        \"Bon rendement locatif\",\n                        \"Ascenseur\",\n                        \"Porte de su00e9curitu00e9\",\n                        \"Vue: Vue sur la piscine\",\n                        \"Vue: Vue village\",\n                        \"Vue: Vue sur l'urbanisation\",\n                        \"Certification u00e9nergu00e9tique: D\",\n                        \"L'eau du robinet\",\n                        \"Vue: Vue sur Jardin\",\n                        \"Entiu00e8rement clu00f4turu00e9e\",\n                        \"Jardin\",\n                        \"BBQ\",\n                        \"Sea View: yes\",\n                        \"Armoires encastru00e9es\",\n                        \"Cuisine u00e9quipu00e9e\"\n                    ],\n                    \"currency\": \"u20ac\",\n                    \"status\": \"Active\",\n                    \"energy_rating\": \"D\",\n                    \"locale\": [\n                        {\n                            \"language\": \"fr\",\n                            \"labels\": [\n                                {\n                                    \"id\": 5,\n                                    \"text\": \"Exclusif\",\n                                    \"backgroundColor\": \"#ffffff\",\n                                    \"foregroundColor\": \"#000000\"\n                                }\n                            ],\n                            \"title\": \"Exclusif - Orientu00e9 plein sud avec vue sur la mer, rez-de-chaussu00e9e, appartement de 2 lits au rez-de-chaussu00e9e avec jardin\",\n                            \"description\": \"Excellent appartement jumelu00e9 orientu00e9 sud, 2 chambres, 2 salles de bains au rez-de-chaussu00e9e situu00e9 dans lu2019un des deux blocs donnant sur les piscines et les courts de paddle des jardins au bord de lu2019eau situu00e9s en plein centre de Praia da Luz, u00e0 seulement 5 minutes u00e0 pied de lu2019excellente plage et de la promenade piu00e9tonne.rnrnLu2019entru00e9e de la propriu00e9tu00e9 se fait par un portail privu00e9 su00e9curisu00e9 vers la porte principale, le logement sur un u00e9tage se compose deu00a0: cuisine entiu00e8rement u00e9quipu00e9e avec arche \/ bar pour le petit-du00e9jeuner, salon \/ salle u00e0 manger avec doubles fenu00eatres coulissantes u00e0 la franu00e7aise vers la terrasse couverte orientu00e9e au sud et des marches menant au jardin et u00e0 lu2019espace barbecue. Chambre principale orientu00e9e sud avec placards, salle de douche attenante et portes-fenu00eatres coulissantes donnant sur la terrasse privu00e9e avec vue sur la mer et lu2019ocu00e9an Atlantique. chambre arriu00e8re avec placards et salle de bain su00e9paru00e9e. La propriu00e9tu00e9 bu00e9nu00e9ficie u00e9galement de volets de su00e9curitu00e9, du2019eau de ville\/eaux usu00e9es\/gaz, du2019une connexion internet. La copropriu00e9tu00e9 de lu2019immeuble est bien gu00e9ru00e9e et raisonnable.rnrnCet appartement spacieux, lumineux et au00e9ru00e9 pourrait offrir un superbe potentiel de location, peut u00eatre idu00e9al pour une maison de vacances (comme cu2019est le cas actuellement) ou tout aussi adaptu00e9 pour une vie permanente, il est u00e9galement idu00e9al pour ceux qui ne souhaitent pas conduire car tout dans le village est facilement accessible u00e0 pied.  La visite de cet appartement est fortement recommandu00e9e et sur rendez-vous par lu2019intermu00e9diaire de notre bureau u00e0 Praia da Luz.rnrnPraia da Luz (plage de lumiu00e8re) est un village populaire, situu00e9 u00e0 lu2019extru00e9mitu00e9 ouest de lu2019Algarve et est proche de Lagos (6 km), lu2019ancienne capitale de lu2019Algarve avec sa marina internationale et ses rues pavu00e9es. Il a un accu00e8s facile u00e0 lu2019au00e9roport international de Faro u00e0 environ 1 heure sur lu2019autoroute principale A22 de lu2019Algarve u00e0 la sortie 1.rn\",\n                            \"short\": \"Exclusif u00e0 O et O - Excellent appartement jumelu00e9 orientu00e9 sud, 2 chambres et 2 salles de bain au rez-de-chaussu00e9e avec vue sur la mer, situu00e9 dans lu2019un des deux blocs donnant sur les piscines et les courts de paddle des jardins au bord de lu2019eau situu00e9s en plein centre de Praia da Luz. La propriu00e9tu00e9 a u00e9galement lu2019avantage supplu00e9mentaire de son propre jardin spacieux, privu00e9 et avec pelouse artificielle avec un espace barbecue couvert.\",\n                            \"seokeywords\": \"Praia da Luz, Lagos, OandO , Ocean-Country,RSA100-639,Centre du Village,Algarve Portugal,Paddle Club Praia da Luz Lagos,Appartement avec vue sur la mer,Propriu00e9tu00e9 au rez-de-chaussu00e9e avec jardin\"\n                        }\n                    ],\n                    \"location\": {\n                        \"Country\": \"Portugal\",\n                        \"Region\": \"Faro\",\n                        \"City\": \"Lagos\",\n                        \"Locality\": \"Luz\",\n                        \"InnerLocation\": {\n                            \"RegionId\": 66,\n                            \"CityId\": 724,\n                            \"LocalityId\": 10135,\n                            \"Zonename\": \"Praia da Luz\"\n                        },\n                        \"coordinates\": {\n                            \"latitude\": \"37.088397\",\n                            \"longitude\": \"-8.731416\"\n                        },\n                        \"zone\": \"Praia da Luz\",\n                        \"address\": \"4 F WATERSIDE GARDENS OCEAN CLUB RUA RAMALHETE PRAIA DA LUZ\",\n                        \"zipcode\": \"8600-160\"\n                    },\n                    \"listing_agent\": [\n                        {\n                            \"id\": 19,\n                            \"Name\": \"Jacqui Holt\",\n                            \"Email\": \"jacqui@oando.pt\",\n                            \"Phone\": \"+351282768703\",\n                            \"Cellphone\": \"+351282768703\",\n                            \"Photo\": \"https:\/\/cdn.proppy.app\/propertyphotos\/common\/api\/placeholder.jpg\",\n                            \"Locale\": [\n                                {\n                                    \"language\": \"fr\"\n                                }\n                            ],\n                            \"Active\": true,\n                            \"IsPrimaryAgent\": true\n                        }\n                    ],\n                    \"priceprefixhelper\": \"EUR\",\n                    \"typology\": \"T2\",\n                    \"features_list_enum\": [\n                        \"PrivateCondominium\",\n                        \"FittedWardrobes\",\n                        \"SeaViews\",\n                        \"Lift\",\n                        \"EquippedKitchen\",\n                        \"SecurityDoor\",\n                        \"MainsWater\"\n                    ],\n                    \"reference\": \"RSA100-639\",\n                    \"visibleOnWebsite\": true,\n                    \"bathrooms\": 2,\n                    \"bedrooms\": 2,\n                    \"construction_year\": 1991,\n                    \"price\": 440000,\n                    \"second_price\": 0,\n                    \"price_visible\": true,\n                    \"plot_area\": 187,\n                    \"living_area\": 95,\n                    \"photos\": [\n                        {\n                            \"Url\": \"https:\/\/cdn.proppy.app\/propertyphotos\/165\/379864de-4d20-4a75-82e3-004e71c46006\/4213\/a5c609ac-fddf-40e5-b1a1-b4dc57366103.jpg\",\n                            \"Category\": \"None\"\n                        },\n                        {\n                            \"Url\": \"https:\/\/cdn.proppy.app\/propertyphotos\/165\/379864de-4d20-4a75-82e3-004e71c46006\/4213\/e60970d9-39f3-4849-8372-35a627307c72.jpg\",\n                            \"Category\": \"None\",\n                            \"SortOrder\": 1\n                        },\n                        {\n                            \"Url\": \"https:\/\/cdn.proppy.app\/propertyphotos\/165\/379864de-4d20-4a75-82e3-004e71c46006\/4213\/11baad2e-2ff5-4c94-b861-a0efd7dac1e5.jpg\",\n                            \"Category\": \"None\",\n                            \"SortOrder\": 2\n                        },\n                        {\n                            \"Url\": \"https:\/\/cdn.proppy.app\/propertyphotos\/165\/379864de-4d20-4a75-82e3-004e71c46006\/4213\/4a69d7f4-fce9-4969-89d5-f9f2ed7f6334.jpg\",\n                            \"Category\": \"None\",\n                            \"SortOrder\": 3\n                        },\n                        {\n                            \"Url\": \"https:\/\/cdn.proppy.app\/propertyphotos\/165\/379864de-4d20-4a75-82e3-004e71c46006\/4213\/b9070ade-a362-466e-aab8-e3d878ad1da9.jpg\",\n                            \"Category\": \"None\",\n                            \"SortOrder\": 4\n                        },\n                        {\n                            \"Url\": \"https:\/\/cdn.proppy.app\/propertyphotos\/165\/379864de-4d20-4a75-82e3-004e71c46006\/4213\/9da437fb-2022-4dee-a381-995b4b01e124.jpg\",\n                            \"Category\": \"None\",\n                            \"SortOrder\": 5\n                        },\n                        {\n                            \"Url\": \"https:\/\/cdn.proppy.app\/propertyphotos\/165\/379864de-4d20-4a75-82e3-004e71c46006\/4213\/28bf5405-5a31-4905-9e7b-cfa8bfc7fb70.jpg\",\n                            \"Category\": \"None\",\n                            \"SortOrder\": 6\n                        },\n                        {\n                            \"Url\": \"https:\/\/cdn.proppy.app\/propertyphotos\/165\/379864de-4d20-4a75-82e3-004e71c46006\/4213\/22a5cfdc-2df9-4af6-a0cb-178104ec6ff4.jpg\",\n                            \"Category\": \"None\",\n                            \"SortOrder\": 7\n                        },\n                        {\n                            \"Url\": \"https:\/\/cdn.proppy.app\/propertyphotos\/165\/379864de-4d20-4a75-82e3-004e71c46006\/4213\/ccdae30e-08f6-4634-8970-997895573f5e.jpg\",\n                            \"Category\": \"None\",\n                            \"SortOrder\": 8\n                        },\n                        {\n                            \"Url\": \"https:\/\/cdn.proppy.app\/propertyphotos\/165\/379864de-4d20-4a75-82e3-004e71c46006\/4213\/198cad79-49e3-40dc-99b7-3529881c3a22.jpg\",\n                            \"Category\": \"None\",\n                            \"SortOrder\": 9\n                        },\n                        {\n                            \"Url\": \"https:\/\/cdn.proppy.app\/propertyphotos\/165\/379864de-4d20-4a75-82e3-004e71c46006\/4213\/3e9a662d-ec1c-4326-ba99-a905a236d9a8.jpg\",\n                            \"Category\": \"None\",\n                            \"SortOrder\": 10\n                        },\n                        {\n                            \"Url\": \"https:\/\/cdn.proppy.app\/propertyphotos\/165\/379864de-4d20-4a75-82e3-004e71c46006\/4213\/2b232ef2-6257-46d0-9327-937f2b0b45cc.jpg\",\n                            \"Category\": \"None\",\n                            \"SortOrder\": 11\n                        },\n                        {\n                            \"Url\": \"https:\/\/cdn.proppy.app\/propertyphotos\/165\/379864de-4d20-4a75-82e3-004e71c46006\/4213\/d349e8c8-804c-4e41-a5c1-acb4935b4925.jpg\",\n                            \"Category\": \"None\",\n                            \"SortOrder\": 12\n                        },\n                        {\n                            \"Url\": \"https:\/\/cdn.proppy.app\/propertyphotos\/165\/379864de-4d20-4a75-82e3-004e71c46006\/4213\/749450d2-1235-4007-b511-ba16c184516c.jpg\",\n                            \"Category\": \"None\",\n                            \"SortOrder\": 13\n                        },\n                        {\n                            \"Url\": \"https:\/\/cdn.proppy.app\/propertyphotos\/165\/379864de-4d20-4a75-82e3-004e71c46006\/4213\/1a0d010a-2388-45c6-87b4-350d29753503.jpg\",\n                            \"Category\": \"None\",\n                            \"SortOrder\": 14\n                        },\n                        {\n                            \"Url\": \"https:\/\/cdn.proppy.app\/propertyphotos\/165\/379864de-4d20-4a75-82e3-004e71c46006\/4213\/8d7589e8-7cb8-456f-88fe-7812d703e3fe.png\",\n                            \"Category\": \"None\",\n                            \"SortOrder\": 15\n                        }\n                    ],\n                    \"widepanorama\": \"https:\/\/tour.giraffe360.com\/d6198534269148babcab9db9272443b2\",\n                    \"exclusive\": true,\n                    \"createDate\": \"2025-09-22T12:13:59.5\",\n                    \"lastChangeDate\": \"2025-10-14T16:02:35.4\",\n                    \"preOffMarket\": false\n                }\n            },\n            \"de\": {\n                \"title\": \"Exklusiv - Su00fcdausrichtung mit Meerblick, Erdgeschoss, 2-Bett-Wohnung im Erdgeschoss mit Garten\",\n                \"excerpt\": \"Exklusiv bei O and O - Ausgezeichnete, nach Su00fcden ausgerichtete, 2-Bett-Doppelhaushu00e4lfte mit 2 Bu00e4dern im Erdgeschoss und Meerblick, in einem der beiden Blu00f6cke mit Blick auf die Pools und Paddle-Plu00e4tze der Waterside Gardens im Zentrum von Praia da Luz. Das Anwesen hat auch den zusu00e4tzlichen Vorteil eines eigenen geru00e4umigen, privaten, ku00fcnstlichen Rasengartens mit u00fcberdachtem Grillplatz.\",\n                \"content\": \"Ausgezeichnete, nach Su00fcden ausgerichtete Doppelhaushu00e4lfte mit 2 Schlafzimmern und 2 Bu00e4dern im Erdgeschoss in einem der beiden Blu00f6cke mit Blick auf die Pools und Paddle-Plu00e4tze der Waterside Gardens im Zentrum von Praia da Luz, nur 5 Gehminuten vom ausgezeichneten Strand und der Fuu00dfgu00e4ngerpromenade entfernt.rnrnDer Eingang zum Anwesen erfolgt durch ein sicheres privates Tor zur Haupttu00fcr, die Unterkunft auf einer Etage besteht aus: voll ausgestatteter Ku00fcche mit Torbogen\/Fru00fchstu00fccksbar , Wohn-\/Esszimmer mit franzu00f6sischen Schiebefenstern zur u00fcberdachten Su00fcdterrasse und Stufen, die zum Garten und Grillplatz fu00fchren. Nach Su00fcden ausgerichtetes Hauptschlafzimmer mit Einbauschru00e4nken, eigenem Duschbad und franzu00f6sischen Schiebefenstern zur privaten Terrasse mit Meerblick u00fcber den Atlantik. Hinteres Schlafzimmer mit Einbauschru00e4nken und separatem Badezimmer. Das Anwesen verfu00fcgt auch u00fcber Sicherheitsrolllu00e4den, Wasser-\/Abwasser-\/Gasanschluss und Internetanschluss. Die Eigentumswohnung des Blocks ist gut gefu00fchrt und vernu00fcnftig.rnrnDiese geru00e4umige, helle und luftige Wohnung bietet ein hervorragendes Vermietungspotenzial, kann ideal fu00fcr ein Ferienhaus sein (wie es derzeit ist) oder ebenso gut fu00fcr ein dauerhaftes Wohnen geeignet sein, es ist auch ideal fu00fcr alle, die nicht mit dem Auto fahren mu00f6chten, da alles innerhalb des Dorfes leicht zu Fuu00df erreichbar ist.  Die Besichtigung dieser Wohnung ist sehr zu empfehlen und erfolgt nach Vereinbarung durch unser Bu00fcro in Praia da Luz.rnrnPraia da Luz (Strand des Lichts) ist ein beliebtes Dorf am westlichen Rand der Algarve und liegt in der Nu00e4he von Lagos (6 km), der alten Hauptstadt der Algarve mit ihrem internationalen Yachthafen und den gepflasterten Strau00dfen. Es bietet einfachen Zugang zum internationalen Flughafen Faro, der etwa 1 Stunde u00fcber die Hauptautobahn A22 der Algarve an der Ausfahrt 1 entfernt ist.rn\",\n                \"api_data\": {\n                    \"id\": 4213,\n                    \"businessType\": \"Sale\",\n                    \"businessTypeLocale\": \"Zu verkaufen\",\n                    \"type\": \"Apartment\",\n                    \"typeLocale\": \"Wohnung\",\n                    \"condition_type\": \"Used\",\n                    \"conditionTypeLocale\": \"Benutzt\",\n                    \"features_list\": [\n                        \"Baujahr : 1991\",\n                        \"Private condominium\",\n                        \"Blick: Meerblick\",\n                        \"Gutes Mieteinkommen\",\n                        \"Aufzug\",\n                        \"Sicherheitseingang\",\n                        \"Blick: Poolblick\",\n                        \"Blick: Ausblick Dorf\",\n                        \"Blick: Wohnansicht\",\n                        \"Energie ausweis: D\",\n                        \"Leitungswasser\",\n                        \"Blick: Blick auf den Garten\",\n                        \"Komplett eingezu00e4unt\",\n                        \"Garten\",\n                        \"Grill\",\n                        \"Sea View: yes\",\n                        \"Einbauschraenke\",\n                        \"Einbauku00fcche\"\n                    ],\n                    \"currency\": \"u20ac\",\n                    \"status\": \"Active\",\n                    \"energy_rating\": \"D\",\n                    \"locale\": [\n                        {\n                            \"language\": \"de\",\n                            \"labels\": [\n                                {\n                                    \"id\": 5,\n                                    \"text\": \"Exklusiv\",\n                                    \"backgroundColor\": \"#ffffff\",\n                                    \"foregroundColor\": \"#000000\"\n                                }\n                            ],\n                            \"title\": \"Exklusiv - Su00fcdausrichtung mit Meerblick, Erdgeschoss, 2-Bett-Wohnung im Erdgeschoss mit Garten\",\n                            \"description\": \"Ausgezeichnete, nach Su00fcden ausgerichtete Doppelhaushu00e4lfte mit 2 Schlafzimmern und 2 Bu00e4dern im Erdgeschoss in einem der beiden Blu00f6cke mit Blick auf die Pools und Paddle-Plu00e4tze der Waterside Gardens im Zentrum von Praia da Luz, nur 5 Gehminuten vom ausgezeichneten Strand und der Fuu00dfgu00e4ngerpromenade entfernt.rnrnDer Eingang zum Anwesen erfolgt durch ein sicheres privates Tor zur Haupttu00fcr, die Unterkunft auf einer Etage besteht aus: voll ausgestatteter Ku00fcche mit Torbogen\/Fru00fchstu00fccksbar , Wohn-\/Esszimmer mit franzu00f6sischen Schiebefenstern zur u00fcberdachten Su00fcdterrasse und Stufen, die zum Garten und Grillplatz fu00fchren. Nach Su00fcden ausgerichtetes Hauptschlafzimmer mit Einbauschru00e4nken, eigenem Duschbad und franzu00f6sischen Schiebefenstern zur privaten Terrasse mit Meerblick u00fcber den Atlantik. Hinteres Schlafzimmer mit Einbauschru00e4nken und separatem Badezimmer. Das Anwesen verfu00fcgt auch u00fcber Sicherheitsrolllu00e4den, Wasser-\/Abwasser-\/Gasanschluss und Internetanschluss. Die Eigentumswohnung des Blocks ist gut gefu00fchrt und vernu00fcnftig.rnrnDiese geru00e4umige, helle und luftige Wohnung bietet ein hervorragendes Vermietungspotenzial, kann ideal fu00fcr ein Ferienhaus sein (wie es derzeit ist) oder ebenso gut fu00fcr ein dauerhaftes Wohnen geeignet sein, es ist auch ideal fu00fcr alle, die nicht mit dem Auto fahren mu00f6chten, da alles innerhalb des Dorfes leicht zu Fuu00df erreichbar ist.  Die Besichtigung dieser Wohnung ist sehr zu empfehlen und erfolgt nach Vereinbarung durch unser Bu00fcro in Praia da Luz.rnrnPraia da Luz (Strand des Lichts) ist ein beliebtes Dorf am westlichen Rand der Algarve und liegt in der Nu00e4he von Lagos (6 km), der alten Hauptstadt der Algarve mit ihrem internationalen Yachthafen und den gepflasterten Strau00dfen. Es bietet einfachen Zugang zum internationalen Flughafen Faro, der etwa 1 Stunde u00fcber die Hauptautobahn A22 der Algarve an der Ausfahrt 1 entfernt ist.rn\",\n                            \"short\": \"Exklusiv bei O and O - Ausgezeichnete, nach Su00fcden ausgerichtete, 2-Bett-Doppelhaushu00e4lfte mit 2 Bu00e4dern im Erdgeschoss und Meerblick, in einem der beiden Blu00f6cke mit Blick auf die Pools und Paddle-Plu00e4tze der Waterside Gardens im Zentrum von Praia da Luz. Das Anwesen hat auch den zusu00e4tzlichen Vorteil eines eigenen geru00e4umigen, privaten, ku00fcnstlichen Rasengartens mit u00fcberdachtem Grillplatz.\",\n                            \"seokeywords\": \"Praia da Luz, Lagos, OandO , Ocean-Country,RSA100-639,Dorfzentrum,Algarve Portugal,Paddle Club Praia da Luz Lagos,Wohnung mit Meerblick,Erdgeschoss Anwesen mit Garten\"\n                        }\n                    ],\n                    \"location\": {\n                        \"Country\": \"Portugal\",\n                        \"Region\": \"Faro\",\n                        \"City\": \"Lagos\",\n                        \"Locality\": \"Luz\",\n                        \"InnerLocation\": {\n                            \"RegionId\": 66,\n                            \"CityId\": 724,\n                            \"LocalityId\": 10135,\n                            \"Zonename\": \"Praia da Luz\"\n                        },\n                        \"coordinates\": {\n                            \"latitude\": \"37.088397\",\n                            \"longitude\": \"-8.731416\"\n                        },\n                        \"zone\": \"Praia da Luz\",\n                        \"address\": \"4 F WATERSIDE GARDENS OCEAN CLUB RUA RAMALHETE PRAIA DA LUZ\",\n                        \"zipcode\": \"8600-160\"\n                    },\n                    \"listing_agent\": [\n                        {\n                            \"id\": 19,\n                            \"Name\": \"Jacqui Holt\",\n                            \"Email\": \"jacqui@oando.pt\",\n                            \"Phone\": \"+351282768703\",\n                            \"Cellphone\": \"+351282768703\",\n                            \"Photo\": \"https:\/\/cdn.proppy.app\/propertyphotos\/common\/api\/placeholder.jpg\",\n                            \"Locale\": [\n                                {\n                                    \"language\": \"de\"\n                                }\n                            ],\n                            \"Active\": true,\n                            \"IsPrimaryAgent\": true\n                        }\n                    ],\n                    \"priceprefixhelper\": \"EUR\",\n                    \"typology\": \"2 Schlafzimmer\",\n                    \"features_list_enum\": [\n                        \"PrivateCondominium\",\n                        \"FittedWardrobes\",\n                        \"SeaViews\",\n                        \"Lift\",\n                        \"EquippedKitchen\",\n                        \"SecurityDoor\",\n                        \"MainsWater\"\n                    ],\n                    \"reference\": \"RSA100-639\",\n                    \"visibleOnWebsite\": true,\n                    \"bathrooms\": 2,\n                    \"bedrooms\": 2,\n                    \"construction_year\": 1991,\n                    \"price\": 440000,\n                    \"second_price\": 0,\n                    \"price_visible\": true,\n                    \"plot_area\": 187,\n                    \"living_area\": 95,\n                    \"photos\": [\n                        {\n                            \"Url\": \"https:\/\/cdn.proppy.app\/propertyphotos\/165\/379864de-4d20-4a75-82e3-004e71c46006\/4213\/a5c609ac-fddf-40e5-b1a1-b4dc57366103.jpg\",\n                            \"Category\": \"None\"\n                        },\n                        {\n                            \"Url\": \"https:\/\/cdn.proppy.app\/propertyphotos\/165\/379864de-4d20-4a75-82e3-004e71c46006\/4213\/e60970d9-39f3-4849-8372-35a627307c72.jpg\",\n                            \"Category\": \"None\",\n                            \"SortOrder\": 1\n                        },\n                        {\n                            \"Url\": \"https:\/\/cdn.proppy.app\/propertyphotos\/165\/379864de-4d20-4a75-82e3-004e71c46006\/4213\/11baad2e-2ff5-4c94-b861-a0efd7dac1e5.jpg\",\n                            \"Category\": \"None\",\n                            \"SortOrder\": 2\n                        },\n                        {\n                            \"Url\": \"https:\/\/cdn.proppy.app\/propertyphotos\/165\/379864de-4d20-4a75-82e3-004e71c46006\/4213\/4a69d7f4-fce9-4969-89d5-f9f2ed7f6334.jpg\",\n                            \"Category\": \"None\",\n                            \"SortOrder\": 3\n                        },\n                        {\n                            \"Url\": \"https:\/\/cdn.proppy.app\/propertyphotos\/165\/379864de-4d20-4a75-82e3-004e71c46006\/4213\/b9070ade-a362-466e-aab8-e3d878ad1da9.jpg\",\n                            \"Category\": \"None\",\n                            \"SortOrder\": 4\n                        },\n                        {\n                            \"Url\": \"https:\/\/cdn.proppy.app\/propertyphotos\/165\/379864de-4d20-4a75-82e3-004e71c46006\/4213\/9da437fb-2022-4dee-a381-995b4b01e124.jpg\",\n                            \"Category\": \"None\",\n                            \"SortOrder\": 5\n                        },\n                        {\n                            \"Url\": \"https:\/\/cdn.proppy.app\/propertyphotos\/165\/379864de-4d20-4a75-82e3-004e71c46006\/4213\/28bf5405-5a31-4905-9e7b-cfa8bfc7fb70.jpg\",\n                            \"Category\": \"None\",\n                            \"SortOrder\": 6\n                        },\n                        {\n                            \"Url\": \"https:\/\/cdn.proppy.app\/propertyphotos\/165\/379864de-4d20-4a75-82e3-004e71c46006\/4213\/22a5cfdc-2df9-4af6-a0cb-178104ec6ff4.jpg\",\n                            \"Category\": \"None\",\n                            \"SortOrder\": 7\n                        },\n                        {\n                            \"Url\": \"https:\/\/cdn.proppy.app\/propertyphotos\/165\/379864de-4d20-4a75-82e3-004e71c46006\/4213\/ccdae30e-08f6-4634-8970-997895573f5e.jpg\",\n                            \"Category\": \"None\",\n                            \"SortOrder\": 8\n                        },\n                        {\n                            \"Url\": \"https:\/\/cdn.proppy.app\/propertyphotos\/165\/379864de-4d20-4a75-82e3-004e71c46006\/4213\/198cad79-49e3-40dc-99b7-3529881c3a22.jpg\",\n                            \"Category\": \"None\",\n                            \"SortOrder\": 9\n                        },\n                        {\n                            \"Url\": \"https:\/\/cdn.proppy.app\/propertyphotos\/165\/379864de-4d20-4a75-82e3-004e71c46006\/4213\/3e9a662d-ec1c-4326-ba99-a905a236d9a8.jpg\",\n                            \"Category\": \"None\",\n                            \"SortOrder\": 10\n                        },\n                        {\n                            \"Url\": \"https:\/\/cdn.proppy.app\/propertyphotos\/165\/379864de-4d20-4a75-82e3-004e71c46006\/4213\/2b232ef2-6257-46d0-9327-937f2b0b45cc.jpg\",\n                            \"Category\": \"None\",\n                            \"SortOrder\": 11\n                        },\n                        {\n                            \"Url\": \"https:\/\/cdn.proppy.app\/propertyphotos\/165\/379864de-4d20-4a75-82e3-004e71c46006\/4213\/d349e8c8-804c-4e41-a5c1-acb4935b4925.jpg\",\n                            \"Category\": \"None\",\n                            \"SortOrder\": 12\n                        },\n                        {\n                            \"Url\": \"https:\/\/cdn.proppy.app\/propertyphotos\/165\/379864de-4d20-4a75-82e3-004e71c46006\/4213\/749450d2-1235-4007-b511-ba16c184516c.jpg\",\n                            \"Category\": \"None\",\n                            \"SortOrder\": 13\n                        },\n                        {\n                            \"Url\": \"https:\/\/cdn.proppy.app\/propertyphotos\/165\/379864de-4d20-4a75-82e3-004e71c46006\/4213\/1a0d010a-2388-45c6-87b4-350d29753503.jpg\",\n                            \"Category\": \"None\",\n                            \"SortOrder\": 14\n                        },\n                        {\n                            \"Url\": \"https:\/\/cdn.proppy.app\/propertyphotos\/165\/379864de-4d20-4a75-82e3-004e71c46006\/4213\/8d7589e8-7cb8-456f-88fe-7812d703e3fe.png\",\n                            \"Category\": \"None\",\n                            \"SortOrder\": 15\n                        }\n                    ],\n                    \"widepanorama\": \"https:\/\/tour.giraffe360.com\/d6198534269148babcab9db9272443b2\",\n                    \"exclusive\": true,\n                    \"createDate\": \"2025-09-22T12:13:59.5\",\n                    \"lastChangeDate\": \"2025-10-14T16:02:35.4\",\n                    \"preOffMarket\": false\n                }\n            },\n            \"nl\": {\n                \"title\": \"Exclusief - Op het zuiden met uitzicht op zee, begane grond, appartement met 2 slaapkamers op de begane grond en tuin\",\n                \"excerpt\": \"Exclusief voor O en O - Uitstekend op het zuiden, 2 slaapkamers en 2 badkamers op de begane grond, halfvrijstaand appartement met uitzicht op zee, gelegen in een van de twee blokken met uitzicht op de zwembaden en paddle-banen van Waterside Gardens in het centrum van Praia da Luz. Het pand heeft ook het extra voordeel van een eigen ruime, privu00e9tuin met kunstgras en overdekte barbecue.\",\n                \"content\": \"Uitstekend op het zuiden gelegen, 2 slaapkamers, 2 badkamers gelijkvloers, halfvrijstaand appartement in een van de twee blokken met uitzicht op de zwembaden en paddle-banen van Waterside Gardens, gelegen in het centrum van Praia da Luz, op slechts 5 minuten lopen van het uitstekende strand en de voetgangerspromenade.rnrnToegang tot het pand is via een beveiligde privu00e9poort naar de hoofddeur, de accommodatie over u00e9u00e9n verdieping bestaat uit: volledig ingerichte keuken met boog \/ ontbijtbar, zit- \/ eetkamer met Franse schuiframen naar overdekt terras op het zuiden en trappen die leiden naar de tuin en barbecue. Hoofdslaapkamer op het zuiden met inbouwkasten, ensuite badkamer met douche en openslaande deuren naar het privu00e9terras met uitzicht op zee over de Atlantische Oceaan. slaapkamer aan de achterzijde met inbouwkasten en aparte badkamer. De woning beschikt ook over veiligheidsluiken, leidingwater\/riolering\/gas, internetverbinding. Het condominium van het blok wordt goed beheerd en is redelijk.rnrnDit ruime lichte en luchtige appartement kan een uitstekend verhuurpotentieel bieden, kan ideaal zijn voor een vakantiehuis (zoals het nu is) of even geschikt voor permanente bewoning, het is ook ideaal voor iedereen die niet wil rijden, aangezien alles in het dorp gemakkelijk te voet bereikbaar is.  De bezichtiging van dit appartement is een echte aanrader en op afspraak via ons kantoor in Praia da Luz.rnrnPraia da Luz (strand van het licht) is een populair dorp, gelegen aan de westelijke rand van de Algarve en ligt dicht bij Lagos (6 km), de oude hoofdstad van de Algarve met zijn internationale jachthaven en geplaveide straten. Het heeft gemakkelijke toegang tot de internationale luchthaven van Faro, op ongeveer 1 uur rijden via de hoofdweg A22 algarve bij knooppunt 1.rn\",\n                \"api_data\": {\n                    \"id\": 4213,\n                    \"businessType\": \"Sale\",\n                    \"businessTypeLocale\": \"Te Koop\",\n                    \"type\": \"Apartment\",\n                    \"typeLocale\": \"Appartement\",\n                    \"condition_type\": \"Used\",\n                    \"features_list\": [\n                        \"Bouwjaar: 1991\",\n                        \"Prive condominium\",\n                        \"Bekeken: Uitzicht op zee\",\n                        \"Goede huuropbrengst\",\n                        \"Lift\",\n                        \"Beveiliging deur\",\n                        \"Bekeken: uitzicht op zwembad\",\n                        \"Bekeken: Village weergeven\",\n                        \"Bekeken: urbanisatie\",\n                        \"Energiecertificering: D\",\n                        \"Leidingwater\",\n                        \"Bekeken: Garden view\",\n                        \"Fully fenced\",\n                        \"Tuin\",\n                        \"BBQ\",\n                        \"Sea View: yes\",\n                        \"Ingerichte kasten\",\n                        \"Uitgeruste keuken\"\n                    ],\n                    \"currency\": \"u20ac\",\n                    \"status\": \"Active\",\n                    \"energy_rating\": \"D\",\n                    \"locale\": [\n                        {\n                            \"language\": \"nl\",\n                            \"labels\": [\n                                {\n                                    \"id\": 5,\n                                    \"text\": \"Exclusive\",\n                                    \"backgroundColor\": \"#ffffff\",\n                                    \"foregroundColor\": \"#000000\"\n                                }\n                            ],\n                            \"title\": \"Exclusief - Op het zuiden met uitzicht op zee, begane grond, appartement met 2 slaapkamers op de begane grond en tuin\",\n                            \"description\": \"Uitstekend op het zuiden gelegen, 2 slaapkamers, 2 badkamers gelijkvloers, halfvrijstaand appartement in een van de twee blokken met uitzicht op de zwembaden en paddle-banen van Waterside Gardens, gelegen in het centrum van Praia da Luz, op slechts 5 minuten lopen van het uitstekende strand en de voetgangerspromenade.rnrnToegang tot het pand is via een beveiligde privu00e9poort naar de hoofddeur, de accommodatie over u00e9u00e9n verdieping bestaat uit: volledig ingerichte keuken met boog \/ ontbijtbar, zit- \/ eetkamer met Franse schuiframen naar overdekt terras op het zuiden en trappen die leiden naar de tuin en barbecue. Hoofdslaapkamer op het zuiden met inbouwkasten, ensuite badkamer met douche en openslaande deuren naar het privu00e9terras met uitzicht op zee over de Atlantische Oceaan. slaapkamer aan de achterzijde met inbouwkasten en aparte badkamer. De woning beschikt ook over veiligheidsluiken, leidingwater\/riolering\/gas, internetverbinding. Het condominium van het blok wordt goed beheerd en is redelijk.rnrnDit ruime lichte en luchtige appartement kan een uitstekend verhuurpotentieel bieden, kan ideaal zijn voor een vakantiehuis (zoals het nu is) of even geschikt voor permanente bewoning, het is ook ideaal voor iedereen die niet wil rijden, aangezien alles in het dorp gemakkelijk te voet bereikbaar is.  De bezichtiging van dit appartement is een echte aanrader en op afspraak via ons kantoor in Praia da Luz.rnrnPraia da Luz (strand van het licht) is een populair dorp, gelegen aan de westelijke rand van de Algarve en ligt dicht bij Lagos (6 km), de oude hoofdstad van de Algarve met zijn internationale jachthaven en geplaveide straten. Het heeft gemakkelijke toegang tot de internationale luchthaven van Faro, op ongeveer 1 uur rijden via de hoofdweg A22 algarve bij knooppunt 1.rn\",\n                            \"short\": \"Exclusief voor O en O - Uitstekend op het zuiden, 2 slaapkamers en 2 badkamers op de begane grond, halfvrijstaand appartement met uitzicht op zee, gelegen in een van de twee blokken met uitzicht op de zwembaden en paddle-banen van Waterside Gardens in het centrum van Praia da Luz. Het pand heeft ook het extra voordeel van een eigen ruime, privu00e9tuin met kunstgras en overdekte barbecue.\",\n                            \"seokeywords\": \"Praia da Luz, Lagos, OandO , Ocean-Country, RSA100-639, Dorpscentrum, Algarve Portugal, Paddle Club Praia da Luz Lagos, Appartement met uitzicht op zee, woning op de begane grond met tuin\"\n                        }\n                    ],\n                    \"location\": {\n                        \"Region\": \"Faro\",\n                        \"City\": \"Lagos\",\n                        \"Locality\": \"Luz\",\n                        \"InnerLocation\": {\n                            \"RegionId\": 66,\n                            \"CityId\": 724,\n                            \"LocalityId\": 10135,\n                            \"Zonename\": \"Praia da Luz\"\n                        },\n                        \"coordinates\": {\n                            \"latitude\": \"37.088397\",\n                            \"longitude\": \"-8.731416\"\n                        },\n                        \"zone\": \"Praia da Luz\",\n                        \"address\": \"4 F WATERSIDE GARDENS OCEAN CLUB RUA RAMALHETE PRAIA DA LUZ\",\n                        \"zipcode\": \"8600-160\"\n                    },\n                    \"listing_agent\": [\n                        {\n                            \"id\": 19,\n                            \"Name\": \"Jacqui Holt\",\n                            \"Email\": \"jacqui@oando.pt\",\n                            \"Phone\": \"+351282768703\",\n                            \"Cellphone\": \"+351282768703\",\n                            \"Photo\": \"https:\/\/cdn.proppy.app\/propertyphotos\/common\/api\/placeholder.jpg\",\n                            \"Locale\": [\n                                {\n                                    \"language\": \"nl\"\n                                }\n                            ],\n                            \"Active\": true,\n                            \"IsPrimaryAgent\": true\n                        }\n                    ],\n                    \"priceprefixhelper\": \"EUR\",\n                    \"typology\": \"T2\",\n                    \"features_list_enum\": [\n                        \"PrivateCondominium\",\n                        \"FittedWardrobes\",\n                        \"SeaViews\",\n                        \"Lift\",\n                        \"EquippedKitchen\",\n                        \"SecurityDoor\",\n                        \"MainsWater\"\n                    ],\n                    \"reference\": \"RSA100-639\",\n                    \"visibleOnWebsite\": true,\n                    \"bathrooms\": 2,\n                    \"bedrooms\": 2,\n                    \"construction_year\": 1991,\n                    \"price\": 440000,\n                    \"second_price\": 0,\n                    \"price_visible\": true,\n                    \"plot_area\": 187,\n                    \"living_area\": 95,\n                    \"photos\": [\n                        {\n                            \"Url\": \"https:\/\/cdn.proppy.app\/propertyphotos\/165\/379864de-4d20-4a75-82e3-004e71c46006\/4213\/a5c609ac-fddf-40e5-b1a1-b4dc57366103.jpg\",\n                            \"Category\": \"None\"\n                        },\n                        {\n                            \"Url\": \"https:\/\/cdn.proppy.app\/propertyphotos\/165\/379864de-4d20-4a75-82e3-004e71c46006\/4213\/e60970d9-39f3-4849-8372-35a627307c72.jpg\",\n                            \"Category\": \"None\",\n                            \"SortOrder\": 1\n                        },\n                        {\n                            \"Url\": \"https:\/\/cdn.proppy.app\/propertyphotos\/165\/379864de-4d20-4a75-82e3-004e71c46006\/4213\/11baad2e-2ff5-4c94-b861-a0efd7dac1e5.jpg\",\n                            \"Category\": \"None\",\n                            \"SortOrder\": 2\n                        },\n                        {\n                            \"Url\": \"https:\/\/cdn.proppy.app\/propertyphotos\/165\/379864de-4d20-4a75-82e3-004e71c46006\/4213\/4a69d7f4-fce9-4969-89d5-f9f2ed7f6334.jpg\",\n                            \"Category\": \"None\",\n                            \"SortOrder\": 3\n                        },\n                        {\n                            \"Url\": \"https:\/\/cdn.proppy.app\/propertyphotos\/165\/379864de-4d20-4a75-82e3-004e71c46006\/4213\/b9070ade-a362-466e-aab8-e3d878ad1da9.jpg\",\n                            \"Category\": \"None\",\n                            \"SortOrder\": 4\n                        },\n                        {\n                            \"Url\": \"https:\/\/cdn.proppy.app\/propertyphotos\/165\/379864de-4d20-4a75-82e3-004e71c46006\/4213\/9da437fb-2022-4dee-a381-995b4b01e124.jpg\",\n                            \"Category\": \"None\",\n                            \"SortOrder\": 5\n                        },\n                        {\n                            \"Url\": \"https:\/\/cdn.proppy.app\/propertyphotos\/165\/379864de-4d20-4a75-82e3-004e71c46006\/4213\/28bf5405-5a31-4905-9e7b-cfa8bfc7fb70.jpg\",\n                            \"Category\": \"None\",\n                            \"SortOrder\": 6\n                        },\n                        {\n                            \"Url\": \"https:\/\/cdn.proppy.app\/propertyphotos\/165\/379864de-4d20-4a75-82e3-004e71c46006\/4213\/22a5cfdc-2df9-4af6-a0cb-178104ec6ff4.jpg\",\n                            \"Category\": \"None\",\n                            \"SortOrder\": 7\n                        },\n                        {\n                            \"Url\": \"https:\/\/cdn.proppy.app\/propertyphotos\/165\/379864de-4d20-4a75-82e3-004e71c46006\/4213\/ccdae30e-08f6-4634-8970-997895573f5e.jpg\",\n                            \"Category\": \"None\",\n                            \"SortOrder\": 8\n                        },\n                        {\n                            \"Url\": \"https:\/\/cdn.proppy.app\/propertyphotos\/165\/379864de-4d20-4a75-82e3-004e71c46006\/4213\/198cad79-49e3-40dc-99b7-3529881c3a22.jpg\",\n                            \"Category\": \"None\",\n                            \"SortOrder\": 9\n                        },\n                        {\n                            \"Url\": \"https:\/\/cdn.proppy.app\/propertyphotos\/165\/379864de-4d20-4a75-82e3-004e71c46006\/4213\/3e9a662d-ec1c-4326-ba99-a905a236d9a8.jpg\",\n                            \"Category\": \"None\",\n                            \"SortOrder\": 10\n                        },\n                        {\n                            \"Url\": \"https:\/\/cdn.proppy.app\/propertyphotos\/165\/379864de-4d20-4a75-82e3-004e71c46006\/4213\/2b232ef2-6257-46d0-9327-937f2b0b45cc.jpg\",\n                            \"Category\": \"None\",\n                            \"SortOrder\": 11\n                        },\n                        {\n                            \"Url\": \"https:\/\/cdn.proppy.app\/propertyphotos\/165\/379864de-4d20-4a75-82e3-004e71c46006\/4213\/d349e8c8-804c-4e41-a5c1-acb4935b4925.jpg\",\n                            \"Category\": \"None\",\n                            \"SortOrder\": 12\n                        },\n                        {\n                            \"Url\": \"https:\/\/cdn.proppy.app\/propertyphotos\/165\/379864de-4d20-4a75-82e3-004e71c46006\/4213\/749450d2-1235-4007-b511-ba16c184516c.jpg\",\n                            \"Category\": \"None\",\n                            \"SortOrder\": 13\n                        },\n                        {\n                            \"Url\": \"https:\/\/cdn.proppy.app\/propertyphotos\/165\/379864de-4d20-4a75-82e3-004e71c46006\/4213\/1a0d010a-2388-45c6-87b4-350d29753503.jpg\",\n                            \"Category\": \"None\",\n                            \"SortOrder\": 14\n                        },\n                        {\n                            \"Url\": \"https:\/\/cdn.proppy.app\/propertyphotos\/165\/379864de-4d20-4a75-82e3-004e71c46006\/4213\/8d7589e8-7cb8-456f-88fe-7812d703e3fe.png\",\n                            \"Category\": \"None\",\n                            \"SortOrder\": 15\n                        }\n                    ],\n                    \"widepanorama\": \"https:\/\/tour.giraffe360.com\/d6198534269148babcab9db9272443b2\",\n                    \"exclusive\": true,\n                    \"createDate\": \"2025-09-22T12:13:59.5\",\n                    \"lastChangeDate\": \"2025-10-14T16:02:35.4\",\n                    \"preOffMarket\": false\n                }\n            },\n            \"sv\": {\n                \"title\": \"Exklusiv - Su00f6derlu00e4ge med havsutsikt, bottenvu00e5ning, lu00e4genhet pu00e5 bottenvu00e5ningen med 2 sovrum och tru00e4dgu00e5rd\",\n                \"excerpt\": \"Exklusivt fu00f6r O och O - Utmu00e4rkt su00f6derlu00e4ge, 2 sovrum 2 badrum bottenvu00e5ning, parhus lu00e4genhet med havsutsikt, belu00e4gen i ett av de tvu00e5 kvarteren med utsikt u00f6ver poolerna och paddelbanorna i Waterside Gardens som ligger i hju00e4rtat av Praia da Luz. Fastigheten har ocksu00e5 den extra fu00f6rdelen av sin egen rymliga, privata, konstgjorda gru00e4smatta med tu00e4ckt grillplats.\",\n                \"content\": \"Utmu00e4rkt su00f6derlu00e4ge, 2 sovrum, 2 badrum pu00e5 bottenvu00e5ningen, parhus lu00e4genhet belu00e4gen i ett av de tvu00e5 kvarteren med utsikt u00f6ver poolerna och paddelbanorna i Waterside Gardens belu00e4get i hju00e4rtat av Praia da Luz, med bara 5 minuters promenad till den utmu00e4rkta stranden och gu00e5gatan.rnrnIngu00e5ngen till fastigheten u00e4r genom en su00e4ker privat grind till huvuddu00f6rren, boendet u00f6ver en vu00e5ning bestu00e5r av: fullt utrustat ku00f6k med valv \/ frukostbar, vardagsrum \/ matsal med franska skjutbara dubbelfu00f6nster till tu00e4ckt terrass i su00f6derlu00e4ge och trappsteg som leder ner till tru00e4dgu00e5rden och grillplatsen. Sovrum i su00f6derlu00e4ge med inbyggda garderober, eget duschrum och skjutbara franska fu00f6nster till den privata terrassen med havsutsikt u00f6ver Atlanten. Bakre sovrum med inbyggda garderober och separat badrum. Fastigheten drar ocksu00e5 nytta av su00e4kerhetsluckor, vatten\/avlopp\/gas, internetuppkoppling. Bostadsru00e4tten i kvarteret u00e4r vu00e4lsku00f6tt och u00e4r rimlig.rnrnDenna rymliga ljusa och luftiga lu00e4genhet kan erbjuda fantastisk uthyrningspotential, kan vara idealisk fu00f6r en lu00e5sning och lu00e4mna fritidshus (som det u00e4r fu00f6r nu00e4rvarande) eller lika lu00e4mplig fu00f6r permanent boende, det u00e4r ocksu00e5 perfekt fu00f6r alla som inte vill ku00f6ra eftersom allt inom byn u00e4r lu00e4ttillgu00e4ngligt till fots.  Visningen av denna lu00e4genhet rekommenderas starkt och efter u00f6verenskommelse via vu00e5rt kontor i Praia da Luz.rnrnPraia da Luz (ljusets strand) u00e4r en populu00e4r by, belu00e4gen pu00e5 den vu00e4stra kanten av Algarve och ligger nu00e4ra Lagos (6 km), den gamla huvudstaden i Algarve med sin internationella smu00e5bu00e5tshamn och kullerstensgator. Det u00e4r lu00e4tt att ta sig till Faros internationella flygplats cirka 1 timme bort pu00e5 huvudmotorvu00e4gen A22 i Algarve vid avfart 1.rn\",\n                \"api_data\": {\n                    \"id\": 4213,\n                    \"businessType\": \"Sale\",\n                    \"type\": \"Apartment\",\n                    \"typeLocale\": \"Lu00e4genhet\",\n                    \"condition_type\": \"Used\",\n                    \"features_list\": [\n                        \"Byggnadsu00e5r: 1991\",\n                        \"Privat villa\",\n                        \"Visningar: Havsutsikt\",\n                        \"Goda hyresintu00e4kter\",\n                        \"Lift\",\n                        \"Su00e4kerhetsdu00f6rr\",\n                        \"Visningar: Poolutsikt\",\n                        \"Visningar: Utsikt u00f6ver byn\",\n                        \"Visningar: Urbaniseringen Visa\",\n                        \"Energi certifiering: D\",\n                        \" Mains vatten\",\n                        \"Visningar\",\n                        \"Fully fenced\",\n                        \"Tru00e4dgu00e5rd\",\n                        \"BBQ\",\n                        \"Sea View: yes\",\n                        \"Inbyggda garderober\",\n                        \"Utrustat ku00f6k\"\n                    ],\n                    \"currency\": \"u20ac\",\n                    \"status\": \"Active\",\n                    \"energy_rating\": \"D\",\n                    \"locale\": [\n                        {\n                            \"language\": \"sv\",\n                            \"labels\": [\n                                {\n                                    \"id\": 5,\n                                    \"text\": \"Exclusive\",\n                                    \"backgroundColor\": \"#ffffff\",\n                                    \"foregroundColor\": \"#000000\"\n                                }\n                            ],\n                            \"title\": \"Exklusiv - Su00f6derlu00e4ge med havsutsikt, bottenvu00e5ning, lu00e4genhet pu00e5 bottenvu00e5ningen med 2 sovrum och tru00e4dgu00e5rd\",\n                            \"description\": \"Utmu00e4rkt su00f6derlu00e4ge, 2 sovrum, 2 badrum pu00e5 bottenvu00e5ningen, parhus lu00e4genhet belu00e4gen i ett av de tvu00e5 kvarteren med utsikt u00f6ver poolerna och paddelbanorna i Waterside Gardens belu00e4get i hju00e4rtat av Praia da Luz, med bara 5 minuters promenad till den utmu00e4rkta stranden och gu00e5gatan.rnrnIngu00e5ngen till fastigheten u00e4r genom en su00e4ker privat grind till huvuddu00f6rren, boendet u00f6ver en vu00e5ning bestu00e5r av: fullt utrustat ku00f6k med valv \/ frukostbar, vardagsrum \/ matsal med franska skjutbara dubbelfu00f6nster till tu00e4ckt terrass i su00f6derlu00e4ge och trappsteg som leder ner till tru00e4dgu00e5rden och grillplatsen. Sovrum i su00f6derlu00e4ge med inbyggda garderober, eget duschrum och skjutbara franska fu00f6nster till den privata terrassen med havsutsikt u00f6ver Atlanten. Bakre sovrum med inbyggda garderober och separat badrum. Fastigheten drar ocksu00e5 nytta av su00e4kerhetsluckor, vatten\/avlopp\/gas, internetuppkoppling. Bostadsru00e4tten i kvarteret u00e4r vu00e4lsku00f6tt och u00e4r rimlig.rnrnDenna rymliga ljusa och luftiga lu00e4genhet kan erbjuda fantastisk uthyrningspotential, kan vara idealisk fu00f6r en lu00e5sning och lu00e4mna fritidshus (som det u00e4r fu00f6r nu00e4rvarande) eller lika lu00e4mplig fu00f6r permanent boende, det u00e4r ocksu00e5 perfekt fu00f6r alla som inte vill ku00f6ra eftersom allt inom byn u00e4r lu00e4ttillgu00e4ngligt till fots.  Visningen av denna lu00e4genhet rekommenderas starkt och efter u00f6verenskommelse via vu00e5rt kontor i Praia da Luz.rnrnPraia da Luz (ljusets strand) u00e4r en populu00e4r by, belu00e4gen pu00e5 den vu00e4stra kanten av Algarve och ligger nu00e4ra Lagos (6 km), den gamla huvudstaden i Algarve med sin internationella smu00e5bu00e5tshamn och kullerstensgator. Det u00e4r lu00e4tt att ta sig till Faros internationella flygplats cirka 1 timme bort pu00e5 huvudmotorvu00e4gen A22 i Algarve vid avfart 1.rn\",\n                            \"short\": \"Exklusivt fu00f6r O och O - Utmu00e4rkt su00f6derlu00e4ge, 2 sovrum 2 badrum bottenvu00e5ning, parhus lu00e4genhet med havsutsikt, belu00e4gen i ett av de tvu00e5 kvarteren med utsikt u00f6ver poolerna och paddelbanorna i Waterside Gardens som ligger i hju00e4rtat av Praia da Luz. Fastigheten har ocksu00e5 den extra fu00f6rdelen av sin egen rymliga, privata, konstgjorda gru00e4smatta med tu00e4ckt grillplats.\",\n                            \"seokeywords\": \"Praia da Luz, Lagos, OandO , Ocean-Country,RSA100-639,Village Centre,Algarve Portugal,Paddle Club Praia da Luz Lagos,Lu00e4genhet med havsutsikt,bottenvu00e5ning fastighet med tru00e4dgu00e5rd\"\n                        }\n                    ],\n                    \"location\": {\n                        \"Region\": \"Faro\",\n                        \"City\": \"Lagos\",\n                        \"Locality\": \"Luz\",\n                        \"InnerLocation\": {\n                            \"RegionId\": 66,\n                            \"CityId\": 724,\n                            \"LocalityId\": 10135,\n                            \"Zonename\": \"Praia da Luz\"\n                        },\n                        \"coordinates\": {\n                            \"latitude\": \"37.088397\",\n                            \"longitude\": \"-8.731416\"\n                        },\n                        \"zone\": \"Praia da Luz\",\n                        \"address\": \"4 F WATERSIDE GARDENS OCEAN CLUB RUA RAMALHETE PRAIA DA LUZ\",\n                        \"zipcode\": \"8600-160\"\n                    },\n                    \"listing_agent\": [\n                        {\n                            \"id\": 19,\n                            \"Name\": \"Jacqui Holt\",\n                            \"Email\": \"jacqui@oando.pt\",\n                            \"Phone\": \"+351282768703\",\n                            \"Cellphone\": \"+351282768703\",\n                            \"Photo\": \"https:\/\/cdn.proppy.app\/propertyphotos\/common\/api\/placeholder.jpg\",\n                            \"Locale\": [\n                                {\n                                    \"language\": \"sv\"\n                                }\n                            ],\n                            \"Active\": true,\n                            \"IsPrimaryAgent\": true\n                        }\n                    ],\n                    \"priceprefixhelper\": \"EUR\",\n                    \"typology\": \"T2\",\n                    \"features_list_enum\": [\n                        \"PrivateCondominium\",\n                        \"FittedWardrobes\",\n                        \"SeaViews\",\n                        \"Lift\",\n                        \"EquippedKitchen\",\n                        \"SecurityDoor\",\n                        \"MainsWater\"\n                    ],\n                    \"reference\": \"RSA100-639\",\n                    \"visibleOnWebsite\": true,\n                    \"bathrooms\": 2,\n                    \"bedrooms\": 2,\n                    \"construction_year\": 1991,\n                    \"price\": 440000,\n                    \"second_price\": 0,\n                    \"price_visible\": true,\n                    \"plot_area\": 187,\n                    \"living_area\": 95,\n                    \"photos\": [\n                        {\n                            \"Url\": \"https:\/\/cdn.proppy.app\/propertyphotos\/165\/379864de-4d20-4a75-82e3-004e71c46006\/4213\/a5c609ac-fddf-40e5-b1a1-b4dc57366103.jpg\",\n                            \"Category\": \"None\"\n                        },\n                        {\n                            \"Url\": \"https:\/\/cdn.proppy.app\/propertyphotos\/165\/379864de-4d20-4a75-82e3-004e71c46006\/4213\/e60970d9-39f3-4849-8372-35a627307c72.jpg\",\n                            \"Category\": \"None\",\n                            \"SortOrder\": 1\n                        },\n                        {\n                            \"Url\": \"https:\/\/cdn.proppy.app\/propertyphotos\/165\/379864de-4d20-4a75-82e3-004e71c46006\/4213\/11baad2e-2ff5-4c94-b861-a0efd7dac1e5.jpg\",\n                            \"Category\": \"None\",\n                            \"SortOrder\": 2\n                        },\n                        {\n                            \"Url\": \"https:\/\/cdn.proppy.app\/propertyphotos\/165\/379864de-4d20-4a75-82e3-004e71c46006\/4213\/4a69d7f4-fce9-4969-89d5-f9f2ed7f6334.jpg\",\n                            \"Category\": \"None\",\n                            \"SortOrder\": 3\n                        },\n                        {\n                            \"Url\": \"https:\/\/cdn.proppy.app\/propertyphotos\/165\/379864de-4d20-4a75-82e3-004e71c46006\/4213\/b9070ade-a362-466e-aab8-e3d878ad1da9.jpg\",\n                            \"Category\": \"None\",\n                            \"SortOrder\": 4\n                        },\n                        {\n                            \"Url\": \"https:\/\/cdn.proppy.app\/propertyphotos\/165\/379864de-4d20-4a75-82e3-004e71c46006\/4213\/9da437fb-2022-4dee-a381-995b4b01e124.jpg\",\n                            \"Category\": \"None\",\n                            \"SortOrder\": 5\n                        },\n                        {\n                            \"Url\": \"https:\/\/cdn.proppy.app\/propertyphotos\/165\/379864de-4d20-4a75-82e3-004e71c46006\/4213\/28bf5405-5a31-4905-9e7b-cfa8bfc7fb70.jpg\",\n                            \"Category\": \"None\",\n                            \"SortOrder\": 6\n                        },\n                        {\n                            \"Url\": \"https:\/\/cdn.proppy.app\/propertyphotos\/165\/379864de-4d20-4a75-82e3-004e71c46006\/4213\/22a5cfdc-2df9-4af6-a0cb-178104ec6ff4.jpg\",\n                            \"Category\": \"None\",\n                            \"SortOrder\": 7\n                        },\n                        {\n                            \"Url\": \"https:\/\/cdn.proppy.app\/propertyphotos\/165\/379864de-4d20-4a75-82e3-004e71c46006\/4213\/ccdae30e-08f6-4634-8970-997895573f5e.jpg\",\n                            \"Category\": \"None\",\n                            \"SortOrder\": 8\n                        },\n                        {\n                            \"Url\": \"https:\/\/cdn.proppy.app\/propertyphotos\/165\/379864de-4d20-4a75-82e3-004e71c46006\/4213\/198cad79-49e3-40dc-99b7-3529881c3a22.jpg\",\n                            \"Category\": \"None\",\n                            \"SortOrder\": 9\n                        },\n                        {\n                            \"Url\": \"https:\/\/cdn.proppy.app\/propertyphotos\/165\/379864de-4d20-4a75-82e3-004e71c46006\/4213\/3e9a662d-ec1c-4326-ba99-a905a236d9a8.jpg\",\n                            \"Category\": \"None\",\n                            \"SortOrder\": 10\n                        },\n                        {\n                            \"Url\": \"https:\/\/cdn.proppy.app\/propertyphotos\/165\/379864de-4d20-4a75-82e3-004e71c46006\/4213\/2b232ef2-6257-46d0-9327-937f2b0b45cc.jpg\",\n                            \"Category\": \"None\",\n                            \"SortOrder\": 11\n                        },\n                        {\n                            \"Url\": \"https:\/\/cdn.proppy.app\/propertyphotos\/165\/379864de-4d20-4a75-82e3-004e71c46006\/4213\/d349e8c8-804c-4e41-a5c1-acb4935b4925.jpg\",\n                            \"Category\": \"None\",\n                            \"SortOrder\": 12\n                        },\n                        {\n                            \"Url\": \"https:\/\/cdn.proppy.app\/propertyphotos\/165\/379864de-4d20-4a75-82e3-004e71c46006\/4213\/749450d2-1235-4007-b511-ba16c184516c.jpg\",\n                            \"Category\": \"None\",\n                            \"SortOrder\": 13\n                        },\n                        {\n                            \"Url\": \"https:\/\/cdn.proppy.app\/propertyphotos\/165\/379864de-4d20-4a75-82e3-004e71c46006\/4213\/1a0d010a-2388-45c6-87b4-350d29753503.jpg\",\n                            \"Category\": \"None\",\n                            \"SortOrder\": 14\n                        },\n                        {\n                            \"Url\": \"https:\/\/cdn.proppy.app\/propertyphotos\/165\/379864de-4d20-4a75-82e3-004e71c46006\/4213\/8d7589e8-7cb8-456f-88fe-7812d703e3fe.png\",\n                            \"Category\": \"None\",\n                            \"SortOrder\": 15\n                        }\n                    ],\n                    \"widepanorama\": \"https:\/\/tour.giraffe360.com\/d6198534269148babcab9db9272443b2\",\n                    \"exclusive\": true,\n                    \"createDate\": \"2025-09-22T12:13:59.5\",\n                    \"lastChangeDate\": \"2025-10-14T16:02:35.4\",\n                    \"preOffMarket\": false\n                }\n            },\n            \"zh-hant\": {\n                \"title\": \"u72ecu5bb6 - u671du5357uff0cu53efu6b23u8d4fu6d77u666fuff0cu4e00u697cuff0cu5e26u82b1u56edu7684 2 u5e8au5e95u697cu516cu5bd3\",\n                \"excerpt\": \"O u548c O u72ecu6709 - u51fau8272u7684u671du5357uff0c2 u5e8a 2 u6d74u5ba4uff0cu4e00u697cuff0cu534au72ecu7acbu5f0fu6d77u666fu516cu5bd3uff0cu4f4du4e8eu4e24u4e2au8857u533au4e4bu4e00uff0cu4fefu77b0u4f4du4e8e Praia da Luz u4e2du5fc3u7684u6c34u8fb9u82b1u56edu7684u6e38u6cf3u6c60u548cu6868u573au3002u8be5u7269u4e1au8fd8u62e5u6709u81eau5df1u5bbdu655eu7684u79c1u4ebau4ebau5de5u8349u576au82b1u56edu548cu5e26u9876u68dau7684u70e7u70e4u533au7684u989du5916u597du5904u3002\",\n                \"content\": \"u4e00u6d41u7684u671du5357u30012 u5367u5ba4u30012 u6d74u5ba4u4e00u697cu3001u534au72ecu7acbu5f0fu516cu5bd3u4f4du4e8eu4f4du4e8e Praia da Luz u4e2du5fc3u7684u4e24u4e2au8857u533au4e4bu4e00uff0cu4fefu77b0u7740u4f4du4e8e Praia da Luz u4e2du5fc3u7684u6c34u8fb9u82b1u56edu7684u6e38u6cf3u6c60u548cu6868u573auff0cu6b65u884c 5 u5206u949fu5373u53efu5230u8fbeu7f8eu4e3du7684u6d77u6ee9u548cu6b65u884cu957fu5ecau3002rnrnu9152u5e97u7684u5165u53e3u662fu901au8fc7u901au5f80u4e3bu95e8u7684u5b89u5168u79c1u4ebau5927u95e8uff0cu4e00u5c42u697cu7684u4f4fu5bbfu5305u62ecuff1au5e26u62f1u95e8\/u65e9u9910u5427u7684u8bbeu5907u9f50u5168u7684u53a8u623fuff0cu5e26u6cd5u5f0fu6ed1u52a8u53ccu7a97u7684u5ba2u5385\/u9910u5385uff0cu901au5f80u5e26u9876u68dau7684u671du5357u9732u53f0u4ee5u53cau901au5f80u82b1u56edu548cu70e7u70e4u533au7684u53f0u9636u3002u671du5357u7684u4e3bu5367u5ba4u914du6709u8863u67dcu3001u5957u95f4u6dcbu6d74u95f4u548cu6ed1u52a8u843du5730u7a97uff0cu53efu901au5f80u53efu6b23u8d4fu5927u897fu6d0bu6d77u666fu7684u79c1u4ebau9732u53f0u3002u540eu5367u5ba4u914du6709u8863u67dcu548cu72ecu7acbu6d74u5ba4u3002u8be5u7269u4e1au8fd8u53d7u76cau4e8eu5b89u5168u767eu53f6u7a97u3001u81eau6765u6c34\/u6c61u6c34\/u7164u6c14u3001u4e92u8054u7f51u8fdeu63a5u3002u8be5u8857u533au7684u516cu5bd3u7ecfu8425u826fu597duff0cu5408u7406u3002rnrnu8fd9u5957u5bbdu655eu660eu4eaeu901au98ceu7684u516cu5bd3u53efu4ee5u63d0u4f9bu6781u597du7684u51fau79dfu6f5cu529buff0cu975eu5e38u9002u5408u4e0au9501u548cu79bbu5f00u5ea6u5047u5c4buff08u76eeu524duff09uff0cu6216u8005u540cu6837u9002u5408u6c38u4e45u5c45u4f4fuff0cu5b83u4e5fu662fu4efbu4f55u4e0du60f3u5f00u8f66u7684u4ebau7684u7406u60f3u9009u62e9uff0cu56e0u4e3au6b65u884cu5373u53efu8f7bu677eu5230u8fbeu6751u5e84u5185u7684u4e00u5207u3002 u5f3au70c8u5efau8baeu901au8fc7u6211u4eecu5728 Praia da Luz u7684u529eu516cu5ba4u9884u7ea6u67e5u770bu8fd9u5957u516cu5bd3u3002rnrnPraia da Luzuff08u5149u4e4bu6d77u6ee9uff09u662fu4e00u4e2au53d7u6b22u8fceu7684u6751u5e84uff0cu4f4du4e8eu963fu5c14u52a0u7ef4u7684u897fu90e8u8fb9u7f18uff0cu9760u8fd1u963fu5c14u52a0u7ef4u7684u65e7u9996u90fdu62c9u5404u65afuff086 u516cu91ccuff09uff0cu62e5u6709u56fdu9645u7801u5934u548cu9e45u5375u77f3u8857u9053u3002u9152u5e97u53efu8f7bu677eu524du5f80u6cd5u9c81u56fdu9645u673au573auff0cu6cbfA22u963fu5c14u52a0u7ef4u4e3bu5e72u90531u53f7u4ea4u53c9u8defu53e3u884cu9a76u7ea61u5c0fu65f6u8f66u7a0bu3002rn\",\n                \"api_data\": {\n                    \"id\": 4213,\n                    \"businessType\": \"Sale\",\n                    \"type\": \"Apartment\",\n                    \"typeLocale\": \"u516cu5bd3\",\n                    \"condition_type\": \"Used\",\n                    \"features_list\": [\n                        \"????: 1991\",\n                        \"????\",\n                        \"??: ??\",\n                        \"???\",\n                        \"??\",\n                        \"??: ???\",\n                        \"??: ????\",\n                        \"??: ?????\",\n                        \"??????: D\",\n                        \"Fully fenced\",\n                        \"Sea View: yes\",\n                        \"???????\"\n                    ],\n                    \"currency\": \"u20ac\",\n                    \"status\": \"Active\",\n                    \"energy_rating\": \"D\",\n                    \"locale\": [\n                        {\n                            \"language\": \"zh\",\n                            \"labels\": [\n                                {\n                                    \"id\": 5,\n                                    \"text\": \"Exclusive\",\n                                    \"backgroundColor\": \"#ffffff\",\n                                    \"foregroundColor\": \"#000000\"\n                                }\n                            ],\n                            \"title\": \"u72ecu5bb6 - u671du5357uff0cu53efu6b23u8d4fu6d77u666fuff0cu4e00u697cuff0cu5e26u82b1u56edu7684 2 u5e8au5e95u697cu516cu5bd3\",\n                            \"description\": \"u4e00u6d41u7684u671du5357u30012 u5367u5ba4u30012 u6d74u5ba4u4e00u697cu3001u534au72ecu7acbu5f0fu516cu5bd3u4f4du4e8eu4f4du4e8e Praia da Luz u4e2du5fc3u7684u4e24u4e2au8857u533au4e4bu4e00uff0cu4fefu77b0u7740u4f4du4e8e Praia da Luz u4e2du5fc3u7684u6c34u8fb9u82b1u56edu7684u6e38u6cf3u6c60u548cu6868u573auff0cu6b65u884c 5 u5206u949fu5373u53efu5230u8fbeu7f8eu4e3du7684u6d77u6ee9u548cu6b65u884cu957fu5ecau3002rnrnu9152u5e97u7684u5165u53e3u662fu901au8fc7u901au5f80u4e3bu95e8u7684u5b89u5168u79c1u4ebau5927u95e8uff0cu4e00u5c42u697cu7684u4f4fu5bbfu5305u62ecuff1au5e26u62f1u95e8\/u65e9u9910u5427u7684u8bbeu5907u9f50u5168u7684u53a8u623fuff0cu5e26u6cd5u5f0fu6ed1u52a8u53ccu7a97u7684u5ba2u5385\/u9910u5385uff0cu901au5f80u5e26u9876u68dau7684u671du5357u9732u53f0u4ee5u53cau901au5f80u82b1u56edu548cu70e7u70e4u533au7684u53f0u9636u3002u671du5357u7684u4e3bu5367u5ba4u914du6709u8863u67dcu3001u5957u95f4u6dcbu6d74u95f4u548cu6ed1u52a8u843du5730u7a97uff0cu53efu901au5f80u53efu6b23u8d4fu5927u897fu6d0bu6d77u666fu7684u79c1u4ebau9732u53f0u3002u540eu5367u5ba4u914du6709u8863u67dcu548cu72ecu7acbu6d74u5ba4u3002u8be5u7269u4e1au8fd8u53d7u76cau4e8eu5b89u5168u767eu53f6u7a97u3001u81eau6765u6c34\/u6c61u6c34\/u7164u6c14u3001u4e92u8054u7f51u8fdeu63a5u3002u8be5u8857u533au7684u516cu5bd3u7ecfu8425u826fu597duff0cu5408u7406u3002rnrnu8fd9u5957u5bbdu655eu660eu4eaeu901au98ceu7684u516cu5bd3u53efu4ee5u63d0u4f9bu6781u597du7684u51fau79dfu6f5cu529buff0cu975eu5e38u9002u5408u4e0au9501u548cu79bbu5f00u5ea6u5047u5c4buff08u76eeu524duff09uff0cu6216u8005u540cu6837u9002u5408u6c38u4e45u5c45u4f4fuff0cu5b83u4e5fu662fu4efbu4f55u4e0du60f3u5f00u8f66u7684u4ebau7684u7406u60f3u9009u62e9uff0cu56e0u4e3au6b65u884cu5373u53efu8f7bu677eu5230u8fbeu6751u5e84u5185u7684u4e00u5207u3002 u5f3au70c8u5efau8baeu901au8fc7u6211u4eecu5728 Praia da Luz u7684u529eu516cu5ba4u9884u7ea6u67e5u770bu8fd9u5957u516cu5bd3u3002rnrnPraia da Luzuff08u5149u4e4bu6d77u6ee9uff09u662fu4e00u4e2au53d7u6b22u8fceu7684u6751u5e84uff0cu4f4du4e8eu963fu5c14u52a0u7ef4u7684u897fu90e8u8fb9u7f18uff0cu9760u8fd1u963fu5c14u52a0u7ef4u7684u65e7u9996u90fdu62c9u5404u65afuff086 u516cu91ccuff09uff0cu62e5u6709u56fdu9645u7801u5934u548cu9e45u5375u77f3u8857u9053u3002u9152u5e97u53efu8f7bu677eu524du5f80u6cd5u9c81u56fdu9645u673au573auff0cu6cbfA22u963fu5c14u52a0u7ef4u4e3bu5e72u90531u53f7u4ea4u53c9u8defu53e3u884cu9a76u7ea61u5c0fu65f6u8f66u7a0bu3002rn\",\n                            \"short\": \"O u548c O u72ecu6709 - u51fau8272u7684u671du5357uff0c2 u5e8a 2 u6d74u5ba4uff0cu4e00u697cuff0cu534au72ecu7acbu5f0fu6d77u666fu516cu5bd3uff0cu4f4du4e8eu4e24u4e2au8857u533au4e4bu4e00uff0cu4fefu77b0u4f4du4e8e Praia da Luz u4e2du5fc3u7684u6c34u8fb9u82b1u56edu7684u6e38u6cf3u6c60u548cu6868u573au3002u8be5u7269u4e1au8fd8u62e5u6709u81eau5df1u5bbdu655eu7684u79c1u4ebau4ebau5de5u8349u576au82b1u56edu548cu5e26u9876u68dau7684u70e7u70e4u533au7684u989du5916u597du5904u3002\",\n                            \"seokeywords\": \"Praia da Luz Lagos OandO  Ocean-CountryRSA100-639Village CentreAlgarve PortugalPaddle Club Praia da Luz Lagosu6d77u666fu516cu5bd3u4e00u697cu7269u4e1au5e26u82b1u56ed\"\n                        }\n                    ],\n                    \"location\": {\n                        \"Region\": \"Faro\",\n                        \"City\": \"Lagos\",\n                        \"Locality\": \"Luz\",\n                        \"InnerLocation\": {\n                            \"RegionId\": 66,\n                            \"CityId\": 724,\n                            \"LocalityId\": 10135,\n                            \"Zonename\": \"Praia da Luz\"\n                        },\n                        \"coordinates\": {\n                            \"latitude\": \"37.088397\",\n                            \"longitude\": \"-8.731416\"\n                        },\n                        \"zone\": \"Praia da Luz\",\n                        \"address\": \"4 F WATERSIDE GARDENS OCEAN CLUB RUA RAMALHETE PRAIA DA LUZ\",\n                        \"zipcode\": \"8600-160\"\n                    },\n                    \"listing_agent\": [\n                        {\n                            \"id\": 19,\n                            \"Name\": \"Jacqui Holt\",\n                            \"Email\": \"jacqui@oando.pt\",\n                            \"Phone\": \"+351282768703\",\n                            \"Cellphone\": \"+351282768703\",\n                            \"Photo\": \"https:\/\/cdn.proppy.app\/propertyphotos\/common\/api\/placeholder.jpg\",\n                            \"Locale\": [\n                                {\n                                    \"language\": \"zh\"\n                                }\n                            ],\n                            \"Active\": true,\n                            \"IsPrimaryAgent\": true\n                        }\n                    ],\n                    \"priceprefixhelper\": \"EUR\",\n                    \"features_list_enum\": [\n                        \"PrivateCondominium\",\n                        \"FittedWardrobes\",\n                        \"SeaViews\",\n                        \"Lift\",\n                        \"EquippedKitchen\",\n                        \"SecurityDoor\",\n                        \"MainsWater\"\n                    ],\n                    \"reference\": \"RSA100-639\",\n                    \"visibleOnWebsite\": true,\n                    \"bathrooms\": 2,\n                    \"bedrooms\": 2,\n                    \"construction_year\": 1991,\n                    \"price\": 440000,\n                    \"second_price\": 0,\n                    \"price_visible\": true,\n                    \"plot_area\": 187,\n                    \"living_area\": 95,\n                    \"photos\": [\n                        {\n                            \"Url\": \"https:\/\/cdn.proppy.app\/propertyphotos\/165\/379864de-4d20-4a75-82e3-004e71c46006\/4213\/a5c609ac-fddf-40e5-b1a1-b4dc57366103.jpg\",\n                            \"Category\": \"None\"\n                        },\n                        {\n                            \"Url\": \"https:\/\/cdn.proppy.app\/propertyphotos\/165\/379864de-4d20-4a75-82e3-004e71c46006\/4213\/e60970d9-39f3-4849-8372-35a627307c72.jpg\",\n                            \"Category\": \"None\",\n                            \"SortOrder\": 1\n                        },\n                        {\n                            \"Url\": \"https:\/\/cdn.proppy.app\/propertyphotos\/165\/379864de-4d20-4a75-82e3-004e71c46006\/4213\/11baad2e-2ff5-4c94-b861-a0efd7dac1e5.jpg\",\n                            \"Category\": \"None\",\n                            \"SortOrder\": 2\n                        },\n                        {\n                            \"Url\": \"https:\/\/cdn.proppy.app\/propertyphotos\/165\/379864de-4d20-4a75-82e3-004e71c46006\/4213\/4a69d7f4-fce9-4969-89d5-f9f2ed7f6334.jpg\",\n                            \"Category\": \"None\",\n                            \"SortOrder\": 3\n                        },\n                        {\n                            \"Url\": \"https:\/\/cdn.proppy.app\/propertyphotos\/165\/379864de-4d20-4a75-82e3-004e71c46006\/4213\/b9070ade-a362-466e-aab8-e3d878ad1da9.jpg\",\n                            \"Category\": \"None\",\n                            \"SortOrder\": 4\n                        },\n                        {\n                            \"Url\": \"https:\/\/cdn.proppy.app\/propertyphotos\/165\/379864de-4d20-4a75-82e3-004e71c46006\/4213\/9da437fb-2022-4dee-a381-995b4b01e124.jpg\",\n                            \"Category\": \"None\",\n                            \"SortOrder\": 5\n                        },\n                        {\n                            \"Url\": \"https:\/\/cdn.proppy.app\/propertyphotos\/165\/379864de-4d20-4a75-82e3-004e71c46006\/4213\/28bf5405-5a31-4905-9e7b-cfa8bfc7fb70.jpg\",\n                            \"Category\": \"None\",\n                            \"SortOrder\": 6\n                        },\n                        {\n                            \"Url\": \"https:\/\/cdn.proppy.app\/propertyphotos\/165\/379864de-4d20-4a75-82e3-004e71c46006\/4213\/22a5cfdc-2df9-4af6-a0cb-178104ec6ff4.jpg\",\n                            \"Category\": \"None\",\n                            \"SortOrder\": 7\n                        },\n                        {\n                            \"Url\": \"https:\/\/cdn.proppy.app\/propertyphotos\/165\/379864de-4d20-4a75-82e3-004e71c46006\/4213\/ccdae30e-08f6-4634-8970-997895573f5e.jpg\",\n                            \"Category\": \"None\",\n                            \"SortOrder\": 8\n                        },\n                        {\n                            \"Url\": \"https:\/\/cdn.proppy.app\/propertyphotos\/165\/379864de-4d20-4a75-82e3-004e71c46006\/4213\/198cad79-49e3-40dc-99b7-3529881c3a22.jpg\",\n                            \"Category\": \"None\",\n                            \"SortOrder\": 9\n                        },\n                        {\n                            \"Url\": \"https:\/\/cdn.proppy.app\/propertyphotos\/165\/379864de-4d20-4a75-82e3-004e71c46006\/4213\/3e9a662d-ec1c-4326-ba99-a905a236d9a8.jpg\",\n                            \"Category\": \"None\",\n                            \"SortOrder\": 10\n                        },\n                        {\n                            \"Url\": \"https:\/\/cdn.proppy.app\/propertyphotos\/165\/379864de-4d20-4a75-82e3-004e71c46006\/4213\/2b232ef2-6257-46d0-9327-937f2b0b45cc.jpg\",\n                            \"Category\": \"None\",\n                            \"SortOrder\": 11\n                        },\n                        {\n                            \"Url\": \"https:\/\/cdn.proppy.app\/propertyphotos\/165\/379864de-4d20-4a75-82e3-004e71c46006\/4213\/d349e8c8-804c-4e41-a5c1-acb4935b4925.jpg\",\n                            \"Category\": \"None\",\n                            \"SortOrder\": 12\n                        },\n                        {\n                            \"Url\": \"https:\/\/cdn.proppy.app\/propertyphotos\/165\/379864de-4d20-4a75-82e3-004e71c46006\/4213\/749450d2-1235-4007-b511-ba16c184516c.jpg\",\n                            \"Category\": \"None\",\n                            \"SortOrder\": 13\n                        },\n                        {\n                            \"Url\": \"https:\/\/cdn.proppy.app\/propertyphotos\/165\/379864de-4d20-4a75-82e3-004e71c46006\/4213\/1a0d010a-2388-45c6-87b4-350d29753503.jpg\",\n                            \"Category\": \"None\",\n                            \"SortOrder\": 14\n                        },\n                        {\n                            \"Url\": \"https:\/\/cdn.proppy.app\/propertyphotos\/165\/379864de-4d20-4a75-82e3-004e71c46006\/4213\/8d7589e8-7cb8-456f-88fe-7812d703e3fe.png\",\n                            \"Category\": \"None\",\n                            \"SortOrder\": 15\n                        }\n                    ],\n                    \"widepanorama\": \"https:\/\/tour.giraffe360.com\/d6198534269148babcab9db9272443b2\",\n                    \"exclusive\": true,\n                    \"createDate\": \"2025-09-22T12:13:59.5\",\n                    \"lastChangeDate\": \"2025-10-14T16:02:35.4\",\n                    \"preOffMarket\": false\n                }\n            }\n        }\n    }\n}"],"fave_property_price_prefix":[""],"fave_property_price":["440000"],"fave_property_price_postfix":[""],"fave_property_size":["83.25"],"fave_property_size_prefix":["Sq M"],"fave_property_land":["95"],"fave_property_land_postfix":["Sq M"],"fave_property_bedrooms":["2"],"fave_property_bathrooms":["2"],"fave_property_rooms":[""],"fave_property_garage":[""],"fave_property_id":["RSA100-639"],"fave_property_map":["0"],"fave_property_map_address":["Luz, Lagos, Faro, 8600-160"],"fave_property_location":[",,14"],"houzez_geolocation_lat":[""],"houzez_geolocation_long":[""],"fave_property_country":["Portugal"],"fave_property_address":[""],"fave_property_zip":["8600-160"],"fave_featured":["0"],"houzez_featured_listing_date":[""],"_thumbnail_id":["69900"],"images_stored_as_urls":[""],"fave_floor_plans_enable":["disable"],"fave_video_url":[""],"fave_virtual_tour":["https:\/\/tour.giraffe360.com\/d6198534269148babcab9db9272443b2"],"fave_energy_class":["D"],"fave_loggedintoview":["0"],"fave_single_content_area":["global"],"fave_single_top_area":["global"],"fave_prop_homeslider":["no"],"_property_import_data_time":["1777640327"],"_wpml_word_count":["391"],"houzez_total_property_views":["315"],"houzez_views_by_date":["a:61:{s:10:\"02-26-2026\";i:2;s:10:\"02-27-2026\";i:3;s:10:\"02-28-2026\";i:4;s:10:\"03-01-2026\";i:1;s:10:\"03-02-2026\";i:5;s:10:\"03-03-2026\";i:3;s:10:\"03-04-2026\";i:4;s:10:\"03-05-2026\";i:3;s:10:\"03-06-2026\";i:2;s:10:\"03-07-2026\";i:3;s:10:\"03-08-2026\";i:5;s:10:\"03-09-2026\";i:3;s:10:\"03-10-2026\";i:3;s:10:\"03-11-2026\";i:1;s:10:\"03-12-2026\";i:1;s:10:\"03-13-2026\";i:4;s:10:\"03-14-2026\";i:4;s:10:\"03-15-2026\";i:3;s:10:\"03-16-2026\";i:1;s:10:\"03-17-2026\";i:3;s:10:\"03-19-2026\";i:3;s:10:\"03-20-2026\";i:1;s:10:\"03-21-2026\";i:2;s:10:\"03-22-2026\";i:4;s:10:\"03-23-2026\";i:2;s:10:\"03-24-2026\";i:3;s:10:\"03-25-2026\";i:3;s:10:\"03-26-2026\";i:2;s:10:\"03-27-2026\";i:5;s:10:\"03-28-2026\";i:2;s:10:\"03-29-2026\";i:5;s:10:\"03-30-2026\";i:2;s:10:\"03-31-2026\";i:3;s:10:\"04-01-2026\";i:2;s:10:\"04-02-2026\";i:3;s:10:\"04-03-2026\";i:3;s:10:\"04-04-2026\";i:5;s:10:\"04-06-2026\";i:2;s:10:\"04-07-2026\";i:2;s:10:\"04-08-2026\";i:2;s:10:\"04-09-2026\";i:2;s:10:\"04-10-2026\";i:1;s:10:\"04-11-2026\";i:3;s:10:\"04-12-2026\";i:3;s:10:\"04-14-2026\";i:3;s:10:\"04-15-2026\";i:2;s:10:\"04-16-2026\";i:1;s:10:\"04-17-2026\";i:5;s:10:\"04-18-2026\";i:4;s:10:\"04-19-2026\";i:1;s:10:\"04-20-2026\";i:1;s:10:\"04-21-2026\";i:1;s:10:\"04-22-2026\";i:1;s:10:\"04-23-2026\";i:3;s:10:\"04-24-2026\";i:2;s:10:\"04-25-2026\";i:2;s:10:\"04-26-2026\";i:3;s:10:\"04-27-2026\";i:2;s:10:\"04-29-2026\";i:1;s:10:\"04-30-2026\";i:1;s:10:\"05-01-2026\";i:1;}"],"houzez_recently_viewed":["2026-05-01 11:42:15"],"fave_house_area":["95"],"fave_house_area_prefix":["Sq M"],"fave_land_area":["187"],"fave_land_area_postfix":["Sq M"],"_edit_lock":["1764002948:1"],"fave_agent_display_option":["agent_info"],"fave_agents":["150"],"fave_gross-area":["187"],"_elementor_page_assets":["a:0:{}"],"fave_property_images":["69900","69901","69902","69903","69904","69905","69906","69907","69908","69909","69910","69911","69912","69913","69914","69915"]},"_links":{"self":[{"href":"https:\/\/oando.pt\/pt-pt\/wp-json\/wp\/v2\/properties\/69933","targetHints":{"allow":["GET"]}}],"collection":[{"href":"https:\/\/oando.pt\/pt-pt\/wp-json\/wp\/v2\/properties"}],"about":[{"href":"https:\/\/oando.pt\/pt-pt\/wp-json\/wp\/v2\/types\/property"}],"author":[{"embeddable":true,"href":"https:\/\/oando.pt\/pt-pt\/wp-json\/wp\/v2\/users\/1"}],"version-history":[{"count":1,"href":"https:\/\/oando.pt\/pt-pt\/wp-json\/wp\/v2\/properties\/69933\/revisions"}],"predecessor-version":[{"id":85243,"href":"https:\/\/oando.pt\/pt-pt\/wp-json\/wp\/v2\/properties\/69933\/revisions\/85243"}],"wp:featuredmedia":[{"embeddable":true,"href":"https:\/\/oando.pt\/pt-pt\/wp-json\/wp\/v2\/media\/69900"}],"wp:attachment":[{"href":"https:\/\/oando.pt\/pt-pt\/wp-json\/wp\/v2\/media?parent=69933"}],"wp:term":[{"taxonomy":"property_type","embeddable":true,"href":"https:\/\/oando.pt\/pt-pt\/wp-json\/wp\/v2\/property_type?post=69933"},{"taxonomy":"property_status","embeddable":true,"href":"https:\/\/oando.pt\/pt-pt\/wp-json\/wp\/v2\/property_status?post=69933"},{"taxonomy":"property_feature","embeddable":true,"href":"https:\/\/oando.pt\/pt-pt\/wp-json\/wp\/v2\/property_feature?post=69933"},{"taxonomy":"property_label","embeddable":true,"href":"https:\/\/oando.pt\/pt-pt\/wp-json\/wp\/v2\/property_label?post=69933"},{"taxonomy":"property_country","embeddable":true,"href":"https:\/\/oando.pt\/pt-pt\/wp-json\/wp\/v2\/property_country?post=69933"},{"taxonomy":"property_state","embeddable":true,"href":"https:\/\/oando.pt\/pt-pt\/wp-json\/wp\/v2\/property_state?post=69933"},{"taxonomy":"property_city","embeddable":true,"href":"https:\/\/oando.pt\/pt-pt\/wp-json\/wp\/v2\/property_city?post=69933"},{"taxonomy":"property_area","embeddable":true,"href":"https:\/\/oando.pt\/pt-pt\/wp-json\/wp\/v2\/property_area?post=69933"}],"curies":[{"name":"wp","href":"https:\/\/api.w.org\/{rel}","templated":true}]}}