{"id":80280,"date":"2023-07-06T11:01:22","date_gmt":"2023-07-06T11:01:22","guid":{"rendered":"https:\/\/beta.oando.pt\/property\/terreno-investimento-em-aljezur\/"},"modified":"2026-04-30T10:32:45","modified_gmt":"2026-04-30T10:32:45","slug":"terreno-investimento-em-aljezur","status":"publish","type":"property","link":"https:\/\/oando.pt\/pt-pt\/property\/terreno-investimento-em-aljezur\/","title":{"rendered":"Terreno Investimento em Aljezur"},"content":{"rendered":"<p>A O&amp;O Portugal tem o prazer de anunciar que surgiu uma oportunidade incr\u00edvel para uma pessoa com meios, vis\u00e3o e imagina\u00e7\u00e3o para se tornar propriet\u00e1ria de uma grande \u00e1rea de terreno dentro do Parque Nacional da Costa Vicentina, mas a apenas um quil\u00f3metro de dist\u00e2ncia do leque de instala\u00e7\u00f5es que se encontra na hist\u00f3rica cidade costeira ocidental de Aljezur.<br \/>\nAs oportunidades para um projeto espetacular que este terreno oferece ao potencial comprador s\u00e3o amplas e variadas.<br \/>\nH\u00e1 belas caracter\u00edsticas de design hist\u00f3rico nas ru\u00ednas existentes de uma s\u00e9rie de edif\u00edcios, que somam 700m\u00b2, com potencial para construir com alta privacidade uma casa de at\u00e9 1000m\u00b2, dependendo da permiss\u00e3o de planeamento ap\u00f3s conversas com a prefeitura local.<br \/>\nAcredita-se, com cerca de 38+ hectares, ser uma das maiores extens\u00f5es de terra dispon\u00edveis t\u00e3o perto do centro hist\u00f3rico de Aljezur, mas \u00e9 totalmente independente, oferecendo encostas, vales e uma vasta gama de \u00e1rvores e vegeta\u00e7\u00e3o, sem mencionar algumas vistas impressionantes em todo vale, do rio Aljezur \u00e0 na serra de Monchique.<br \/>\nE, no entanto, apesar de todas estas caracter\u00edsticas rurais \u2013 incluindo um moinho de \u00e1gua e a sua pr\u00f3pria pequena barragem que n\u00e3o s\u00f3 \u00e9 abastecida com peixe para aqueles que gostam de pescar, mas que tamb\u00e9m atrai aves aqu\u00e1ticas e outros animais selvagens \u2013 a terra est\u00e1 a poucos minutos n\u00e3o s\u00f3 da cidade, mas tamb\u00e9m das praias da Arrifana e Monte Cl\u00e9rigo.<br \/>\nA entrada frontal ao n\u00edvel do mar d\u00e1 acesso directo \u00e0 estrada nacional N120 que leva a norte para Lisboa e a sul para Lagos, a autoestrada A22 e para Sagres.<br \/>\nE a entrada traseira, em que o terreno sobe cerca de 120 metros at\u00e9 ao planalto do Vale da Telha atrav\u00e9s da sua paisagem em enorme mudan\u00e7a, abre-se para a estrada que leva \u00e0s praias da Arrifana e Monte Cl\u00e9rigo e \u00e0s urbaniza\u00e7\u00f5es do Vale da Telha e Vales.<br \/>\nSe est\u00e1 interessado em aproveitar esta oportunidade emocionante, n\u00e3o hesite em contactar-nos para mais informa\u00e7\u00f5es. Enquanto isso, confira as fotografias e nossas pr\u00f3prias imagens de drone que mostram a terra em todos os seus detalhes gloriosos.<\/p>\n<p>PH100-114<\/p>\n","protected":false},"excerpt":{"rendered":"<p>A O&amp;O Portugal tem o prazer de anunciar que surgiu uma oportunidade incr\u00edvel para uma pessoa com meios, vis\u00e3o e imagina\u00e7\u00e3o para se tornar propriet\u00e1ria de uma grande \u00e1rea de terreno dentro do Parque Nacional da Costa Vicentina, mas a apenas um quil\u00f3metro de dist\u00e2ncia do leque de instala\u00e7\u00f5es que se encontra na hist\u00f3rica cidade [&hellip;]<\/p>\n","protected":false},"author":0,"featured_media":80265,"parent":0,"menu_order":0,"template":"","property_type":[3752],"property_status":[],"property_feature":[3044,2667,3038],"property_label":[3949],"property_country":[194],"property_state":[88],"property_city":[138],"property_area":[174],"class_list":["post-80280","property","type-property","status-publish","has-post-thumbnail","hentry","property_type-ruina","property_feature-certificacao-energetica-isento","property_feature-vista-vista-campo","property_feature-vista-vista-lago","property_label-reduced","property_country-portugal","property_state-faro","property_city-aljezur","property_area-aljezur"],"aioseo_notices":[],"property_meta":{"_imported_ref_1759743462":["4094"],"_property_import_data":["{\n    \"id\": 4094,\n    \"businessType\": \"Sale\",\n    \"businessTypeLocale\": \"For sale\",\n    \"type\": \"Ruin\",\n    \"typeLocale\": \"Ruin\",\n    \"condition_type\": \"NotApplicable\",\n    \"conditionTypeLocale\": \"Not applicable\",\n    \"features_list\": [\n        \"Views: Countryside views\",\n        \"Energetic certification: Exempt\",\n        \"Views: Lake view\"\n    ],\n    \"currency\": \"u20ac\",\n    \"status\": \"Active\",\n    \"energy_rating\": \"Exempt\",\n    \"locale\": [\n        {\n            \"language\": \"en\",\n            \"labels\": [\n                {\n                    \"id\": 3,\n                    \"text\": \"Reduced\",\n                    \"backgroundColor\": \"#ffffff\",\n                    \"foregroundColor\": \"#000000\"\n                }\n            ],\n            \"title\": \"Aljezur Land For Investment\",\n            \"description\": \"O&O Portugal are pleased to announce that an amazing opportunity has arisen for a person with the means, vision and imagination to become the owner of a large area of land within the Costa Vicentina National Park, yet barely a kilometre away from the range of facilities to be found in the historic west coast town of Aljezur.rnThe opportunities for a spectacular project this land offers to the prospective buyer are wide and varied.rnThere are lovely historical design features in the existing ruins of a number of buildings, which add up to 700sqm, with the potential to construct with high privacy a house up to 1000sqm, depending on planning permission after talks with the local council.rnIt is believed, at some 38+ hectares, to be one of the largest tracts of land available so close to the centre of historic Aljezur, yet is entirely independent, offering hillsides, valleys, and a vast range of trees and vegetation, not so mention some awesome across the Aljezur river valley and on to the Monchique mountain range.rnAnd yet, despite all of these rural featuresu2014including a water mill and its own small barragem which is not only stocked with fish for those who love angling, but which also attracts waterfowl and other wildlifeu2014the land is only minutes away not just from the town but also from the beaches of Arrifana and Monte Clerigo.rnThe front sea level entrance to the land gives direct access to the national N120 road which leads north to Lisbon and south to Lagos, the A22 motorway and to Sagres.rnAnd the rear entrance, after the land has risen some 120 metres up to the Vale da Telha plateau through its hugely changing landscape, opens onto the road that leads to the beaches of Arrifana and Monte Clerigo and to the urbanisations of Vale da Telha and Vales.rnIf you are interested in taking advantage of this exciting opportunity donu2019t hesitate to contact us for more information. In the meantime please check out the photographs and our own drone footage which shows the land in all of its glorious detail.rnrnPH100-114\",\n            \"seokeywords\": \"Land aljezur,piece of land aljezur,land to sell,PH100-114,O AND O ,OCEAN-COUNTRY,PROPERTY PORTUGAL\"\n        }\n    ],\n    \"location\": {\n        \"Country\": \"Portugal\",\n        \"Region\": \"Faro\",\n        \"City\": \"Aljezur\",\n        \"Locality\": \"Aljezur\",\n        \"InnerLocation\": {\n            \"RegionId\": 66,\n            \"CityId\": 720,\n            \"LocalityId\": 10113,\n            \"Zonename\": \"Aljezur\"\n        },\n        \"coordinates\": [],\n        \"zone\": \"Aljezur\",\n        \"address\": \"Moinho do Corisco\"\n    },\n    \"listing_agent\": [\n        {\n            \"id\": 262,\n            \"Name\": \"Matt D'Arcy\",\n            \"Email\": \"matt@ocean-country.com\",\n            \"Phone\": \"918567878\",\n            \"Photo\": \"https:\/\/cdn.proppy.app\/propertyphotos\/common\/api\/placeholder.jpg\",\n            \"Locale\": [\n                {\n                    \"language\": \"en\"\n                }\n            ],\n            \"Active\": true,\n            \"IsPrimaryAgent\": true\n        },\n        {\n            \"id\": 11941,\n            \"Name\": \"Sara D'Arcy\",\n            \"Email\": \"sara.darcy@oando.pt\",\n            \"Photo\": \"https:\/\/cdn.proppy.app\/propertyphotos\/common\/api\/placeholder.jpg\",\n            \"Locale\": [\n                {\n                    \"language\": \"en\"\n                }\n            ],\n            \"Active\": true,\n            \"IsPrimaryAgent\": false\n        }\n    ],\n    \"priceprefixhelper\": \"EUR\",\n    \"typology\": \"Not applicable\",\n    \"reference\": \"PH100-114\",\n    \"visibleOnWebsite\": true,\n    \"bathrooms\": 0,\n    \"price\": 2600000,\n    \"second_price\": 0,\n    \"price_visible\": true,\n    \"plot_area\": 380250,\n    \"living_area\": 674.8999999999999772626324556767940521240234375,\n    \"photos\": [\n        {\n            \"Url\": \"https:\/\/cdn.proppy.app\/propertyphotos\/165\/379864de-4d20-4a75-82e3-004e71c46006\/4094\/71074c5b-31b2-4b8d-bfe3-8e18e32e9938.jpg\",\n            \"Category\": \"None\"\n        },\n        {\n            \"Url\": \"https:\/\/cdn.proppy.app\/propertyphotos\/165\/379864de-4d20-4a75-82e3-004e71c46006\/4094\/91820fe8-abfe-4622-a5fe-af8c821c0317.jpg\",\n            \"Category\": \"None\",\n            \"SortOrder\": 1\n        },\n        {\n            \"Url\": \"https:\/\/cdn.proppy.app\/propertyphotos\/165\/379864de-4d20-4a75-82e3-004e71c46006\/4094\/66faa589-6431-42ba-9728-5daa59ce25f3.jpg\",\n            \"Category\": \"None\",\n            \"SortOrder\": 2\n        },\n        {\n            \"Url\": \"https:\/\/cdn.proppy.app\/propertyphotos\/165\/379864de-4d20-4a75-82e3-004e71c46006\/4094\/01b78641-0a04-4569-939f-3901032ebd3b.jpg\",\n            \"Category\": \"None\",\n            \"SortOrder\": 3\n        },\n        {\n            \"Url\": \"https:\/\/cdn.proppy.app\/propertyphotos\/165\/379864de-4d20-4a75-82e3-004e71c46006\/4094\/48527c0c-2153-419c-bcd0-b4c191c69a04.jpg\",\n            \"Category\": \"None\",\n            \"SortOrder\": 4\n        },\n        {\n            \"Url\": \"https:\/\/cdn.proppy.app\/propertyphotos\/165\/379864de-4d20-4a75-82e3-004e71c46006\/4094\/f93caf88-bfa6-4873-98e1-76ad403f41ae.jpg\",\n            \"Category\": \"None\",\n            \"SortOrder\": 5\n        },\n        {\n            \"Url\": \"https:\/\/cdn.proppy.app\/propertyphotos\/165\/379864de-4d20-4a75-82e3-004e71c46006\/4094\/61de5d2c-d5ef-4766-9162-01bf8d02a8a9.jpeg\",\n            \"Category\": \"None\",\n            \"SortOrder\": 6\n        }\n    ],\n    \"createDate\": \"2023-07-06T11:01:22.27\",\n    \"lastChangeDate\": \"2025-11-17T12:36:02.74\",\n    \"preOffMarket\": false,\n    \"_multilingual_data\": {\n        \"base_property\": {\n            \"id\": 4094,\n            \"businessType\": \"Sale\",\n            \"businessTypeLocale\": \"For sale\",\n            \"type\": \"Ruin\",\n            \"typeLocale\": \"Ruin\",\n            \"condition_type\": \"NotApplicable\",\n            \"conditionTypeLocale\": \"Not applicable\",\n            \"features_list\": [\n                \"Views: Countryside views\",\n                \"Energetic certification: Exempt\",\n                \"Views: Lake view\"\n            ],\n            \"currency\": \"u20ac\",\n            \"status\": \"Active\",\n            \"energy_rating\": \"Exempt\",\n            \"locale\": [\n                {\n                    \"language\": \"en\",\n                    \"labels\": [\n                        {\n                            \"id\": 3,\n                            \"text\": \"Reduced\",\n                            \"backgroundColor\": \"#ffffff\",\n                            \"foregroundColor\": \"#000000\"\n                        }\n                    ],\n                    \"title\": \"Aljezur Land For Investment\",\n                    \"description\": \"O&O Portugal are pleased to announce that an amazing opportunity has arisen for a person with the means, vision and imagination to become the owner of a large area of land within the Costa Vicentina National Park, yet barely a kilometre away from the range of facilities to be found in the historic west coast town of Aljezur.rnThe opportunities for a spectacular project this land offers to the prospective buyer are wide and varied.rnThere are lovely historical design features in the existing ruins of a number of buildings, which add up to 700sqm, with the potential to construct with high privacy a house up to 1000sqm, depending on planning permission after talks with the local council.rnIt is believed, at some 38+ hectares, to be one of the largest tracts of land available so close to the centre of historic Aljezur, yet is entirely independent, offering hillsides, valleys, and a vast range of trees and vegetation, not so mention some awesome across the Aljezur river valley and on to the Monchique mountain range.rnAnd yet, despite all of these rural featuresu2014including a water mill and its own small barragem which is not only stocked with fish for those who love angling, but which also attracts waterfowl and other wildlifeu2014the land is only minutes away not just from the town but also from the beaches of Arrifana and Monte Clerigo.rnThe front sea level entrance to the land gives direct access to the national N120 road which leads north to Lisbon and south to Lagos, the A22 motorway and to Sagres.rnAnd the rear entrance, after the land has risen some 120 metres up to the Vale da Telha plateau through its hugely changing landscape, opens onto the road that leads to the beaches of Arrifana and Monte Clerigo and to the urbanisations of Vale da Telha and Vales.rnIf you are interested in taking advantage of this exciting opportunity donu2019t hesitate to contact us for more information. In the meantime please check out the photographs and our own drone footage which shows the land in all of its glorious detail.rnrnPH100-114\",\n                    \"seokeywords\": \"Land aljezur,piece of land aljezur,land to sell,PH100-114,O AND O ,OCEAN-COUNTRY,PROPERTY PORTUGAL\"\n                }\n            ],\n            \"location\": {\n                \"Country\": \"Portugal\",\n                \"Region\": \"Faro\",\n                \"City\": \"Aljezur\",\n                \"Locality\": \"Aljezur\",\n                \"InnerLocation\": {\n                    \"RegionId\": 66,\n                    \"CityId\": 720,\n                    \"LocalityId\": 10113,\n                    \"Zonename\": \"Aljezur\"\n                },\n                \"coordinates\": [],\n                \"zone\": \"Aljezur\",\n                \"address\": \"Moinho do Corisco\"\n            },\n            \"listing_agent\": [\n                {\n                    \"id\": 262,\n                    \"Name\": \"Matt D'Arcy\",\n                    \"Email\": \"matt@ocean-country.com\",\n                    \"Phone\": \"918567878\",\n                    \"Photo\": \"https:\/\/cdn.proppy.app\/propertyphotos\/common\/api\/placeholder.jpg\",\n                    \"Locale\": [\n                        {\n                            \"language\": \"en\"\n                        }\n                    ],\n                    \"Active\": true,\n                    \"IsPrimaryAgent\": true\n                },\n                {\n                    \"id\": 11941,\n                    \"Name\": \"Sara D'Arcy\",\n                    \"Email\": \"sara.darcy@oando.pt\",\n                    \"Photo\": \"https:\/\/cdn.proppy.app\/propertyphotos\/common\/api\/placeholder.jpg\",\n                    \"Locale\": [\n                        {\n                            \"language\": \"en\"\n                        }\n                    ],\n                    \"Active\": true,\n                    \"IsPrimaryAgent\": false\n                }\n            ],\n            \"priceprefixhelper\": \"EUR\",\n            \"typology\": \"Not applicable\",\n            \"reference\": \"PH100-114\",\n            \"visibleOnWebsite\": true,\n            \"bathrooms\": 0,\n            \"price\": 2600000,\n            \"second_price\": 0,\n            \"price_visible\": true,\n            \"plot_area\": 380250,\n            \"living_area\": 674.8999999999999772626324556767940521240234375,\n            \"photos\": [\n                {\n                    \"Url\": \"https:\/\/cdn.proppy.app\/propertyphotos\/165\/379864de-4d20-4a75-82e3-004e71c46006\/4094\/71074c5b-31b2-4b8d-bfe3-8e18e32e9938.jpg\",\n                    \"Category\": \"None\"\n                },\n                {\n                    \"Url\": \"https:\/\/cdn.proppy.app\/propertyphotos\/165\/379864de-4d20-4a75-82e3-004e71c46006\/4094\/91820fe8-abfe-4622-a5fe-af8c821c0317.jpg\",\n                    \"Category\": \"None\",\n                    \"SortOrder\": 1\n                },\n                {\n                    \"Url\": \"https:\/\/cdn.proppy.app\/propertyphotos\/165\/379864de-4d20-4a75-82e3-004e71c46006\/4094\/66faa589-6431-42ba-9728-5daa59ce25f3.jpg\",\n                    \"Category\": \"None\",\n                    \"SortOrder\": 2\n                },\n                {\n                    \"Url\": \"https:\/\/cdn.proppy.app\/propertyphotos\/165\/379864de-4d20-4a75-82e3-004e71c46006\/4094\/01b78641-0a04-4569-939f-3901032ebd3b.jpg\",\n                    \"Category\": \"None\",\n                    \"SortOrder\": 3\n                },\n                {\n                    \"Url\": \"https:\/\/cdn.proppy.app\/propertyphotos\/165\/379864de-4d20-4a75-82e3-004e71c46006\/4094\/48527c0c-2153-419c-bcd0-b4c191c69a04.jpg\",\n                    \"Category\": \"None\",\n                    \"SortOrder\": 4\n                },\n                {\n                    \"Url\": \"https:\/\/cdn.proppy.app\/propertyphotos\/165\/379864de-4d20-4a75-82e3-004e71c46006\/4094\/f93caf88-bfa6-4873-98e1-76ad403f41ae.jpg\",\n                    \"Category\": \"None\",\n                    \"SortOrder\": 5\n                },\n                {\n                    \"Url\": \"https:\/\/cdn.proppy.app\/propertyphotos\/165\/379864de-4d20-4a75-82e3-004e71c46006\/4094\/61de5d2c-d5ef-4766-9162-01bf8d02a8a9.jpeg\",\n                    \"Category\": \"None\",\n                    \"SortOrder\": 6\n                }\n            ],\n            \"createDate\": \"2023-07-06T11:01:22.27\",\n            \"lastChangeDate\": \"2025-11-17T12:36:02.74\",\n            \"preOffMarket\": false\n        },\n        \"translations\": {\n            \"en\": {\n                \"title\": \"Aljezur Land For Investment\",\n                \"excerpt\": \"\",\n                \"content\": \"O&O Portugal are pleased to announce that an amazing opportunity has arisen for a person with the means, vision and imagination to become the owner of a large area of land within the Costa Vicentina National Park, yet barely a kilometre away from the range of facilities to be found in the historic west coast town of Aljezur.rnThe opportunities for a spectacular project this land offers to the prospective buyer are wide and varied.rnThere are lovely historical design features in the existing ruins of a number of buildings, which add up to 700sqm, with the potential to construct with high privacy a house up to 1000sqm, depending on planning permission after talks with the local council.rnIt is believed, at some 38+ hectares, to be one of the largest tracts of land available so close to the centre of historic Aljezur, yet is entirely independent, offering hillsides, valleys, and a vast range of trees and vegetation, not so mention some awesome across the Aljezur river valley and on to the Monchique mountain range.rnAnd yet, despite all of these rural featuresu2014including a water mill and its own small barragem which is not only stocked with fish for those who love angling, but which also attracts waterfowl and other wildlifeu2014the land is only minutes away not just from the town but also from the beaches of Arrifana and Monte Clerigo.rnThe front sea level entrance to the land gives direct access to the national N120 road which leads north to Lisbon and south to Lagos, the A22 motorway and to Sagres.rnAnd the rear entrance, after the land has risen some 120 metres up to the Vale da Telha plateau through its hugely changing landscape, opens onto the road that leads to the beaches of Arrifana and Monte Clerigo and to the urbanisations of Vale da Telha and Vales.rnIf you are interested in taking advantage of this exciting opportunity donu2019t hesitate to contact us for more information. In the meantime please check out the photographs and our own drone footage which shows the land in all of its glorious detail.rnrnPH100-114\",\n                \"api_data\": {\n                    \"id\": 4094,\n                    \"businessType\": \"Sale\",\n                    \"businessTypeLocale\": \"For sale\",\n                    \"type\": \"Ruin\",\n                    \"typeLocale\": \"Ruin\",\n                    \"condition_type\": \"NotApplicable\",\n                    \"conditionTypeLocale\": \"Not applicable\",\n                    \"features_list\": [\n                        \"Views: Countryside views\",\n                        \"Energetic certification: Exempt\",\n                        \"Views: Lake view\"\n                    ],\n                    \"currency\": \"u20ac\",\n                    \"status\": \"Active\",\n                    \"energy_rating\": \"Exempt\",\n                    \"locale\": [\n                        {\n                            \"language\": \"en\",\n                            \"labels\": [\n                                {\n                                    \"id\": 3,\n                                    \"text\": \"Reduced\",\n                                    \"backgroundColor\": \"#ffffff\",\n                                    \"foregroundColor\": \"#000000\"\n                                }\n                            ],\n                            \"title\": \"Aljezur Land For Investment\",\n                            \"description\": \"O&O Portugal are pleased to announce that an amazing opportunity has arisen for a person with the means, vision and imagination to become the owner of a large area of land within the Costa Vicentina National Park, yet barely a kilometre away from the range of facilities to be found in the historic west coast town of Aljezur.rnThe opportunities for a spectacular project this land offers to the prospective buyer are wide and varied.rnThere are lovely historical design features in the existing ruins of a number of buildings, which add up to 700sqm, with the potential to construct with high privacy a house up to 1000sqm, depending on planning permission after talks with the local council.rnIt is believed, at some 38+ hectares, to be one of the largest tracts of land available so close to the centre of historic Aljezur, yet is entirely independent, offering hillsides, valleys, and a vast range of trees and vegetation, not so mention some awesome across the Aljezur river valley and on to the Monchique mountain range.rnAnd yet, despite all of these rural featuresu2014including a water mill and its own small barragem which is not only stocked with fish for those who love angling, but which also attracts waterfowl and other wildlifeu2014the land is only minutes away not just from the town but also from the beaches of Arrifana and Monte Clerigo.rnThe front sea level entrance to the land gives direct access to the national N120 road which leads north to Lisbon and south to Lagos, the A22 motorway and to Sagres.rnAnd the rear entrance, after the land has risen some 120 metres up to the Vale da Telha plateau through its hugely changing landscape, opens onto the road that leads to the beaches of Arrifana and Monte Clerigo and to the urbanisations of Vale da Telha and Vales.rnIf you are interested in taking advantage of this exciting opportunity donu2019t hesitate to contact us for more information. In the meantime please check out the photographs and our own drone footage which shows the land in all of its glorious detail.rnrnPH100-114\",\n                            \"seokeywords\": \"Land aljezur,piece of land aljezur,land to sell,PH100-114,O AND O ,OCEAN-COUNTRY,PROPERTY PORTUGAL\"\n                        }\n                    ],\n                    \"location\": {\n                        \"Country\": \"Portugal\",\n                        \"Region\": \"Faro\",\n                        \"City\": \"Aljezur\",\n                        \"Locality\": \"Aljezur\",\n                        \"InnerLocation\": {\n                            \"RegionId\": 66,\n                            \"CityId\": 720,\n                            \"LocalityId\": 10113,\n                            \"Zonename\": \"Aljezur\"\n                        },\n                        \"coordinates\": [],\n                        \"zone\": \"Aljezur\",\n                        \"address\": \"Moinho do Corisco\"\n                    },\n                    \"listing_agent\": [\n                        {\n                            \"id\": 262,\n                            \"Name\": \"Matt D'Arcy\",\n                            \"Email\": \"matt@ocean-country.com\",\n                            \"Phone\": \"918567878\",\n                            \"Photo\": \"https:\/\/cdn.proppy.app\/propertyphotos\/common\/api\/placeholder.jpg\",\n                            \"Locale\": [\n                                {\n                                    \"language\": \"en\"\n                                }\n                            ],\n                            \"Active\": true,\n                            \"IsPrimaryAgent\": true\n                        },\n                        {\n                            \"id\": 11941,\n                            \"Name\": \"Sara D'Arcy\",\n                            \"Email\": \"sara.darcy@oando.pt\",\n                            \"Photo\": \"https:\/\/cdn.proppy.app\/propertyphotos\/common\/api\/placeholder.jpg\",\n                            \"Locale\": [\n                                {\n                                    \"language\": \"en\"\n                                }\n                            ],\n                            \"Active\": true,\n                            \"IsPrimaryAgent\": false\n                        }\n                    ],\n                    \"priceprefixhelper\": \"EUR\",\n                    \"typology\": \"Not applicable\",\n                    \"reference\": \"PH100-114\",\n                    \"visibleOnWebsite\": true,\n                    \"bathrooms\": 0,\n                    \"price\": 2600000,\n                    \"second_price\": 0,\n                    \"price_visible\": true,\n                    \"plot_area\": 380250,\n                    \"living_area\": 674.8999999999999772626324556767940521240234375,\n                    \"photos\": [\n                        {\n                            \"Url\": \"https:\/\/cdn.proppy.app\/propertyphotos\/165\/379864de-4d20-4a75-82e3-004e71c46006\/4094\/71074c5b-31b2-4b8d-bfe3-8e18e32e9938.jpg\",\n                            \"Category\": \"None\"\n                        },\n                        {\n                            \"Url\": \"https:\/\/cdn.proppy.app\/propertyphotos\/165\/379864de-4d20-4a75-82e3-004e71c46006\/4094\/91820fe8-abfe-4622-a5fe-af8c821c0317.jpg\",\n                            \"Category\": \"None\",\n                            \"SortOrder\": 1\n                        },\n                        {\n                            \"Url\": \"https:\/\/cdn.proppy.app\/propertyphotos\/165\/379864de-4d20-4a75-82e3-004e71c46006\/4094\/66faa589-6431-42ba-9728-5daa59ce25f3.jpg\",\n                            \"Category\": \"None\",\n                            \"SortOrder\": 2\n                        },\n                        {\n                            \"Url\": \"https:\/\/cdn.proppy.app\/propertyphotos\/165\/379864de-4d20-4a75-82e3-004e71c46006\/4094\/01b78641-0a04-4569-939f-3901032ebd3b.jpg\",\n                            \"Category\": \"None\",\n                            \"SortOrder\": 3\n                        },\n                        {\n                            \"Url\": \"https:\/\/cdn.proppy.app\/propertyphotos\/165\/379864de-4d20-4a75-82e3-004e71c46006\/4094\/48527c0c-2153-419c-bcd0-b4c191c69a04.jpg\",\n                            \"Category\": \"None\",\n                            \"SortOrder\": 4\n                        },\n                        {\n                            \"Url\": \"https:\/\/cdn.proppy.app\/propertyphotos\/165\/379864de-4d20-4a75-82e3-004e71c46006\/4094\/f93caf88-bfa6-4873-98e1-76ad403f41ae.jpg\",\n                            \"Category\": \"None\",\n                            \"SortOrder\": 5\n                        },\n                        {\n                            \"Url\": \"https:\/\/cdn.proppy.app\/propertyphotos\/165\/379864de-4d20-4a75-82e3-004e71c46006\/4094\/61de5d2c-d5ef-4766-9162-01bf8d02a8a9.jpeg\",\n                            \"Category\": \"None\",\n                            \"SortOrder\": 6\n                        }\n                    ],\n                    \"createDate\": \"2023-07-06T11:01:22.27\",\n                    \"lastChangeDate\": \"2025-11-17T12:36:02.74\",\n                    \"preOffMarket\": false\n                }\n            },\n            \"es\": {\n                \"title\": \"Aljezur Terreno En Venta\",\n                \"excerpt\": \"\",\n                \"content\": \"O&O Portugal se complace en anunciar que ha surgido una oportunidad increu00edble para una persona con los medios, la visiu00f3n y la imaginaciu00f3n para convertirse en propietaria de una gran u00e1rea de tierra dentro del Parque Nacional Costa Vicentina, pero a apenas un kilu00f3metro de distancia de la gama de instalaciones que se encuentran en la histu00f3rica ciudad costera oeste de Aljezur.rnLas oportunidades para un proyecto espectacular que este terreno ofrece al posible comprador son amplias y variadas.rnHay hermosas caracteru00edsticas de diseu00f1o histu00f3rico en las ruinas existentes de varios edificios, que suman 700 metros cuadrados, con el potencial de construir con alta privacidad una casa de hasta 1000 metros cuadrados, dependiendo del permiso de planificaciu00f3n despuu00e9s de las conversaciones con el consejo local.rnSe cree, en unas 38+ hectu00e1reas, que es una de las mayores extensiones de tierra disponibles tan cerca del centro histu00f3rico de Aljezur, pero es totalmente independiente, ofreciendo laderas, valles y una amplia gama de u00e1rboles y vegetaciu00f3n, por no mencionar algunos impresionantes a travu00e9s del valle del ru00edo Aljezur y en la cordillera de Monchique.rnY, sin embargo, a pesar de todas estas caracteru00edsticas rurales, incluido un molino de agua y su propia pequeu00f1a barragema que no solo estu00e1 llena de peces para los amantes de la pesca, sino que tambiu00e9n atrae a aves acuu00e1ticas y otros animales salvajes, la tierra estu00e1 a solo minutos de la ciudad sino tambiu00e9n de las playas de Arrifana y Monte Clerigo.rnLa entrada frontal a nivel del mar a la tierra da acceso directo a la carretera nacional N120 que conduce al norte a Lisboa y al sur a Lagos, la autopista A22 y a Sagres.rnY la entrada trasera, despuu00e9s de que la tierra se haya elevado unos 120 metros hasta la meseta de Vale da Telha a travu00e9s de su paisaje enormemente cambiante, se abre a la carretera que conduce a las playas de Arrifana y Monte Clerigo y a las urbanizaciones de Vale da Telha y Vales.rnSi estu00e1 interesado en aprovechar esta emocionante oportunidad, no dude en contactarnos para obtener mu00e1s informaciu00f3n. Mientras tanto, echa un vistazo a las fotografu00edas y nuestras propias imu00e1genes de drones que muestran la tierra en todos sus gloriosos detalles.rnrnPH100-114\",\n                \"api_data\": {\n                    \"id\": 4094,\n                    \"businessType\": \"Sale\",\n                    \"businessTypeLocale\": \"Venta\",\n                    \"type\": \"Ruin\",\n                    \"typeLocale\": \"Ruina\",\n                    \"condition_type\": \"NotApplicable\",\n                    \"conditionTypeLocale\": \"No aplicable\",\n                    \"features_list\": [\n                        \"Vistas: Vistas al campo\",\n                        \"Certificaciu00f3n energu00e9tica: Exento\",\n                        \"Vistas: Vistas al lago\"\n                    ],\n                    \"currency\": \"u20ac\",\n                    \"status\": \"Active\",\n                    \"energy_rating\": \"Exempt\",\n                    \"locale\": [\n                        {\n                            \"language\": \"es\",\n                            \"labels\": [\n                                {\n                                    \"id\": 3,\n                                    \"text\": \"Reducido\",\n                                    \"backgroundColor\": \"#ffffff\",\n                                    \"foregroundColor\": \"#000000\"\n                                }\n                            ],\n                            \"title\": \"Aljezur Terreno En Venta\",\n                            \"description\": \"O&O Portugal se complace en anunciar que ha surgido una oportunidad increu00edble para una persona con los medios, la visiu00f3n y la imaginaciu00f3n para convertirse en propietaria de una gran u00e1rea de tierra dentro del Parque Nacional Costa Vicentina, pero a apenas un kilu00f3metro de distancia de la gama de instalaciones que se encuentran en la histu00f3rica ciudad costera oeste de Aljezur.rnLas oportunidades para un proyecto espectacular que este terreno ofrece al posible comprador son amplias y variadas.rnHay hermosas caracteru00edsticas de diseu00f1o histu00f3rico en las ruinas existentes de varios edificios, que suman 700 metros cuadrados, con el potencial de construir con alta privacidad una casa de hasta 1000 metros cuadrados, dependiendo del permiso de planificaciu00f3n despuu00e9s de las conversaciones con el consejo local.rnSe cree, en unas 38+ hectu00e1reas, que es una de las mayores extensiones de tierra disponibles tan cerca del centro histu00f3rico de Aljezur, pero es totalmente independiente, ofreciendo laderas, valles y una amplia gama de u00e1rboles y vegetaciu00f3n, por no mencionar algunos impresionantes a travu00e9s del valle del ru00edo Aljezur y en la cordillera de Monchique.rnY, sin embargo, a pesar de todas estas caracteru00edsticas rurales, incluido un molino de agua y su propia pequeu00f1a barragema que no solo estu00e1 llena de peces para los amantes de la pesca, sino que tambiu00e9n atrae a aves acuu00e1ticas y otros animales salvajes, la tierra estu00e1 a solo minutos de la ciudad sino tambiu00e9n de las playas de Arrifana y Monte Clerigo.rnLa entrada frontal a nivel del mar a la tierra da acceso directo a la carretera nacional N120 que conduce al norte a Lisboa y al sur a Lagos, la autopista A22 y a Sagres.rnY la entrada trasera, despuu00e9s de que la tierra se haya elevado unos 120 metros hasta la meseta de Vale da Telha a travu00e9s de su paisaje enormemente cambiante, se abre a la carretera que conduce a las playas de Arrifana y Monte Clerigo y a las urbanizaciones de Vale da Telha y Vales.rnSi estu00e1 interesado en aprovechar esta emocionante oportunidad, no dude en contactarnos para obtener mu00e1s informaciu00f3n. Mientras tanto, echa un vistazo a las fotografu00edas y nuestras propias imu00e1genes de drones que muestran la tierra en todos sus gloriosos detalles.rnrnPH100-114\",\n                            \"seokeywords\": \"Land aljezur,plot aljezur,pedazo de terreno aljezur,oportunity aljezur,terreno para vender\"\n                        }\n                    ],\n                    \"location\": {\n                        \"Country\": \"Portugal\",\n                        \"Region\": \"Faro\",\n                        \"City\": \"Aljezur\",\n                        \"Locality\": \"Aljezur\",\n                        \"InnerLocation\": {\n                            \"RegionId\": 66,\n                            \"CityId\": 720,\n                            \"LocalityId\": 10113,\n                            \"Zonename\": \"Aljezur\"\n                        },\n                        \"coordinates\": [],\n                        \"zone\": \"Aljezur\",\n                        \"address\": \"Moinho do Corisco\"\n                    },\n                    \"listing_agent\": [\n                        {\n                            \"id\": 262,\n                            \"Name\": \"Matt D'Arcy\",\n                            \"Email\": \"matt@ocean-country.com\",\n                            \"Phone\": \"918567878\",\n                            \"Photo\": \"https:\/\/cdn.proppy.app\/propertyphotos\/common\/api\/placeholder.jpg\",\n                            \"Locale\": [\n                                {\n                                    \"language\": \"es\"\n                                }\n                            ],\n                            \"Active\": true,\n                            \"IsPrimaryAgent\": true\n                        },\n                        {\n                            \"id\": 11941,\n                            \"Name\": \"Sara D'Arcy\",\n                            \"Email\": \"sara.darcy@oando.pt\",\n                            \"Photo\": \"https:\/\/cdn.proppy.app\/propertyphotos\/common\/api\/placeholder.jpg\",\n                            \"Locale\": [\n                                {\n                                    \"language\": \"es\"\n                                }\n                            ],\n                            \"Active\": true,\n                            \"IsPrimaryAgent\": false\n                        }\n                    ],\n                    \"priceprefixhelper\": \"EUR\",\n                    \"typology\": \"NA\",\n                    \"reference\": \"PH100-114\",\n                    \"visibleOnWebsite\": true,\n                    \"bathrooms\": 0,\n                    \"price\": 2600000,\n                    \"second_price\": 0,\n                    \"price_visible\": true,\n                    \"plot_area\": 380250,\n                    \"living_area\": 674.8999999999999772626324556767940521240234375,\n                    \"photos\": [\n                        {\n                            \"Url\": \"https:\/\/cdn.proppy.app\/propertyphotos\/165\/379864de-4d20-4a75-82e3-004e71c46006\/4094\/71074c5b-31b2-4b8d-bfe3-8e18e32e9938.jpg\",\n                            \"Category\": \"None\"\n                        },\n                        {\n                            \"Url\": \"https:\/\/cdn.proppy.app\/propertyphotos\/165\/379864de-4d20-4a75-82e3-004e71c46006\/4094\/91820fe8-abfe-4622-a5fe-af8c821c0317.jpg\",\n                            \"Category\": \"None\",\n                            \"SortOrder\": 1\n                        },\n                        {\n                            \"Url\": \"https:\/\/cdn.proppy.app\/propertyphotos\/165\/379864de-4d20-4a75-82e3-004e71c46006\/4094\/66faa589-6431-42ba-9728-5daa59ce25f3.jpg\",\n                            \"Category\": \"None\",\n                            \"SortOrder\": 2\n                        },\n                        {\n                            \"Url\": \"https:\/\/cdn.proppy.app\/propertyphotos\/165\/379864de-4d20-4a75-82e3-004e71c46006\/4094\/01b78641-0a04-4569-939f-3901032ebd3b.jpg\",\n                            \"Category\": \"None\",\n                            \"SortOrder\": 3\n                        },\n                        {\n                            \"Url\": \"https:\/\/cdn.proppy.app\/propertyphotos\/165\/379864de-4d20-4a75-82e3-004e71c46006\/4094\/48527c0c-2153-419c-bcd0-b4c191c69a04.jpg\",\n                            \"Category\": \"None\",\n                            \"SortOrder\": 4\n                        },\n                        {\n                            \"Url\": \"https:\/\/cdn.proppy.app\/propertyphotos\/165\/379864de-4d20-4a75-82e3-004e71c46006\/4094\/f93caf88-bfa6-4873-98e1-76ad403f41ae.jpg\",\n                            \"Category\": \"None\",\n                            \"SortOrder\": 5\n                        },\n                        {\n                            \"Url\": \"https:\/\/cdn.proppy.app\/propertyphotos\/165\/379864de-4d20-4a75-82e3-004e71c46006\/4094\/61de5d2c-d5ef-4766-9162-01bf8d02a8a9.jpeg\",\n                            \"Category\": \"None\",\n                            \"SortOrder\": 6\n                        }\n                    ],\n                    \"createDate\": \"2023-07-06T11:01:22.27\",\n                    \"lastChangeDate\": \"2025-11-17T12:36:02.74\",\n                    \"preOffMarket\": false\n                }\n            },\n            \"pt-pt\": {\n                \"title\": \"Terreno Investimento em Aljezur\",\n                \"excerpt\": \"\",\n                \"content\": \"A O&O Portugal tem o prazer de anunciar que surgiu uma oportunidade incru00edvel para uma pessoa com meios, visu00e3o e imaginau00e7u00e3o para se tornar proprietu00e1ria de uma grande u00e1rea de terreno dentro do Parque Nacional da Costa Vicentina, mas a apenas um quilu00f3metro de distu00e2ncia do leque de instalau00e7u00f5es que se encontra na histu00f3rica cidade costeira ocidental de Aljezur.rnAs oportunidades para um projeto espetacular que este terreno oferece ao potencial comprador su00e3o amplas e variadas.rnHu00e1 belas caracteru00edsticas de design histu00f3rico nas ruu00ednas existentes de uma su00e9rie de edifu00edcios, que somam 700mu00b2, com potencial para construir com alta privacidade uma casa de atu00e9 1000mu00b2, dependendo da permissu00e3o de planeamento apu00f3s conversas com a prefeitura local.rnAcredita-se, com cerca de 38+ hectares, ser uma das maiores extensu00f5es de terra disponu00edveis tu00e3o perto do centro histu00f3rico de Aljezur, mas u00e9 totalmente independente, oferecendo encostas, vales e uma vasta gama de u00e1rvores e vegetau00e7u00e3o, sem mencionar algumas vistas impressionantes em todo vale, do rio Aljezur u00e0 na serra de Monchique.rnE, no entanto, apesar de todas estas caracteru00edsticas rurais u2013 incluindo um moinho de u00e1gua e a sua pru00f3pria pequena barragem que nu00e3o su00f3 u00e9 abastecida com peixe para aqueles que gostam de pescar, mas que tambu00e9m atrai aves aquu00e1ticas e outros animais selvagens u2013 a terra estu00e1 a poucos minutos nu00e3o su00f3 da cidade, mas tambu00e9m das praias da Arrifana e Monte Clu00e9rigo.rnA entrada frontal ao nu00edvel do mar du00e1 acesso directo u00e0 estrada nacional N120 que leva a norte para Lisboa e a sul para Lagos, a autoestrada A22 e para Sagres.rnE a entrada traseira, em que o terreno sobe cerca de 120 metros atu00e9 ao planalto do Vale da Telha atravu00e9s da sua paisagem em enorme mudanu00e7a, abre-se para a estrada que leva u00e0s praias da Arrifana e Monte Clu00e9rigo e u00e0s urbanizau00e7u00f5es do Vale da Telha e Vales.rnSe estu00e1 interessado em aproveitar esta oportunidade emocionante, nu00e3o hesite em contactar-nos para mais informau00e7u00f5es. Enquanto isso, confira as fotografias e nossas pru00f3prias imagens de drone que mostram a terra em todos os seus detalhes gloriosos.rnrnPH100-114rn\",\n                \"api_data\": {\n                    \"id\": 4094,\n                    \"businessType\": \"Sale\",\n                    \"businessTypeLocale\": \"Venda\",\n                    \"type\": \"Ruin\",\n                    \"typeLocale\": \"Ruu00edna\",\n                    \"condition_type\": \"NotApplicable\",\n                    \"conditionTypeLocale\": \"Nu00e3o aplicu00e1vel\",\n                    \"features_list\": [\n                        \"Vista: Vista campo \",\n                        \"Certificau00e7u00e3o energu00e9tica: Isento\",\n                        \"Vista: Vista lago\"\n                    ],\n                    \"currency\": \"u20ac\",\n                    \"status\": \"Active\",\n                    \"energy_rating\": \"Exempt\",\n                    \"locale\": [\n                        {\n                            \"language\": \"pt\",\n                            \"labels\": [\n                                {\n                                    \"id\": 3,\n                                    \"text\": \"Reduzido\",\n                                    \"backgroundColor\": \"#ffffff\",\n                                    \"foregroundColor\": \"#000000\"\n                                }\n                            ],\n                            \"title\": \"Terreno Investimento em Aljezur\",\n                            \"description\": \"A O&O Portugal tem o prazer de anunciar que surgiu uma oportunidade incru00edvel para uma pessoa com meios, visu00e3o e imaginau00e7u00e3o para se tornar proprietu00e1ria de uma grande u00e1rea de terreno dentro do Parque Nacional da Costa Vicentina, mas a apenas um quilu00f3metro de distu00e2ncia do leque de instalau00e7u00f5es que se encontra na histu00f3rica cidade costeira ocidental de Aljezur.rnAs oportunidades para um projeto espetacular que este terreno oferece ao potencial comprador su00e3o amplas e variadas.rnHu00e1 belas caracteru00edsticas de design histu00f3rico nas ruu00ednas existentes de uma su00e9rie de edifu00edcios, que somam 700mu00b2, com potencial para construir com alta privacidade uma casa de atu00e9 1000mu00b2, dependendo da permissu00e3o de planeamento apu00f3s conversas com a prefeitura local.rnAcredita-se, com cerca de 38+ hectares, ser uma das maiores extensu00f5es de terra disponu00edveis tu00e3o perto do centro histu00f3rico de Aljezur, mas u00e9 totalmente independente, oferecendo encostas, vales e uma vasta gama de u00e1rvores e vegetau00e7u00e3o, sem mencionar algumas vistas impressionantes em todo vale, do rio Aljezur u00e0 na serra de Monchique.rnE, no entanto, apesar de todas estas caracteru00edsticas rurais u2013 incluindo um moinho de u00e1gua e a sua pru00f3pria pequena barragem que nu00e3o su00f3 u00e9 abastecida com peixe para aqueles que gostam de pescar, mas que tambu00e9m atrai aves aquu00e1ticas e outros animais selvagens u2013 a terra estu00e1 a poucos minutos nu00e3o su00f3 da cidade, mas tambu00e9m das praias da Arrifana e Monte Clu00e9rigo.rnA entrada frontal ao nu00edvel do mar du00e1 acesso directo u00e0 estrada nacional N120 que leva a norte para Lisboa e a sul para Lagos, a autoestrada A22 e para Sagres.rnE a entrada traseira, em que o terreno sobe cerca de 120 metros atu00e9 ao planalto do Vale da Telha atravu00e9s da sua paisagem em enorme mudanu00e7a, abre-se para a estrada que leva u00e0s praias da Arrifana e Monte Clu00e9rigo e u00e0s urbanizau00e7u00f5es do Vale da Telha e Vales.rnSe estu00e1 interessado em aproveitar esta oportunidade emocionante, nu00e3o hesite em contactar-nos para mais informau00e7u00f5es. Enquanto isso, confira as fotografias e nossas pru00f3prias imagens de drone que mostram a terra em todos os seus detalhes gloriosos.rnrnPH100-114rn\",\n                            \"seokeywords\": \"Terreno aljezur, lote aljezur, pedau00e7o de terra aljezur, oportunidade aljezur, terra para vender\"\n                        }\n                    ],\n                    \"location\": {\n                        \"Country\": \"Portugal\",\n                        \"Region\": \"Faro\",\n                        \"City\": \"Aljezur\",\n                        \"Locality\": \"Aljezur\",\n                        \"InnerLocation\": {\n                            \"RegionId\": 66,\n                            \"CityId\": 720,\n                            \"LocalityId\": 10113,\n                            \"Zonename\": \"Aljezur\"\n                        },\n                        \"coordinates\": [],\n                        \"zone\": \"Aljezur\",\n                        \"address\": \"Moinho do Corisco\"\n                    },\n                    \"listing_agent\": [\n                        {\n                            \"id\": 262,\n                            \"Name\": \"Matt D'Arcy\",\n                            \"Email\": \"matt@ocean-country.com\",\n                            \"Phone\": \"918567878\",\n                            \"Photo\": \"https:\/\/cdn.proppy.app\/propertyphotos\/common\/api\/placeholder.jpg\",\n                            \"Locale\": [\n                                {\n                                    \"language\": \"pt\"\n                                }\n                            ],\n                            \"Active\": true,\n                            \"IsPrimaryAgent\": true\n                        },\n                        {\n                            \"id\": 11941,\n                            \"Name\": \"Sara D'Arcy\",\n                            \"Email\": \"sara.darcy@oando.pt\",\n                            \"Photo\": \"https:\/\/cdn.proppy.app\/propertyphotos\/common\/api\/placeholder.jpg\",\n                            \"Locale\": [\n                                {\n                                    \"language\": \"pt\"\n                                }\n                            ],\n                            \"Active\": true,\n                            \"IsPrimaryAgent\": false\n                        }\n                    ],\n                    \"priceprefixhelper\": \"EUR\",\n                    \"typology\": \"Nu00e3o aplicu00e1vel\",\n                    \"reference\": \"PH100-114\",\n                    \"visibleOnWebsite\": true,\n                    \"bathrooms\": 0,\n                    \"price\": 2600000,\n                    \"second_price\": 0,\n                    \"price_visible\": true,\n                    \"plot_area\": 380250,\n                    \"living_area\": 674.8999999999999772626324556767940521240234375,\n                    \"photos\": [\n                        {\n                            \"Url\": \"https:\/\/cdn.proppy.app\/propertyphotos\/165\/379864de-4d20-4a75-82e3-004e71c46006\/4094\/71074c5b-31b2-4b8d-bfe3-8e18e32e9938.jpg\",\n                            \"Category\": \"None\"\n                        },\n                        {\n                            \"Url\": \"https:\/\/cdn.proppy.app\/propertyphotos\/165\/379864de-4d20-4a75-82e3-004e71c46006\/4094\/91820fe8-abfe-4622-a5fe-af8c821c0317.jpg\",\n                            \"Category\": \"None\",\n                            \"SortOrder\": 1\n                        },\n                        {\n                            \"Url\": \"https:\/\/cdn.proppy.app\/propertyphotos\/165\/379864de-4d20-4a75-82e3-004e71c46006\/4094\/66faa589-6431-42ba-9728-5daa59ce25f3.jpg\",\n                            \"Category\": \"None\",\n                            \"SortOrder\": 2\n                        },\n                        {\n                            \"Url\": \"https:\/\/cdn.proppy.app\/propertyphotos\/165\/379864de-4d20-4a75-82e3-004e71c46006\/4094\/01b78641-0a04-4569-939f-3901032ebd3b.jpg\",\n                            \"Category\": \"None\",\n                            \"SortOrder\": 3\n                        },\n                        {\n                            \"Url\": \"https:\/\/cdn.proppy.app\/propertyphotos\/165\/379864de-4d20-4a75-82e3-004e71c46006\/4094\/48527c0c-2153-419c-bcd0-b4c191c69a04.jpg\",\n                            \"Category\": \"None\",\n                            \"SortOrder\": 4\n                        },\n                        {\n                            \"Url\": \"https:\/\/cdn.proppy.app\/propertyphotos\/165\/379864de-4d20-4a75-82e3-004e71c46006\/4094\/f93caf88-bfa6-4873-98e1-76ad403f41ae.jpg\",\n                            \"Category\": \"None\",\n                            \"SortOrder\": 5\n                        },\n                        {\n                            \"Url\": \"https:\/\/cdn.proppy.app\/propertyphotos\/165\/379864de-4d20-4a75-82e3-004e71c46006\/4094\/61de5d2c-d5ef-4766-9162-01bf8d02a8a9.jpeg\",\n                            \"Category\": \"None\",\n                            \"SortOrder\": 6\n                        }\n                    ],\n                    \"createDate\": \"2023-07-06T11:01:22.27\",\n                    \"lastChangeDate\": \"2025-11-17T12:36:02.74\",\n                    \"preOffMarket\": false\n                }\n            },\n            \"fr\": {\n                \"title\": \"Aljezur Terrain u00e0 vendre\",\n                \"excerpt\": \"\",\n                \"content\": \"O&O Portugal est heureux du2019annoncer quu2019une opportunitu00e9 incroyable su2019est pru00e9sentu00e9e pour une personne ayant les moyens, la vision et lu2019imagination de devenir propriu00e9taire du2019une grande superficie de terrain dans le parc national de la Costa Vicentina, mais u00e0 peine u00e0 un kilomu00e8tre de la gamme du2019installations que lu2019on trouve dans la ville historique de la cu00f4te ouest du2019Aljezur.rnLes opportunitu00e9s pour un projet spectaculaire que ce terrain offre u00e0 lu2019acheteur potentiel sont vastes et variu00e9es.rnIl y a de belles caractu00e9ristiques de conception historique dans les ruines existantes du2019un certain nombre de bu00e2timents, qui ajoutent jusquu2019u00e0 700 mu00b2, avec le potentiel de construire avec une grande intimitu00e9 une maison jusquu2019u00e0 1000 mu00b2, en fonction du permis de construire apru00e8s des discussions avec le conseil local.rnOn croit, u00e0 environ 38+ hectares, que cu2019est lu2019une des plus grandes u00e9tendues de terres disponibles si pru00e8s du centre historique du2019Aljezur, mais est entiu00e8rement indu00e9pendante, offrant des collines, des vallu00e9es et une vaste gamme du2019arbres et de vu00e9gu00e9tation, sans parler de certains impressionnants u00e0 travers la vallu00e9e de la riviu00e8re Aljezur et sur la chau00eene de montagnes Monchique.rnEt pourtant, malgru00e9 toutes ces caractu00e9ristiques rurales u2013 y compris un moulin u00e0 eau et son propre petit barrage qui est non seulement rempli de poissons pour ceux qui aiment la pu00eache u00e0 la ligne, mais qui attire u00e9galement la sauvagine et du2019autres animaux sauvages u2013 la terre nu2019est quu2019u00e0 quelques minutes non seulement de la ville, mais aussi des plages du2019Arrifana et de Monte Clerigo.rnLu2019entru00e9e avant au niveau de la mer donne un accu00e8s direct u00e0 la route nationale N120 qui mu00e8ne au nord u00e0 Lisbonne et au sud u00e0 Lagos, u00e0 lu2019autoroute A22 et u00e0 Sagres.rnEt lu2019entru00e9e arriu00e8re, apru00e8s que le terrain su2019est u00e9levu00e9 du2019environ 120 mu00e8tres jusquu2019au plateau de Vale da Telha u00e0 travers son paysage extru00eamement changeant, su2019ouvre sur la route qui mu00e8ne aux plages du2019Arrifana et de Monte Clerigo et aux urbanisations de Vale da Telha et Vales.rnSi vous souhaitez profiter de cette opportunitu00e9 passionnante, nu2019hu00e9sitez pas u00e0 nous contacter pour plus du2019informations. En attendant, veuillez consulter les photos et nos propres images de drones qui montrent la terre dans tous ses du00e9tails glorieux.rnrnPH100-114\",\n                \"api_data\": {\n                    \"id\": 4094,\n                    \"businessType\": \"Sale\",\n                    \"businessTypeLocale\": \"u00c0 vendre\",\n                    \"type\": \"Ruin\",\n                    \"typeLocale\": \"Ruine\",\n                    \"condition_type\": \"NotApplicable\",\n                    \"conditionTypeLocale\": \"Non applicable\",\n                    \"features_list\": [\n                        \"Vue: Vue sur la campagne\",\n                        \"Certification u00e9nergu00e9tique: Pas applicable\",\n                        \"Vue: Vue sur Lac\"\n                    ],\n                    \"currency\": \"u20ac\",\n                    \"status\": \"Active\",\n                    \"energy_rating\": \"Exempt\",\n                    \"locale\": [\n                        {\n                            \"language\": \"fr\",\n                            \"labels\": [\n                                {\n                                    \"id\": 3,\n                                    \"text\": \"Ru00e9duit\",\n                                    \"backgroundColor\": \"#ffffff\",\n                                    \"foregroundColor\": \"#000000\"\n                                }\n                            ],\n                            \"title\": \"Aljezur Terrain u00e0 vendre\",\n                            \"description\": \"O&O Portugal est heureux du2019annoncer quu2019une opportunitu00e9 incroyable su2019est pru00e9sentu00e9e pour une personne ayant les moyens, la vision et lu2019imagination de devenir propriu00e9taire du2019une grande superficie de terrain dans le parc national de la Costa Vicentina, mais u00e0 peine u00e0 un kilomu00e8tre de la gamme du2019installations que lu2019on trouve dans la ville historique de la cu00f4te ouest du2019Aljezur.rnLes opportunitu00e9s pour un projet spectaculaire que ce terrain offre u00e0 lu2019acheteur potentiel sont vastes et variu00e9es.rnIl y a de belles caractu00e9ristiques de conception historique dans les ruines existantes du2019un certain nombre de bu00e2timents, qui ajoutent jusquu2019u00e0 700 mu00b2, avec le potentiel de construire avec une grande intimitu00e9 une maison jusquu2019u00e0 1000 mu00b2, en fonction du permis de construire apru00e8s des discussions avec le conseil local.rnOn croit, u00e0 environ 38+ hectares, que cu2019est lu2019une des plus grandes u00e9tendues de terres disponibles si pru00e8s du centre historique du2019Aljezur, mais est entiu00e8rement indu00e9pendante, offrant des collines, des vallu00e9es et une vaste gamme du2019arbres et de vu00e9gu00e9tation, sans parler de certains impressionnants u00e0 travers la vallu00e9e de la riviu00e8re Aljezur et sur la chau00eene de montagnes Monchique.rnEt pourtant, malgru00e9 toutes ces caractu00e9ristiques rurales u2013 y compris un moulin u00e0 eau et son propre petit barrage qui est non seulement rempli de poissons pour ceux qui aiment la pu00eache u00e0 la ligne, mais qui attire u00e9galement la sauvagine et du2019autres animaux sauvages u2013 la terre nu2019est quu2019u00e0 quelques minutes non seulement de la ville, mais aussi des plages du2019Arrifana et de Monte Clerigo.rnLu2019entru00e9e avant au niveau de la mer donne un accu00e8s direct u00e0 la route nationale N120 qui mu00e8ne au nord u00e0 Lisbonne et au sud u00e0 Lagos, u00e0 lu2019autoroute A22 et u00e0 Sagres.rnEt lu2019entru00e9e arriu00e8re, apru00e8s que le terrain su2019est u00e9levu00e9 du2019environ 120 mu00e8tres jusquu2019au plateau de Vale da Telha u00e0 travers son paysage extru00eamement changeant, su2019ouvre sur la route qui mu00e8ne aux plages du2019Arrifana et de Monte Clerigo et aux urbanisations de Vale da Telha et Vales.rnSi vous souhaitez profiter de cette opportunitu00e9 passionnante, nu2019hu00e9sitez pas u00e0 nous contacter pour plus du2019informations. En attendant, veuillez consulter les photos et nos propres images de drones qui montrent la terre dans tous ses du00e9tails glorieux.rnrnPH100-114\",\n                            \"seokeywords\": \"Terrain aljezur,parcelle aljezur,terrain aljezur,oportunity aljezur,terrain u00e0 vendre\"\n                        }\n                    ],\n                    \"location\": {\n                        \"Country\": \"Portugal\",\n                        \"Region\": \"Faro\",\n                        \"City\": \"Aljezur\",\n                        \"Locality\": \"Aljezur\",\n                        \"InnerLocation\": {\n                            \"RegionId\": 66,\n                            \"CityId\": 720,\n                            \"LocalityId\": 10113,\n                            \"Zonename\": \"Aljezur\"\n                        },\n                        \"coordinates\": [],\n                        \"zone\": \"Aljezur\",\n                        \"address\": \"Moinho do Corisco\"\n                    },\n                    \"listing_agent\": [\n                        {\n                            \"id\": 262,\n                            \"Name\": \"Matt D'Arcy\",\n                            \"Email\": \"matt@ocean-country.com\",\n                            \"Phone\": \"918567878\",\n                            \"Photo\": \"https:\/\/cdn.proppy.app\/propertyphotos\/common\/api\/placeholder.jpg\",\n                            \"Locale\": [\n                                {\n                                    \"language\": \"fr\"\n                                }\n                            ],\n                            \"Active\": true,\n                            \"IsPrimaryAgent\": true\n                        },\n                        {\n                            \"id\": 11941,\n                            \"Name\": \"Sara D'Arcy\",\n                            \"Email\": \"sara.darcy@oando.pt\",\n                            \"Photo\": \"https:\/\/cdn.proppy.app\/propertyphotos\/common\/api\/placeholder.jpg\",\n                            \"Locale\": [\n                                {\n                                    \"language\": \"fr\"\n                                }\n                            ],\n                            \"Active\": true,\n                            \"IsPrimaryAgent\": false\n                        }\n                    ],\n                    \"priceprefixhelper\": \"EUR\",\n                    \"typology\": \"NA\",\n                    \"reference\": \"PH100-114\",\n                    \"visibleOnWebsite\": true,\n                    \"bathrooms\": 0,\n                    \"price\": 2600000,\n                    \"second_price\": 0,\n                    \"price_visible\": true,\n                    \"plot_area\": 380250,\n                    \"living_area\": 674.8999999999999772626324556767940521240234375,\n                    \"photos\": [\n                        {\n                            \"Url\": \"https:\/\/cdn.proppy.app\/propertyphotos\/165\/379864de-4d20-4a75-82e3-004e71c46006\/4094\/71074c5b-31b2-4b8d-bfe3-8e18e32e9938.jpg\",\n                            \"Category\": \"None\"\n                        },\n                        {\n                            \"Url\": \"https:\/\/cdn.proppy.app\/propertyphotos\/165\/379864de-4d20-4a75-82e3-004e71c46006\/4094\/91820fe8-abfe-4622-a5fe-af8c821c0317.jpg\",\n                            \"Category\": \"None\",\n                            \"SortOrder\": 1\n                        },\n                        {\n                            \"Url\": \"https:\/\/cdn.proppy.app\/propertyphotos\/165\/379864de-4d20-4a75-82e3-004e71c46006\/4094\/66faa589-6431-42ba-9728-5daa59ce25f3.jpg\",\n                            \"Category\": \"None\",\n                            \"SortOrder\": 2\n                        },\n                        {\n                            \"Url\": \"https:\/\/cdn.proppy.app\/propertyphotos\/165\/379864de-4d20-4a75-82e3-004e71c46006\/4094\/01b78641-0a04-4569-939f-3901032ebd3b.jpg\",\n                            \"Category\": \"None\",\n                            \"SortOrder\": 3\n                        },\n                        {\n                            \"Url\": \"https:\/\/cdn.proppy.app\/propertyphotos\/165\/379864de-4d20-4a75-82e3-004e71c46006\/4094\/48527c0c-2153-419c-bcd0-b4c191c69a04.jpg\",\n                            \"Category\": \"None\",\n                            \"SortOrder\": 4\n                        },\n                        {\n                            \"Url\": \"https:\/\/cdn.proppy.app\/propertyphotos\/165\/379864de-4d20-4a75-82e3-004e71c46006\/4094\/f93caf88-bfa6-4873-98e1-76ad403f41ae.jpg\",\n                            \"Category\": \"None\",\n                            \"SortOrder\": 5\n                        },\n                        {\n                            \"Url\": \"https:\/\/cdn.proppy.app\/propertyphotos\/165\/379864de-4d20-4a75-82e3-004e71c46006\/4094\/61de5d2c-d5ef-4766-9162-01bf8d02a8a9.jpeg\",\n                            \"Category\": \"None\",\n                            \"SortOrder\": 6\n                        }\n                    ],\n                    \"createDate\": \"2023-07-06T11:01:22.27\",\n                    \"lastChangeDate\": \"2025-11-17T12:36:02.74\",\n                    \"preOffMarket\": false\n                }\n            },\n            \"de\": {\n                \"title\": \"Aljezur Grundstu00fcck zum Verkauf\",\n                \"excerpt\": \"\",\n                \"content\": \"O&O Portugal freut sich, Ihnen mitteilen zu ku00f6nnen, dass sich eine grou00dfartige Gelegenheit fu00fcr eine Person mit den Mitteln, der Vision und der Vorstellungskraft ergeben hat, Eigentu00fcmer eines grou00dfen Grundstu00fccks im Nationalpark Costa Vicentina zu werden, das jedoch nur einen Kilometer von den Einrichtungen der historischen Westku00fcstenstadt Aljezur entfernt ist.rnDie Mu00f6glichkeiten fu00fcr ein spektakulu00e4res Projekt, das dieses Grundstu00fcck dem potenziellen Ku00e4ufer bietet, sind breit und vielfu00e4ltig.rnEs gibt schu00f6ne historische Designmerkmale in den bestehenden Ruinen einer Reihe von Gebu00e4uden, die sich auf 700 mu00b2 summieren, mit dem Potenzial, mit hoher Privatsphu00e4re ein Haus von bis zu 1000 mu00b2 zu bauen, abhu00e4ngig von der Baugenehmigung nach Gespru00e4chen mit dem Gemeinderat.rnEs wird angenommen, dass es mit etwa 38+ Hektar eines der gru00f6u00dften Landstriche ist, das so nahe am Zentrum des historischen Aljezur verfu00fcgbar ist, aber vu00f6llig unabhu00e4ngig ist und Hu00fcgel, Tu00e4ler und eine grou00dfe Auswahl an Bu00e4umen und Vegetation bietet, ganz zu schweigen von einigen fantastischen u00fcber das Aljezur-Flusstal und weiter zur Monchique-Bergkette.rnUnd doch, trotz all dieser lu00e4ndlichen Besonderheiten u2013 einschlieu00dflich einer Wassermu00fchle und einer eigenen kleinen Staustufe, die nicht nur mit Fischen fu00fcr Angelfreunde bestu00fcckt ist, sondern auch Wasservu00f6gel und andere Wildtiere anzieht u2013 ist das Land nicht nur wenige Minuten von der Stadt, sondern auch von den Stru00e4nden von Arrifana und Monte Clerigo entfernt.rnDer vordere Eingang zum Land auf Meereshu00f6he bietet direkten Zugang zur Nationalstrau00dfe N120, die nach Norden nach Lissabon und nach Su00fcden nach Lagos, zur Autobahn A22 und nach Sagres fu00fchrt.rnUnd der hintere Eingang, nachdem das Land durch seine sich stark veru00e4ndernde Landschaft etwa 120 Meter bis zur Hochebene des Vale da Telha angestiegen ist, u00f6ffnet sich zur Strau00dfe, die zu den Stru00e4nden von Arrifana und Monte Clerigo sowie zu den Urbanisationen Vale da Telha und Vales fu00fchrt.rnWenn Sie daran interessiert sind, diese aufregende Gelegenheit zu nutzen, zu00f6gern Sie nicht, uns fu00fcr weitere Informationen zu kontaktieren. In der Zwischenzeit sehen Sie sich bitte die Fotos und unsere eigenen Drohnenaufnahmen an, die das Land in all seinen herrlichen Details zeigen.rnrnPH100-114\",\n                \"api_data\": {\n                    \"id\": 4094,\n                    \"businessType\": \"Sale\",\n                    \"businessTypeLocale\": \"Zu verkaufen\",\n                    \"type\": \"Ruin\",\n                    \"typeLocale\": \"Ruine\",\n                    \"condition_type\": \"NotApplicable\",\n                    \"conditionTypeLocale\": \"Nicht Anwendbar\",\n                    \"features_list\": [\n                        \"Blick: Landblick\",\n                        \"Energie ausweis: Kostenlos\",\n                        \"Blick\"\n                    ],\n                    \"currency\": \"u20ac\",\n                    \"status\": \"Active\",\n                    \"energy_rating\": \"Exempt\",\n                    \"locale\": [\n                        {\n                            \"language\": \"de\",\n                            \"labels\": [\n                                {\n                                    \"id\": 3,\n                                    \"text\": \"Verringert\",\n                                    \"backgroundColor\": \"#ffffff\",\n                                    \"foregroundColor\": \"#000000\"\n                                }\n                            ],\n                            \"title\": \"Aljezur Grundstu00fcck zum Verkauf\",\n                            \"description\": \"O&O Portugal freut sich, Ihnen mitteilen zu ku00f6nnen, dass sich eine grou00dfartige Gelegenheit fu00fcr eine Person mit den Mitteln, der Vision und der Vorstellungskraft ergeben hat, Eigentu00fcmer eines grou00dfen Grundstu00fccks im Nationalpark Costa Vicentina zu werden, das jedoch nur einen Kilometer von den Einrichtungen der historischen Westku00fcstenstadt Aljezur entfernt ist.rnDie Mu00f6glichkeiten fu00fcr ein spektakulu00e4res Projekt, das dieses Grundstu00fcck dem potenziellen Ku00e4ufer bietet, sind breit und vielfu00e4ltig.rnEs gibt schu00f6ne historische Designmerkmale in den bestehenden Ruinen einer Reihe von Gebu00e4uden, die sich auf 700 mu00b2 summieren, mit dem Potenzial, mit hoher Privatsphu00e4re ein Haus von bis zu 1000 mu00b2 zu bauen, abhu00e4ngig von der Baugenehmigung nach Gespru00e4chen mit dem Gemeinderat.rnEs wird angenommen, dass es mit etwa 38+ Hektar eines der gru00f6u00dften Landstriche ist, das so nahe am Zentrum des historischen Aljezur verfu00fcgbar ist, aber vu00f6llig unabhu00e4ngig ist und Hu00fcgel, Tu00e4ler und eine grou00dfe Auswahl an Bu00e4umen und Vegetation bietet, ganz zu schweigen von einigen fantastischen u00fcber das Aljezur-Flusstal und weiter zur Monchique-Bergkette.rnUnd doch, trotz all dieser lu00e4ndlichen Besonderheiten u2013 einschlieu00dflich einer Wassermu00fchle und einer eigenen kleinen Staustufe, die nicht nur mit Fischen fu00fcr Angelfreunde bestu00fcckt ist, sondern auch Wasservu00f6gel und andere Wildtiere anzieht u2013 ist das Land nicht nur wenige Minuten von der Stadt, sondern auch von den Stru00e4nden von Arrifana und Monte Clerigo entfernt.rnDer vordere Eingang zum Land auf Meereshu00f6he bietet direkten Zugang zur Nationalstrau00dfe N120, die nach Norden nach Lissabon und nach Su00fcden nach Lagos, zur Autobahn A22 und nach Sagres fu00fchrt.rnUnd der hintere Eingang, nachdem das Land durch seine sich stark veru00e4ndernde Landschaft etwa 120 Meter bis zur Hochebene des Vale da Telha angestiegen ist, u00f6ffnet sich zur Strau00dfe, die zu den Stru00e4nden von Arrifana und Monte Clerigo sowie zu den Urbanisationen Vale da Telha und Vales fu00fchrt.rnWenn Sie daran interessiert sind, diese aufregende Gelegenheit zu nutzen, zu00f6gern Sie nicht, uns fu00fcr weitere Informationen zu kontaktieren. In der Zwischenzeit sehen Sie sich bitte die Fotos und unsere eigenen Drohnenaufnahmen an, die das Land in all seinen herrlichen Details zeigen.rnrnPH100-114\",\n                            \"seokeywords\": \"Land aljezur,Grundstu00fcck aljezur,Stu00fcck Land aljezur,oportunity aljezur,Land zu verkaufen\"\n                        }\n                    ],\n                    \"location\": {\n                        \"Country\": \"Portugal\",\n                        \"Region\": \"Faro\",\n                        \"City\": \"Aljezur\",\n                        \"Locality\": \"Aljezur\",\n                        \"InnerLocation\": {\n                            \"RegionId\": 66,\n                            \"CityId\": 720,\n                            \"LocalityId\": 10113,\n                            \"Zonename\": \"Aljezur\"\n                        },\n                        \"coordinates\": [],\n                        \"zone\": \"Aljezur\",\n                        \"address\": \"Moinho do Corisco\"\n                    },\n                    \"listing_agent\": [\n                        {\n                            \"id\": 262,\n                            \"Name\": \"Matt D'Arcy\",\n                            \"Email\": \"matt@ocean-country.com\",\n                            \"Phone\": \"918567878\",\n                            \"Photo\": \"https:\/\/cdn.proppy.app\/propertyphotos\/common\/api\/placeholder.jpg\",\n                            \"Locale\": [\n                                {\n                                    \"language\": \"de\"\n                                }\n                            ],\n                            \"Active\": true,\n                            \"IsPrimaryAgent\": true\n                        },\n                        {\n                            \"id\": 11941,\n                            \"Name\": \"Sara D'Arcy\",\n                            \"Email\": \"sara.darcy@oando.pt\",\n                            \"Photo\": \"https:\/\/cdn.proppy.app\/propertyphotos\/common\/api\/placeholder.jpg\",\n                            \"Locale\": [\n                                {\n                                    \"language\": \"de\"\n                                }\n                            ],\n                            \"Active\": true,\n                            \"IsPrimaryAgent\": false\n                        }\n                    ],\n                    \"priceprefixhelper\": \"EUR\",\n                    \"typology\": \"Nicht anwendbar\",\n                    \"reference\": \"PH100-114\",\n                    \"visibleOnWebsite\": true,\n                    \"bathrooms\": 0,\n                    \"price\": 2600000,\n                    \"second_price\": 0,\n                    \"price_visible\": true,\n                    \"plot_area\": 380250,\n                    \"living_area\": 674.8999999999999772626324556767940521240234375,\n                    \"photos\": [\n                        {\n                            \"Url\": \"https:\/\/cdn.proppy.app\/propertyphotos\/165\/379864de-4d20-4a75-82e3-004e71c46006\/4094\/71074c5b-31b2-4b8d-bfe3-8e18e32e9938.jpg\",\n                            \"Category\": \"None\"\n                        },\n                        {\n                            \"Url\": \"https:\/\/cdn.proppy.app\/propertyphotos\/165\/379864de-4d20-4a75-82e3-004e71c46006\/4094\/91820fe8-abfe-4622-a5fe-af8c821c0317.jpg\",\n                            \"Category\": \"None\",\n                            \"SortOrder\": 1\n                        },\n                        {\n                            \"Url\": \"https:\/\/cdn.proppy.app\/propertyphotos\/165\/379864de-4d20-4a75-82e3-004e71c46006\/4094\/66faa589-6431-42ba-9728-5daa59ce25f3.jpg\",\n                            \"Category\": \"None\",\n                            \"SortOrder\": 2\n                        },\n                        {\n                            \"Url\": \"https:\/\/cdn.proppy.app\/propertyphotos\/165\/379864de-4d20-4a75-82e3-004e71c46006\/4094\/01b78641-0a04-4569-939f-3901032ebd3b.jpg\",\n                            \"Category\": \"None\",\n                            \"SortOrder\": 3\n                        },\n                        {\n                            \"Url\": \"https:\/\/cdn.proppy.app\/propertyphotos\/165\/379864de-4d20-4a75-82e3-004e71c46006\/4094\/48527c0c-2153-419c-bcd0-b4c191c69a04.jpg\",\n                            \"Category\": \"None\",\n                            \"SortOrder\": 4\n                        },\n                        {\n                            \"Url\": \"https:\/\/cdn.proppy.app\/propertyphotos\/165\/379864de-4d20-4a75-82e3-004e71c46006\/4094\/f93caf88-bfa6-4873-98e1-76ad403f41ae.jpg\",\n                            \"Category\": \"None\",\n                            \"SortOrder\": 5\n                        },\n                        {\n                            \"Url\": \"https:\/\/cdn.proppy.app\/propertyphotos\/165\/379864de-4d20-4a75-82e3-004e71c46006\/4094\/61de5d2c-d5ef-4766-9162-01bf8d02a8a9.jpeg\",\n                            \"Category\": \"None\",\n                            \"SortOrder\": 6\n                        }\n                    ],\n                    \"createDate\": \"2023-07-06T11:01:22.27\",\n                    \"lastChangeDate\": \"2025-11-17T12:36:02.74\",\n                    \"preOffMarket\": false\n                }\n            },\n            \"nl\": {\n                \"title\": \"Aljezur Grond te koop\",\n                \"excerpt\": \"\",\n                \"content\": \"O&O Portugal is verheugd aan te kondigen dat er een geweldige kans is ontstaan voor een persoon met de middelen, visie en verbeeldingskracht om eigenaar te worden van een groot stuk land in het Costa Vicentina National Park, maar toch op nauwelijks een kilometer afstand van het scala aan faciliteiten dat te vinden is in de historische stad Aljezur aan de westkust.rnDe mogelijkheden voor een spectaculair project dat deze grond biedt aan de potentiu00eble koper zijn breed en gevarieerd.rnEr zijn mooie historische ontwerpkenmerken in de bestaande ruu00efnes van een aantal gebouwen, die oplopen tot 700mu00b2, met het potentieel om met hoge privacy een huis tot 1000mu00b2 te bouwen, afhankelijk van de bouwvergunning na gesprekken met de gemeente.rnHet wordt geloofd, op ongeveer 38 + hectare, als een van de grootste stukken land beschikbaar zo dicht bij het centrum van het historische Aljezur, maar is volledig onafhankelijk, biedt heuvels, valleien en een breed scala aan bomen en vegetatie, niet zo te vergeten een aantal geweldige over de Aljezur rivier vallei en op naar de Monchique bergketen.rnEn toch, ondanks al deze landelijke kenmerken - waaronder een watermolen en een eigen kleine stuwdam die niet alleen gevuld is met vis voor degenen die van vissen houden, maar die ook watervogels en andere dieren in het wild aantrekt - ligt het land op slechts enkele minuten afstand, niet alleen van de stad, maar ook van de stranden van Arrifana en Monte Clerigo.rnDe voorste ingang van het land op zeeniveau geeft directe toegang tot de nationale N120-weg die naar het noorden naar Lissabon en naar het zuiden naar Lagos, de snelweg A22 en naar Sagres leidt.rnEn de achteringang, nadat het land zo'n 120 meter omhoog is gestegen naar het Vale da Telha-plateau door zijn enorm veranderende landschap, komt uit op de weg die leidt naar de stranden van Arrifana en Monte Clerigo en naar de urbanisaties van Vale da Telha en Vales.rnAls u geu00efnteresseerd bent om gebruik te maken van deze spannende kans, aarzel dan niet om contact met ons op te nemen voor meer informatie. Bekijk in de tussentijd de foto's en onze eigen dronebeelden die het land in al zijn glorieuze details laten zien.rnrnPh100-114\",\n                \"api_data\": {\n                    \"id\": 4094,\n                    \"businessType\": \"Sale\",\n                    \"businessTypeLocale\": \"Te Koop\",\n                    \"type\": \"Ruin\",\n                    \"typeLocale\": \"Ruu00efne\",\n                    \"condition_type\": \"NotApplicable\",\n                    \"features_list\": [\n                        \"Bekeken: Landblick\",\n                        \"Energiecertificering: Niet van toepassing\",\n                        \"Bekeken\"\n                    ],\n                    \"currency\": \"u20ac\",\n                    \"status\": \"Active\",\n                    \"energy_rating\": \"Exempt\",\n                    \"locale\": [\n                        {\n                            \"language\": \"nl\",\n                            \"labels\": [\n                                {\n                                    \"id\": 3,\n                                    \"backgroundColor\": \"#ffffff\",\n                                    \"foregroundColor\": \"#000000\"\n                                }\n                            ],\n                            \"title\": \"Aljezur Grond te koop\",\n                            \"description\": \"O&O Portugal is verheugd aan te kondigen dat er een geweldige kans is ontstaan voor een persoon met de middelen, visie en verbeeldingskracht om eigenaar te worden van een groot stuk land in het Costa Vicentina National Park, maar toch op nauwelijks een kilometer afstand van het scala aan faciliteiten dat te vinden is in de historische stad Aljezur aan de westkust.rnDe mogelijkheden voor een spectaculair project dat deze grond biedt aan de potentiu00eble koper zijn breed en gevarieerd.rnEr zijn mooie historische ontwerpkenmerken in de bestaande ruu00efnes van een aantal gebouwen, die oplopen tot 700mu00b2, met het potentieel om met hoge privacy een huis tot 1000mu00b2 te bouwen, afhankelijk van de bouwvergunning na gesprekken met de gemeente.rnHet wordt geloofd, op ongeveer 38 + hectare, als een van de grootste stukken land beschikbaar zo dicht bij het centrum van het historische Aljezur, maar is volledig onafhankelijk, biedt heuvels, valleien en een breed scala aan bomen en vegetatie, niet zo te vergeten een aantal geweldige over de Aljezur rivier vallei en op naar de Monchique bergketen.rnEn toch, ondanks al deze landelijke kenmerken - waaronder een watermolen en een eigen kleine stuwdam die niet alleen gevuld is met vis voor degenen die van vissen houden, maar die ook watervogels en andere dieren in het wild aantrekt - ligt het land op slechts enkele minuten afstand, niet alleen van de stad, maar ook van de stranden van Arrifana en Monte Clerigo.rnDe voorste ingang van het land op zeeniveau geeft directe toegang tot de nationale N120-weg die naar het noorden naar Lissabon en naar het zuiden naar Lagos, de snelweg A22 en naar Sagres leidt.rnEn de achteringang, nadat het land zo'n 120 meter omhoog is gestegen naar het Vale da Telha-plateau door zijn enorm veranderende landschap, komt uit op de weg die leidt naar de stranden van Arrifana en Monte Clerigo en naar de urbanisaties van Vale da Telha en Vales.rnAls u geu00efnteresseerd bent om gebruik te maken van deze spannende kans, aarzel dan niet om contact met ons op te nemen voor meer informatie. Bekijk in de tussentijd de foto's en onze eigen dronebeelden die het land in al zijn glorieuze details laten zien.rnrnPh100-114\",\n                            \"seokeywords\": \"Land aljezur, perceel aljezur, stuk land aljezur, oportunity aljezur, land om te verkopen\"\n                        }\n                    ],\n                    \"location\": {\n                        \"Region\": \"Faro\",\n                        \"City\": \"Aljezur\",\n                        \"Locality\": \"Aljezur\",\n                        \"InnerLocation\": {\n                            \"RegionId\": 66,\n                            \"CityId\": 720,\n                            \"LocalityId\": 10113,\n                            \"Zonename\": \"Aljezur\"\n                        },\n                        \"coordinates\": [],\n                        \"zone\": \"Aljezur\",\n                        \"address\": \"Moinho do Corisco\"\n                    },\n                    \"listing_agent\": [\n                        {\n                            \"id\": 262,\n                            \"Name\": \"Matt D'Arcy\",\n                            \"Email\": \"matt@ocean-country.com\",\n                            \"Phone\": \"918567878\",\n                            \"Photo\": \"https:\/\/cdn.proppy.app\/propertyphotos\/common\/api\/placeholder.jpg\",\n                            \"Locale\": [\n                                {\n                                    \"language\": \"nl\"\n                                }\n                            ],\n                            \"Active\": true,\n                            \"IsPrimaryAgent\": true\n                        },\n                        {\n                            \"id\": 11941,\n                            \"Name\": \"Sara D'Arcy\",\n                            \"Email\": \"sara.darcy@oando.pt\",\n                            \"Photo\": \"https:\/\/cdn.proppy.app\/propertyphotos\/common\/api\/placeholder.jpg\",\n                            \"Locale\": [\n                                {\n                                    \"language\": \"nl\"\n                                }\n                            ],\n                            \"Active\": true,\n                            \"IsPrimaryAgent\": false\n                        }\n                    ],\n                    \"priceprefixhelper\": \"EUR\",\n                    \"typology\": \"Niet toepasbaar\",\n                    \"reference\": \"PH100-114\",\n                    \"visibleOnWebsite\": true,\n                    \"bathrooms\": 0,\n                    \"price\": 2600000,\n                    \"second_price\": 0,\n                    \"price_visible\": true,\n                    \"plot_area\": 380250,\n                    \"living_area\": 674.8999999999999772626324556767940521240234375,\n                    \"photos\": [\n                        {\n                            \"Url\": \"https:\/\/cdn.proppy.app\/propertyphotos\/165\/379864de-4d20-4a75-82e3-004e71c46006\/4094\/71074c5b-31b2-4b8d-bfe3-8e18e32e9938.jpg\",\n                            \"Category\": \"None\"\n                        },\n                        {\n                            \"Url\": \"https:\/\/cdn.proppy.app\/propertyphotos\/165\/379864de-4d20-4a75-82e3-004e71c46006\/4094\/91820fe8-abfe-4622-a5fe-af8c821c0317.jpg\",\n                            \"Category\": \"None\",\n                            \"SortOrder\": 1\n                        },\n                        {\n                            \"Url\": \"https:\/\/cdn.proppy.app\/propertyphotos\/165\/379864de-4d20-4a75-82e3-004e71c46006\/4094\/66faa589-6431-42ba-9728-5daa59ce25f3.jpg\",\n                            \"Category\": \"None\",\n                            \"SortOrder\": 2\n                        },\n                        {\n                            \"Url\": \"https:\/\/cdn.proppy.app\/propertyphotos\/165\/379864de-4d20-4a75-82e3-004e71c46006\/4094\/01b78641-0a04-4569-939f-3901032ebd3b.jpg\",\n                            \"Category\": \"None\",\n                            \"SortOrder\": 3\n                        },\n                        {\n                            \"Url\": \"https:\/\/cdn.proppy.app\/propertyphotos\/165\/379864de-4d20-4a75-82e3-004e71c46006\/4094\/48527c0c-2153-419c-bcd0-b4c191c69a04.jpg\",\n                            \"Category\": \"None\",\n                            \"SortOrder\": 4\n                        },\n                        {\n                            \"Url\": \"https:\/\/cdn.proppy.app\/propertyphotos\/165\/379864de-4d20-4a75-82e3-004e71c46006\/4094\/f93caf88-bfa6-4873-98e1-76ad403f41ae.jpg\",\n                            \"Category\": \"None\",\n                            \"SortOrder\": 5\n                        },\n                        {\n                            \"Url\": \"https:\/\/cdn.proppy.app\/propertyphotos\/165\/379864de-4d20-4a75-82e3-004e71c46006\/4094\/61de5d2c-d5ef-4766-9162-01bf8d02a8a9.jpeg\",\n                            \"Category\": \"None\",\n                            \"SortOrder\": 6\n                        }\n                    ],\n                    \"createDate\": \"2023-07-06T11:01:22.27\",\n                    \"lastChangeDate\": \"2025-11-17T12:36:02.74\",\n                    \"preOffMarket\": false\n                }\n            },\n            \"sv\": {\n                \"title\": \"Aljezur Tomt till salu\",\n                \"excerpt\": \"\",\n                \"content\": \"O&O Portugal u00e4r glada att meddela att en fantastisk mu00f6jlighet har uppstu00e5tt fu00f6r en person med medel, vision och fantasi att bli u00e4gare till ett stort markomru00e5de inom Costa Vicentina nationalpark, men u00e4ndu00e5 knappt en kilometer fru00e5n utbudet av faciliteter som finns i den historiska vu00e4stkuststaden Aljezur.rnMu00f6jligheterna till ett spektakulu00e4rt projekt som detta land erbjuder den potentiella ku00f6paren u00e4r breda och varierade.rnDet finns vackra historiska designfunktioner i de befintliga ruinerna av ett antal byggnader, som lu00e4gger till upp till 700 kvm, med potential att bygga med hu00f6g integritet ett hus upp till 1000 kvm, beroende pu00e5 bygglov efter samtal med kommunen.rnDet tros, pu00e5 cirka 38+ hektar, vara ett av de stu00f6rsta markomru00e5dena som finns su00e5 nu00e4ra centrum av historiska Aljezur, men u00e4r helt oberoende och erbjuder sluttningar, dalar och ett brett utbud av tru00e4d och vegetation, inte su00e5 nu00e4mna nu00e5gra fantastiska u00f6ver Aljezur floddalen och vidare till Monchique bergskedjan.rnOch u00e4ndu00e5, trots alla dessa lantliga funktioner - inklusive en vattenkvarn och en egen liten spu00e4rr som inte bara u00e4r fylld med fisk fu00f6r dem som u00e4lskar fiske, men som ocksu00e5 lockar vattenfu00e5glar och andra vilda djur - u00e4r landet bara nu00e5gra minuter fru00e5n inte bara fru00e5n staden utan ocksu00e5 fru00e5n stru00e4nderna i Arrifana och Monte Clerigo.rnDen fru00e4mre ingu00e5ngen till havsnivu00e5n till landet ger direkt tillgu00e5ng till den nationella N120-vu00e4gen som leder norrut till Lissabon och su00f6derut till Lagos, motorvu00e4gen A22 och till Sagres.rnOch den bakre ingu00e5ngen, efter att marken har stigit cirka 120 meter upp till Vale da Telha-platu00e5n genom sitt enormt fu00f6ru00e4nderliga landskap, u00f6ppnar sig mot vu00e4gen som leder till stru00e4nderna i Arrifana och Monte Clerigo och till urbaniseringarna Vale da Telha och Vales.rnOm du u00e4r intresserad av att utnyttja denna spu00e4nnande mu00f6jlighet, tveka inte att kontakta oss fu00f6r mer information. Under tiden, kolla in fotografierna och vu00e5ra egna dru00f6narfilmer som visar landet i all sin hu00e4rliga detalj.rnrnPH100-114\",\n                \"api_data\": {\n                    \"id\": 4094,\n                    \"businessType\": \"Sale\",\n                    \"type\": \"Ruin\",\n                    \"typeLocale\": \"Ruin\",\n                    \"condition_type\": \"NotApplicable\",\n                    \"features_list\": [\n                        \"Visningar: Utsikt u00f6ver landskapet\",\n                        \"Energi certifiering: Ej tillu00e4mpligt\",\n                        \"Visningar\"\n                    ],\n                    \"currency\": \"u20ac\",\n                    \"status\": \"Active\",\n                    \"energy_rating\": \"Exempt\",\n                    \"locale\": [\n                        {\n                            \"language\": \"sv\",\n                            \"labels\": [\n                                {\n                                    \"id\": 3,\n                                    \"backgroundColor\": \"#ffffff\",\n                                    \"foregroundColor\": \"#000000\"\n                                }\n                            ],\n                            \"title\": \"Aljezur Tomt till salu\",\n                            \"description\": \"O&O Portugal u00e4r glada att meddela att en fantastisk mu00f6jlighet har uppstu00e5tt fu00f6r en person med medel, vision och fantasi att bli u00e4gare till ett stort markomru00e5de inom Costa Vicentina nationalpark, men u00e4ndu00e5 knappt en kilometer fru00e5n utbudet av faciliteter som finns i den historiska vu00e4stkuststaden Aljezur.rnMu00f6jligheterna till ett spektakulu00e4rt projekt som detta land erbjuder den potentiella ku00f6paren u00e4r breda och varierade.rnDet finns vackra historiska designfunktioner i de befintliga ruinerna av ett antal byggnader, som lu00e4gger till upp till 700 kvm, med potential att bygga med hu00f6g integritet ett hus upp till 1000 kvm, beroende pu00e5 bygglov efter samtal med kommunen.rnDet tros, pu00e5 cirka 38+ hektar, vara ett av de stu00f6rsta markomru00e5dena som finns su00e5 nu00e4ra centrum av historiska Aljezur, men u00e4r helt oberoende och erbjuder sluttningar, dalar och ett brett utbud av tru00e4d och vegetation, inte su00e5 nu00e4mna nu00e5gra fantastiska u00f6ver Aljezur floddalen och vidare till Monchique bergskedjan.rnOch u00e4ndu00e5, trots alla dessa lantliga funktioner - inklusive en vattenkvarn och en egen liten spu00e4rr som inte bara u00e4r fylld med fisk fu00f6r dem som u00e4lskar fiske, men som ocksu00e5 lockar vattenfu00e5glar och andra vilda djur - u00e4r landet bara nu00e5gra minuter fru00e5n inte bara fru00e5n staden utan ocksu00e5 fru00e5n stru00e4nderna i Arrifana och Monte Clerigo.rnDen fru00e4mre ingu00e5ngen till havsnivu00e5n till landet ger direkt tillgu00e5ng till den nationella N120-vu00e4gen som leder norrut till Lissabon och su00f6derut till Lagos, motorvu00e4gen A22 och till Sagres.rnOch den bakre ingu00e5ngen, efter att marken har stigit cirka 120 meter upp till Vale da Telha-platu00e5n genom sitt enormt fu00f6ru00e4nderliga landskap, u00f6ppnar sig mot vu00e4gen som leder till stru00e4nderna i Arrifana och Monte Clerigo och till urbaniseringarna Vale da Telha och Vales.rnOm du u00e4r intresserad av att utnyttja denna spu00e4nnande mu00f6jlighet, tveka inte att kontakta oss fu00f6r mer information. Under tiden, kolla in fotografierna och vu00e5ra egna dru00f6narfilmer som visar landet i all sin hu00e4rliga detalj.rnrnPH100-114\",\n                            \"seokeywords\": \"Mark aljezur,tomt aljezur,bit mark aljezur,oportunity aljezur,mark att su00e4lja\"\n                        }\n                    ],\n                    \"location\": {\n                        \"Region\": \"Faro\",\n                        \"City\": \"Aljezur\",\n                        \"Locality\": \"Aljezur\",\n                        \"InnerLocation\": {\n                            \"RegionId\": 66,\n                            \"CityId\": 720,\n                            \"LocalityId\": 10113,\n                            \"Zonename\": \"Aljezur\"\n                        },\n                        \"coordinates\": [],\n                        \"zone\": \"Aljezur\",\n                        \"address\": \"Moinho do Corisco\"\n                    },\n                    \"listing_agent\": [\n                        {\n                            \"id\": 262,\n                            \"Name\": \"Matt D'Arcy\",\n                            \"Email\": \"matt@ocean-country.com\",\n                            \"Phone\": \"918567878\",\n                            \"Photo\": \"https:\/\/cdn.proppy.app\/propertyphotos\/common\/api\/placeholder.jpg\",\n                            \"Locale\": [\n                                {\n                                    \"language\": \"sv\"\n                                }\n                            ],\n                            \"Active\": true,\n                            \"IsPrimaryAgent\": true\n                        },\n                        {\n                            \"id\": 11941,\n                            \"Name\": \"Sara D'Arcy\",\n                            \"Email\": \"sara.darcy@oando.pt\",\n                            \"Photo\": \"https:\/\/cdn.proppy.app\/propertyphotos\/common\/api\/placeholder.jpg\",\n                            \"Locale\": [\n                                {\n                                    \"language\": \"sv\"\n                                }\n                            ],\n                            \"Active\": true,\n                            \"IsPrimaryAgent\": false\n                        }\n                    ],\n                    \"priceprefixhelper\": \"EUR\",\n                    \"typology\": \"NA\",\n                    \"reference\": \"PH100-114\",\n                    \"visibleOnWebsite\": true,\n                    \"bathrooms\": 0,\n                    \"price\": 2600000,\n                    \"second_price\": 0,\n                    \"price_visible\": true,\n                    \"plot_area\": 380250,\n                    \"living_area\": 674.8999999999999772626324556767940521240234375,\n                    \"photos\": [\n                        {\n                            \"Url\": \"https:\/\/cdn.proppy.app\/propertyphotos\/165\/379864de-4d20-4a75-82e3-004e71c46006\/4094\/71074c5b-31b2-4b8d-bfe3-8e18e32e9938.jpg\",\n                            \"Category\": \"None\"\n                        },\n                        {\n                            \"Url\": \"https:\/\/cdn.proppy.app\/propertyphotos\/165\/379864de-4d20-4a75-82e3-004e71c46006\/4094\/91820fe8-abfe-4622-a5fe-af8c821c0317.jpg\",\n                            \"Category\": \"None\",\n                            \"SortOrder\": 1\n                        },\n                        {\n                            \"Url\": \"https:\/\/cdn.proppy.app\/propertyphotos\/165\/379864de-4d20-4a75-82e3-004e71c46006\/4094\/66faa589-6431-42ba-9728-5daa59ce25f3.jpg\",\n                            \"Category\": \"None\",\n                            \"SortOrder\": 2\n                        },\n                        {\n                            \"Url\": \"https:\/\/cdn.proppy.app\/propertyphotos\/165\/379864de-4d20-4a75-82e3-004e71c46006\/4094\/01b78641-0a04-4569-939f-3901032ebd3b.jpg\",\n                            \"Category\": \"None\",\n                            \"SortOrder\": 3\n                        },\n                        {\n                            \"Url\": \"https:\/\/cdn.proppy.app\/propertyphotos\/165\/379864de-4d20-4a75-82e3-004e71c46006\/4094\/48527c0c-2153-419c-bcd0-b4c191c69a04.jpg\",\n                            \"Category\": \"None\",\n                            \"SortOrder\": 4\n                        },\n                        {\n                            \"Url\": \"https:\/\/cdn.proppy.app\/propertyphotos\/165\/379864de-4d20-4a75-82e3-004e71c46006\/4094\/f93caf88-bfa6-4873-98e1-76ad403f41ae.jpg\",\n                            \"Category\": \"None\",\n                            \"SortOrder\": 5\n                        },\n                        {\n                            \"Url\": \"https:\/\/cdn.proppy.app\/propertyphotos\/165\/379864de-4d20-4a75-82e3-004e71c46006\/4094\/61de5d2c-d5ef-4766-9162-01bf8d02a8a9.jpeg\",\n                            \"Category\": \"None\",\n                            \"SortOrder\": 6\n                        }\n                    ],\n                    \"createDate\": \"2023-07-06T11:01:22.27\",\n                    \"lastChangeDate\": \"2025-11-17T12:36:02.74\",\n                    \"preOffMarket\": false\n                }\n            },\n            \"zh-hant\": {\n                \"title\": \"u963fu5c14u70edu7956u5c14u571fu5730u51fau552e\",\n                \"excerpt\": \"\",\n                \"content\": \"O&Ou8461u8404u7259u5f88u9ad8u5174u5730u5ba3u5e03uff0cu5bf9u4e8eu4e00u4e2au6709u80fdu529buff0cu6709u8fdcu89c1u548cu60f3u8c61u529bu7684u4ebau6765u8bf4uff0cu4e00u4e2au60cau4ebau7684u673au4f1au51fau73b0u4e86uff0cu53efu4ee5u6210u4e3aCosta Vicentinau56fdu5bb6u516cu56edu5185u5927u7247u571fu5730u7684u6240u6709u8005uff0cu4f46u8dddu79bbu5386u53f2u60a0u4e45u7684u897fu6d77u5cb8u5c0fu9547Aljezuru7684u8bbeu65bdu8303u56f4u4ec5u4e00u516cu91ccu3002rnu8fd9u7247u571fu5730u4e3au6f5cu5728u4e70u5bb6u63d0u4f9bu7684u58eeu89c2u9879u76eeu7684u673au4f1au662fu5e7fu6cdbu800cu591au6837u7684u3002rnu5728u73b0u6709u7684u8bb8u591au5efau7b51u7269u7684u5e9fu589fu4e2duff0cu6709u4e00u4e9bu53efu7231u7684u5386u53f2u8bbeu8ba1u7279u8272uff0cu8fd9u4e9bu5efau7b51u52a0u8d77u6765u6709700u5e73u65b9u7c73uff0cu6709u53efu80fdu5efau9020u4e00u4e2au9ad8u5ea6u79c1u5bc6u7684u623fu5b50uff0cu9762u79efu8fbe1000u5e73u65b9u7c73uff0cu8fd9u53d6u51b3u4e8eu4e0eu5730u65b9u8baeu4f1au8c08u5224u540eu7684u89c4u5212u8bb8u53efu3002rnu636eu4fe1uff0cu5728u5927u7ea638 +u516cu9877u7684u571fu5730u4e0auff0cu5b83u662fu9760u8fd1u5386u53f2u60a0u4e45u7684Aljezuru4e2du5fc3u7684u6700u5927u571fu5730u4e4bu4e00uff0cu4f46u5b8cu5168u72ecu7acbuff0cu63d0u4f9bu5c71u5761uff0cu5c71u8c37u4ee5u53cau5404u79cdu6811u6728u548cu690du88abuff0cu66f4u4e0du7528u8bf4Aljezuru6cb3u8c37u548cMonchiqueu5c71u8109u7684u4e00u4e9bu4ee4u4ebau656cu754fu7684u571fu5730u3002rnu7136u800cuff0cu5c3du7ba1u6709u6240u6709u8fd9u4e9bu4e61u6751u7279u8272u2014u2014u5305u62ecu4e00u4e2au6c34u78e8u574au548cu5b83u81eau5df1u7684u5c0fu5df4u62c9u683cu59c6uff0cu5b83u4e0du4ec5u4e3au90a3u4e9bu559cu6b22u9493u9c7cu7684u4ebau653eu517bu4e86u9c7cuff0cu800cu4e14u8fd8u5438u5f15u4e86u6c34u79bdu548cu5176u4ed6u91ceu751fu52a8u7269u2014u2014u8fd9u7247u571fu5730u4e0du4ec5u79bbu57ceu9547u53eau6709u51e0u5206u949fu7684u8defu7a0buff0cu800cu4e14u79bbu963fu91ccu6cd5u7eb3u548cu8499u7279u514bu83b1u91ccu6208u7684u6d77u6ee9u4e5fu53eau6709u51e0u5206u949fu7684u8defu7a0bu3002rnu9646u5730u7684u524du6d77u5e73u9762u5165u53e3u53efu76f4u63a5u901au5f80N120u56fdu9053uff0cu8be5u516cu8defu5411u5317u901au5f80u91ccu65afu672cuff0cu5411u5357u901au5f80u62c9u5404u65afuff0cA22u9ad8u901fu516cu8defu548cu8428u683cu91ccu4ec0u3002rnu5728u571fu5730u4e0au5347u7ea6120u7c73u540euff0cu901au8fc7u5176u5de8u5927u53d8u5316u7684u666fu89c2uff0cu901au5f80Vale da Telhau9ad8u539fuff0cu901au5f80Arrifanau548cMonte Clerigou6d77u6ee9u4ee5u53caVale da Telhau548cValesu57ceu5e02u5316u7684u9053u8defu3002rnu5982u679cu60a8u6709u5174u8da3u5229u7528u8fd9u4e2au4ee4u4ebau5174u594bu7684u673au4f1auff0cu8bf7u968fu65f6u4e0eu6211u4eecu8054u7cfbu4ee5u83b7u53d6u66f4u591au4fe1u606fu3002u540cu65f6uff0cu8bf7u67e5u770bu7167u7247u548cu6211u4eecu81eau5df1u7684u65e0u4ebau673au955cu5934uff0cu5176u4e2du663eu793au4e86u8fd9u7247u571fu5730u7684u6240u6709u8f89u714cu7ec6u8282u3002rnrnPH100-114\",\n                \"api_data\": {\n                    \"id\": 4094,\n                    \"businessType\": \"Sale\",\n                    \"type\": \"Ruin\",\n                    \"typeLocale\": \"u5e9fu589f\",\n                    \"condition_type\": \"NotApplicable\",\n                    \"features_list\": [\n                        \"??: ????\",\n                        \"??????: ??\",\n                        \"??: ??\"\n                    ],\n                    \"currency\": \"u20ac\",\n                    \"status\": \"Active\",\n                    \"energy_rating\": \"Exempt\",\n                    \"locale\": [\n                        {\n                            \"language\": \"zh\",\n                            \"labels\": [\n                                {\n                                    \"id\": 3,\n                                    \"backgroundColor\": \"#ffffff\",\n                                    \"foregroundColor\": \"#000000\"\n                                }\n                            ],\n                            \"title\": \"u963fu5c14u70edu7956u5c14u571fu5730u51fau552e\",\n                            \"description\": \"O&Ou8461u8404u7259u5f88u9ad8u5174u5730u5ba3u5e03uff0cu5bf9u4e8eu4e00u4e2au6709u80fdu529buff0cu6709u8fdcu89c1u548cu60f3u8c61u529bu7684u4ebau6765u8bf4uff0cu4e00u4e2au60cau4ebau7684u673au4f1au51fau73b0u4e86uff0cu53efu4ee5u6210u4e3aCosta Vicentinau56fdu5bb6u516cu56edu5185u5927u7247u571fu5730u7684u6240u6709u8005uff0cu4f46u8dddu79bbu5386u53f2u60a0u4e45u7684u897fu6d77u5cb8u5c0fu9547Aljezuru7684u8bbeu65bdu8303u56f4u4ec5u4e00u516cu91ccu3002rnu8fd9u7247u571fu5730u4e3au6f5cu5728u4e70u5bb6u63d0u4f9bu7684u58eeu89c2u9879u76eeu7684u673au4f1au662fu5e7fu6cdbu800cu591au6837u7684u3002rnu5728u73b0u6709u7684u8bb8u591au5efau7b51u7269u7684u5e9fu589fu4e2duff0cu6709u4e00u4e9bu53efu7231u7684u5386u53f2u8bbeu8ba1u7279u8272uff0cu8fd9u4e9bu5efau7b51u52a0u8d77u6765u6709700u5e73u65b9u7c73uff0cu6709u53efu80fdu5efau9020u4e00u4e2au9ad8u5ea6u79c1u5bc6u7684u623fu5b50uff0cu9762u79efu8fbe1000u5e73u65b9u7c73uff0cu8fd9u53d6u51b3u4e8eu4e0eu5730u65b9u8baeu4f1au8c08u5224u540eu7684u89c4u5212u8bb8u53efu3002rnu636eu4fe1uff0cu5728u5927u7ea638 +u516cu9877u7684u571fu5730u4e0auff0cu5b83u662fu9760u8fd1u5386u53f2u60a0u4e45u7684Aljezuru4e2du5fc3u7684u6700u5927u571fu5730u4e4bu4e00uff0cu4f46u5b8cu5168u72ecu7acbuff0cu63d0u4f9bu5c71u5761uff0cu5c71u8c37u4ee5u53cau5404u79cdu6811u6728u548cu690du88abuff0cu66f4u4e0du7528u8bf4Aljezuru6cb3u8c37u548cMonchiqueu5c71u8109u7684u4e00u4e9bu4ee4u4ebau656cu754fu7684u571fu5730u3002rnu7136u800cuff0cu5c3du7ba1u6709u6240u6709u8fd9u4e9bu4e61u6751u7279u8272u2014u2014u5305u62ecu4e00u4e2au6c34u78e8u574au548cu5b83u81eau5df1u7684u5c0fu5df4u62c9u683cu59c6uff0cu5b83u4e0du4ec5u4e3au90a3u4e9bu559cu6b22u9493u9c7cu7684u4ebau653eu517bu4e86u9c7cuff0cu800cu4e14u8fd8u5438u5f15u4e86u6c34u79bdu548cu5176u4ed6u91ceu751fu52a8u7269u2014u2014u8fd9u7247u571fu5730u4e0du4ec5u79bbu57ceu9547u53eau6709u51e0u5206u949fu7684u8defu7a0buff0cu800cu4e14u79bbu963fu91ccu6cd5u7eb3u548cu8499u7279u514bu83b1u91ccu6208u7684u6d77u6ee9u4e5fu53eau6709u51e0u5206u949fu7684u8defu7a0bu3002rnu9646u5730u7684u524du6d77u5e73u9762u5165u53e3u53efu76f4u63a5u901au5f80N120u56fdu9053uff0cu8be5u516cu8defu5411u5317u901au5f80u91ccu65afu672cuff0cu5411u5357u901au5f80u62c9u5404u65afuff0cA22u9ad8u901fu516cu8defu548cu8428u683cu91ccu4ec0u3002rnu5728u571fu5730u4e0au5347u7ea6120u7c73u540euff0cu901au8fc7u5176u5de8u5927u53d8u5316u7684u666fu89c2uff0cu901au5f80Vale da Telhau9ad8u539fuff0cu901au5f80Arrifanau548cMonte Clerigou6d77u6ee9u4ee5u53caVale da Telhau548cValesu57ceu5e02u5316u7684u9053u8defu3002rnu5982u679cu60a8u6709u5174u8da3u5229u7528u8fd9u4e2au4ee4u4ebau5174u594bu7684u673au4f1auff0cu8bf7u968fu65f6u4e0eu6211u4eecu8054u7cfbu4ee5u83b7u53d6u66f4u591au4fe1u606fu3002u540cu65f6uff0cu8bf7u67e5u770bu7167u7247u548cu6211u4eecu81eau5df1u7684u65e0u4ebau673au955cu5934uff0cu5176u4e2du663eu793au4e86u8fd9u7247u571fu5730u7684u6240u6709u8f89u714cu7ec6u8282u3002rnrnPH100-114\",\n                            \"seokeywords\": \"u571fu5730aljezuru5730u5757aljezuru4e00u5757u571fu5730aljezuru673au4f1aaljezuru571fu5730u51fau552e\"\n                        }\n                    ],\n                    \"location\": {\n                        \"Region\": \"Faro\",\n                        \"City\": \"Aljezur\",\n                        \"Locality\": \"Aljezur\",\n                        \"InnerLocation\": {\n                            \"RegionId\": 66,\n                            \"CityId\": 720,\n                            \"LocalityId\": 10113,\n                            \"Zonename\": \"Aljezur\"\n                        },\n                        \"coordinates\": [],\n                        \"zone\": \"Aljezur\",\n                        \"address\": \"Moinho do Corisco\"\n                    },\n                    \"listing_agent\": [\n                        {\n                            \"id\": 262,\n                            \"Name\": \"Matt D'Arcy\",\n                            \"Email\": \"matt@ocean-country.com\",\n                            \"Phone\": \"918567878\",\n                            \"Photo\": \"https:\/\/cdn.proppy.app\/propertyphotos\/common\/api\/placeholder.jpg\",\n                            \"Locale\": [\n                                {\n                                    \"language\": \"zh\"\n                                }\n                            ],\n                            \"Active\": true,\n                            \"IsPrimaryAgent\": true\n                        },\n                        {\n                            \"id\": 11941,\n                            \"Name\": \"Sara D'Arcy\",\n                            \"Email\": \"sara.darcy@oando.pt\",\n                            \"Photo\": \"https:\/\/cdn.proppy.app\/propertyphotos\/common\/api\/placeholder.jpg\",\n                            \"Locale\": [\n                                {\n                                    \"language\": \"zh\"\n                                }\n                            ],\n                            \"Active\": true,\n                            \"IsPrimaryAgent\": false\n                        }\n                    ],\n                    \"priceprefixhelper\": \"EUR\",\n                    \"reference\": \"PH100-114\",\n                    \"visibleOnWebsite\": true,\n                    \"bathrooms\": 0,\n                    \"price\": 2600000,\n                    \"second_price\": 0,\n                    \"price_visible\": true,\n                    \"plot_area\": 380250,\n                    \"living_area\": 674.8999999999999772626324556767940521240234375,\n                    \"photos\": [\n                        {\n                            \"Url\": \"https:\/\/cdn.proppy.app\/propertyphotos\/165\/379864de-4d20-4a75-82e3-004e71c46006\/4094\/71074c5b-31b2-4b8d-bfe3-8e18e32e9938.jpg\",\n                            \"Category\": \"None\"\n                        },\n                        {\n                            \"Url\": \"https:\/\/cdn.proppy.app\/propertyphotos\/165\/379864de-4d20-4a75-82e3-004e71c46006\/4094\/91820fe8-abfe-4622-a5fe-af8c821c0317.jpg\",\n                            \"Category\": \"None\",\n                            \"SortOrder\": 1\n                        },\n                        {\n                            \"Url\": \"https:\/\/cdn.proppy.app\/propertyphotos\/165\/379864de-4d20-4a75-82e3-004e71c46006\/4094\/66faa589-6431-42ba-9728-5daa59ce25f3.jpg\",\n                            \"Category\": \"None\",\n                            \"SortOrder\": 2\n                        },\n                        {\n                            \"Url\": \"https:\/\/cdn.proppy.app\/propertyphotos\/165\/379864de-4d20-4a75-82e3-004e71c46006\/4094\/01b78641-0a04-4569-939f-3901032ebd3b.jpg\",\n                            \"Category\": \"None\",\n                            \"SortOrder\": 3\n                        },\n                        {\n                            \"Url\": \"https:\/\/cdn.proppy.app\/propertyphotos\/165\/379864de-4d20-4a75-82e3-004e71c46006\/4094\/48527c0c-2153-419c-bcd0-b4c191c69a04.jpg\",\n                            \"Category\": \"None\",\n                            \"SortOrder\": 4\n                        },\n                        {\n                            \"Url\": \"https:\/\/cdn.proppy.app\/propertyphotos\/165\/379864de-4d20-4a75-82e3-004e71c46006\/4094\/f93caf88-bfa6-4873-98e1-76ad403f41ae.jpg\",\n                            \"Category\": \"None\",\n                            \"SortOrder\": 5\n                        },\n                        {\n                            \"Url\": \"https:\/\/cdn.proppy.app\/propertyphotos\/165\/379864de-4d20-4a75-82e3-004e71c46006\/4094\/61de5d2c-d5ef-4766-9162-01bf8d02a8a9.jpeg\",\n                            \"Category\": \"None\",\n                            \"SortOrder\": 6\n                        }\n                    ],\n                    \"createDate\": \"2023-07-06T11:01:22.27\",\n                    \"lastChangeDate\": \"2025-11-17T12:36:02.74\",\n                    \"preOffMarket\": false\n                }\n            }\n        }\n    }\n}"],"fave_property_price_prefix":[""],"fave_property_price":["2600000"],"fave_property_price_postfix":[""],"fave_property_size":["674.9"],"fave_property_size_prefix":["Sq M"],"fave_property_land":["380250"],"fave_property_land_postfix":["Sq M"],"fave_property_bedrooms":[""],"fave_property_bathrooms":["0"],"fave_property_rooms":[""],"fave_property_garage":[""],"fave_property_id":["PH100-114"],"fave_property_map":["0"],"fave_property_map_address":["Aljezur, Faro"],"fave_property_location":[",,14"],"houzez_geolocation_lat":[""],"houzez_geolocation_long":[""],"fave_property_country":["Portugal"],"fave_property_address":[""],"fave_property_zip":[""],"fave_featured":["0"],"houzez_featured_listing_date":[""],"_thumbnail_id":["80265"],"images_stored_as_urls":[""],"fave_floor_plans_enable":["disable"],"fave_video_url":[""],"fave_virtual_tour":[""],"fave_energy_class":["Exempt"],"fave_loggedintoview":["0"],"fave_single_content_area":["global"],"fave_single_top_area":["global"],"fave_prop_homeslider":["no"],"_property_import_data_time":["1777545165"],"_wpml_word_count":["363"],"fave_house_area":["674.9"],"fave_house_area_prefix":["Sq M"],"fave_land_area":["380250"],"fave_land_area_postfix":["Sq M"],"houzez_total_property_views":["941"],"houzez_views_by_date":["a:61:{s:10:\"01-14-2026\";i:82;s:10:\"01-15-2026\";i:78;s:10:\"01-16-2026\";i:67;s:10:\"01-17-2026\";i:82;s:10:\"01-18-2026\";i:76;s:10:\"01-19-2026\";i:74;s:10:\"01-20-2026\";i:50;s:10:\"01-21-2026\";i:31;s:10:\"01-23-2026\";i:1;s:10:\"01-28-2026\";i:1;s:10:\"01-31-2026\";i:1;s:10:\"02-02-2026\";i:4;s:10:\"02-03-2026\";i:1;s:10:\"02-08-2026\";i:1;s:10:\"02-09-2026\";i:2;s:10:\"02-10-2026\";i:1;s:10:\"02-11-2026\";i:1;s:10:\"02-13-2026\";i:1;s:10:\"02-14-2026\";i:2;s:10:\"02-19-2026\";i:2;s:10:\"02-22-2026\";i:1;s:10:\"02-24-2026\";i:2;s:10:\"02-25-2026\";i:1;s:10:\"03-03-2026\";i:1;s:10:\"03-04-2026\";i:3;s:10:\"03-06-2026\";i:1;s:10:\"03-08-2026\";i:8;s:10:\"03-09-2026\";i:1;s:10:\"03-10-2026\";i:1;s:10:\"03-11-2026\";i:3;s:10:\"03-12-2026\";i:1;s:10:\"03-13-2026\";i:2;s:10:\"03-14-2026\";i:2;s:10:\"03-16-2026\";i:1;s:10:\"03-20-2026\";i:1;s:10:\"03-22-2026\";i:1;s:10:\"03-23-2026\";i:2;s:10:\"03-24-2026\";i:1;s:10:\"03-25-2026\";i:1;s:10:\"03-27-2026\";i:5;s:10:\"03-28-2026\";i:1;s:10:\"03-29-2026\";i:1;s:10:\"03-30-2026\";i:1;s:10:\"03-31-2026\";i:1;s:10:\"04-03-2026\";i:1;s:10:\"04-04-2026\";i:1;s:10:\"04-07-2026\";i:1;s:10:\"04-12-2026\";i:2;s:10:\"04-15-2026\";i:2;s:10:\"04-17-2026\";i:2;s:10:\"04-18-2026\";i:1;s:10:\"04-19-2026\";i:1;s:10:\"04-20-2026\";i:1;s:10:\"04-21-2026\";i:2;s:10:\"04-22-2026\";i:1;s:10:\"04-23-2026\";i:1;s:10:\"04-24-2026\";i:2;s:10:\"04-26-2026\";i:1;s:10:\"04-28-2026\";i:2;s:10:\"04-29-2026\";i:2;s:10:\"04-30-2026\";i:1;}"],"houzez_recently_viewed":["2026-04-30 10:41:32"],"fave_agent_display_option":["agent_info"],"fave_agents":["150"],"fave_property_images":["80265","80266","80267","80268","80269","80270","80271"]},"_links":{"self":[{"href":"https:\/\/oando.pt\/pt-pt\/wp-json\/wp\/v2\/properties\/80280","targetHints":{"allow":["GET"]}}],"collection":[{"href":"https:\/\/oando.pt\/pt-pt\/wp-json\/wp\/v2\/properties"}],"about":[{"href":"https:\/\/oando.pt\/pt-pt\/wp-json\/wp\/v2\/types\/property"}],"version-history":[{"count":27,"href":"https:\/\/oando.pt\/pt-pt\/wp-json\/wp\/v2\/properties\/80280\/revisions"}],"predecessor-version":[{"id":93316,"href":"https:\/\/oando.pt\/pt-pt\/wp-json\/wp\/v2\/properties\/80280\/revisions\/93316"}],"wp:featuredmedia":[{"embeddable":true,"href":"https:\/\/oando.pt\/pt-pt\/wp-json\/wp\/v2\/media\/80265"}],"wp:attachment":[{"href":"https:\/\/oando.pt\/pt-pt\/wp-json\/wp\/v2\/media?parent=80280"}],"wp:term":[{"taxonomy":"property_type","embeddable":true,"href":"https:\/\/oando.pt\/pt-pt\/wp-json\/wp\/v2\/property_type?post=80280"},{"taxonomy":"property_status","embeddable":true,"href":"https:\/\/oando.pt\/pt-pt\/wp-json\/wp\/v2\/property_status?post=80280"},{"taxonomy":"property_feature","embeddable":true,"href":"https:\/\/oando.pt\/pt-pt\/wp-json\/wp\/v2\/property_feature?post=80280"},{"taxonomy":"property_label","embeddable":true,"href":"https:\/\/oando.pt\/pt-pt\/wp-json\/wp\/v2\/property_label?post=80280"},{"taxonomy":"property_country","embeddable":true,"href":"https:\/\/oando.pt\/pt-pt\/wp-json\/wp\/v2\/property_country?post=80280"},{"taxonomy":"property_state","embeddable":true,"href":"https:\/\/oando.pt\/pt-pt\/wp-json\/wp\/v2\/property_state?post=80280"},{"taxonomy":"property_city","embeddable":true,"href":"https:\/\/oando.pt\/pt-pt\/wp-json\/wp\/v2\/property_city?post=80280"},{"taxonomy":"property_area","embeddable":true,"href":"https:\/\/oando.pt\/pt-pt\/wp-json\/wp\/v2\/property_area?post=80280"}],"curies":[{"name":"wp","href":"https:\/\/api.w.org\/{rel}","templated":true}]}}